{"id":105,"date":"2020-10-30T09:39:57","date_gmt":"2020-10-30T09:39:57","guid":{"rendered":"http:\/\/daniel.learnwordpress.fr\/?page_id=105"},"modified":"2024-03-25T10:57:38","modified_gmt":"2024-03-25T09:57:38","slug":"histoire-de-la-mine-de-messeix","status":"publish","type":"page","link":"https:\/\/minerail.fr\/index.php\/histoire-de-la-mine-de-messeix\/","title":{"rendered":"Histoire de la mine de Messeix"},"content":{"rendered":"\n<h3 class=\"wp-block-heading\">Au d\u00e9but de la mine de Messeix et de son histoire l&#8217;extraction du charbon &#8220;de terre&#8221;  se faisait en surface ou \u00e0 faible profondeur. Ensuite  l&#8217;exploitation devient industrielle. Enfin les puits modernes d&#8217;extraction apparaissent. Le dernier puits en service est le puits Saint-Louis, si\u00e8ge du mus\u00e9e de la mine de <a rel=\"noreferrer noopener\" href=\"https:\/\/www.viamichelin.fr\/web\/Cartes-plans\/Carte_plan-Messeix-63750-Puy_de_Dome-France\" target=\"_blank\">Messeix<\/a><\/h3>\n\n\n\n\n\n<div id=\"wp-block-themeisle-blocks-slider-ef82995b\" class=\"wp-block-themeisle-blocks-slider glide\" data-per-view=\"1\" data-gap=\"0\" data-peek=\"0\" data-autoplay=\"4000\" data-height=\"500px\" data-hide-arrows=\"true\"><div class=\"glide__track\" data-glide-el=\"track\"><div class=\"glide__slides\"><div class=\"wp-block-themeisle-blocks-slider-item-wrapper glide__slide\" tabindex=\"0\"><figure><img decoding=\"async\" class=\"wp-block-themeisle-blocks-slider-item\" src=\"https:\/\/minerail.fr\/wp-content\/uploads\/2020\/11\/musee-de-la-mine-Messeix-Puy-de-dome-Minerail-patrimoine-industriel-chevalement-Puits-Saint-Louis.jpg\" alt=\"mine de messeix - histoire\" title=\"mine de messeix - histoire\" data-id=\"526\"\/><figcaption>partie sup\u00e9rieure du chevalement <\/figcaption><\/figure><\/div><div class=\"wp-block-themeisle-blocks-slider-item-wrapper glide__slide\" tabindex=\"0\"><figure><img decoding=\"async\" class=\"wp-block-themeisle-blocks-slider-item\" src=\"https:\/\/minerail.fr\/wp-content\/uploads\/2020\/11\/musee-de-la-mine-Messeix-Puy-de-dome-Minerail-patrimoine-industriel-puits-saint-louis.jpg\" alt=\"histoire-mine de Messeix -les premiers coups de pioche en 1923-\" title=\"histoire-mine de Messeix -les premiers coups de pioche en 1923-\" data-id=\"529\"\/><figcaption>premiers coups de pioches<\/figcaption><\/figure><\/div><div class=\"wp-block-themeisle-blocks-slider-item-wrapper glide__slide\" tabindex=\"0\"><figure><img decoding=\"async\" class=\"wp-block-themeisle-blocks-slider-item\" src=\"https:\/\/minerail.fr\/wp-content\/uploads\/2020\/11\/musee-de-la-mine-Messeix-Puy-de-dome-Minerail-patrimoine-industriel-29-actobre-1923-Puits-Saint-Louis.jpg\" alt=\"histoire-mine de Messeix -chantier en octobre 1923-\" title=\"histoire-mine de Messeix -chantier en octobre 1923-\" data-id=\"523\"\/><figcaption>le chantier s&#8217;organise octobre 1923<\/figcaption><\/figure><\/div><div class=\"wp-block-themeisle-blocks-slider-item-wrapper glide__slide\" tabindex=\"0\"><figure><img decoding=\"async\" class=\"wp-block-themeisle-blocks-slider-item\" src=\"https:\/\/minerail.fr\/wp-content\/uploads\/2020\/11\/musee-de-la-mine-Messeix-Puy-de-dome-Minerail-patrimoine-industriel-mai-1924-Puits-Saint-Louis.jpg\" alt=\"histoire-mine de Messeix -fon\u00e7age du puits Saint-Louis 1924\" title=\"histoire-mine de Messeix -fon\u00e7age du puits Saint-Louis 1924\" data-id=\"527\"\/><figcaption>Les  travaux de fon\u00e7age du puits sont effectu\u00e9s de 1923 \u00e0 1928<\/figcaption><\/figure><\/div><div class=\"wp-block-themeisle-blocks-slider-item-wrapper glide__slide\" tabindex=\"0\"><figure><img decoding=\"async\" class=\"wp-block-themeisle-blocks-slider-item\" src=\"https:\/\/minerail.fr\/wp-content\/uploads\/2020\/11\/musee-de-la-mine-Messeix-Puy-de-dome-Minerail-patrimoine-industriel-1e-mars-1924-Puits-Saint-Louis.jpg\" alt=\"histoire-mine de Messeix -1924 -puits Saint-Louis\" title=\"histoire-mine de Messeix -1924 -puits Saint-Louis\" data-id=\"524\"\/><figcaption>1924 les travaux avancent rapidement<\/figcaption><\/figure><\/div><div class=\"wp-block-themeisle-blocks-slider-item-wrapper glide__slide\" tabindex=\"0\"><figure><img decoding=\"async\" class=\"wp-block-themeisle-blocks-slider-item\" src=\"https:\/\/minerail.fr\/wp-content\/uploads\/2020\/11\/musee-de-la-mine-Messeix-Puy-de-dome-Minerail-patrimoine-industriel-mars-1924-Puits-Saint-Louis.jpg\" alt=\"histoire-mine de Messeix -chantier du puits Saint-Louis-mine de Messeix -histoire\" title=\"histoire-mine de Messeix -chantier du puits Saint-Louis-mine de Messeix -histoire\" data-id=\"528\"\/><figcaption>les b\u00e2timents principaux sont sortis de terre<\/figcaption><\/figure><\/div><div class=\"wp-block-themeisle-blocks-slider-item-wrapper glide__slide\" tabindex=\"0\"><figure><img decoding=\"async\" class=\"wp-block-themeisle-blocks-slider-item\" src=\"https:\/\/minerail.fr\/wp-content\/uploads\/2020\/11\/musee-de-la-mine-Messeix-Puy-de-dome-Minerail-patrimoine-industriel-12-mars-1924-Puits-Saint-louis.jpg\" alt=\"histoire-mine de Messeix -chevalement du puits Saint-Louis-\" title=\"histoire-mine de Messeix -chevalement du puits Saint-Louis-\" data-id=\"525\"\/><figcaption>le chevalement du puits<\/figcaption><\/figure><\/div><\/div><div class=\"glide__bullets\" data-glide-el=\"controls[nav]\"><button class=\"glide__bullet\" data-glide-dir=\"=0\"><\/button><button class=\"glide__bullet\" data-glide-dir=\"=1\"><\/button><button class=\"glide__bullet\" data-glide-dir=\"=2\"><\/button><button class=\"glide__bullet\" data-glide-dir=\"=3\"><\/button><button class=\"glide__bullet\" data-glide-dir=\"=4\"><\/button><button class=\"glide__bullet\" data-glide-dir=\"=5\"><\/button><button class=\"glide__bullet\" data-glide-dir=\"=6\"><\/button><\/div><\/div><\/div>\n\n\n\n<hr class=\"wp-block-separator has-css-opacity\"\/>\n\n\n\n<div class=\"wp-block-media-text alignwide is-stacked-on-mobile\" style=\"grid-template-columns:65% auto\"><figure class=\"wp-block-media-text__media\"><img loading=\"lazy\" decoding=\"async\" width=\"1024\" height=\"576\" src=\"https:\/\/minerail.fr\/wp-content\/uploads\/2020\/11\/musee-de-la-mine-Messeix-Puy-de-dome-Minerail-patrimoine-industriel-concession-au-nord-1024x576.jpg\" alt=\"concession mini\u00e8re\" class=\"wp-image-536 size-full\" srcset=\"https:\/\/minerail.fr\/wp-content\/uploads\/2020\/11\/musee-de-la-mine-Messeix-Puy-de-dome-Minerail-patrimoine-industriel-concession-au-nord-1024x576.jpg 1024w, https:\/\/minerail.fr\/wp-content\/uploads\/2020\/11\/musee-de-la-mine-Messeix-Puy-de-dome-Minerail-patrimoine-industriel-concession-au-nord-300x169.jpg 300w, https:\/\/minerail.fr\/wp-content\/uploads\/2020\/11\/musee-de-la-mine-Messeix-Puy-de-dome-Minerail-patrimoine-industriel-concession-au-nord-768x432.jpg 768w, https:\/\/minerail.fr\/wp-content\/uploads\/2020\/11\/musee-de-la-mine-Messeix-Puy-de-dome-Minerail-patrimoine-industriel-concession-au-nord-1536x864.jpg 1536w, https:\/\/minerail.fr\/wp-content\/uploads\/2020\/11\/musee-de-la-mine-Messeix-Puy-de-dome-Minerail-patrimoine-industriel-concession-au-nord.jpg 1920w\" sizes=\"auto, (max-width: 1024px) 100vw, 1024px\" \/><\/figure><div class=\"wp-block-media-text__content\">\n<h2 class=\"wp-block-heading\"><strong>En premier lieu<\/strong><\/h2>\n\n\n\n<div class=\"wp-block-group\"><div class=\"wp-block-group__inner-container is-layout-flow wp-block-group-is-layout-flow\">\n<div class=\"wp-block-group\"><div class=\"wp-block-group__inner-container is-layout-flow wp-block-group-is-layout-flow\">\n<p class=\"has-normal-font-size\"><strong> D\u00e9but de l&#8217;histoire de la mine de Messeix : le 23 novembre 1831, une ordonnance royale accorde \u00e0 M. sablon Jean-Baptiste une concession de mine de houille de 1 118 hectares. Elle se  situe dans les communes de Messeix, Singles et Av\u00e8ze (Puy-de-D\u00f4me). D&#8217;abord le gisement  affleu\u00adre dans les vall\u00e9es de la Clidane au nord. Ensuite ces affleurements se retrouvent dans la vall\u00e9e de la Dordogne au sud.<\/strong> <strong>Le p\u00e9rim\u00e8tre <strong>des mines de houille de la Clidane,<\/strong> embrasse en 1837 une surface de 152 ha et porte sur la commune de Messeix.<\/strong><\/p>\n<\/div><\/div>\n\n\n\n<p class=\"has-normal-font-size\"><strong>En 1848, M. sablon \u00e9tablit un puits situ\u00e9 \u00e0 1 200 m \u00e0 l&#8217;ouest du hameau de Bogros, et il exploite pendant quelques mois une couche tr\u00e8s inclin\u00e9e. La couche est tr\u00e8s inclin\u00e9e. En outre les eaux noient  les galeries . <\/strong><\/p>\n<\/div><\/div>\n\n\n\n<h2 class=\"wp-block-heading\"><strong>La soci\u00e9t\u00e9 Vazeille et C<sup>ie<\/sup><\/strong> . Le d\u00e9but de l\u2019exploitation industrielle<\/h2>\n\n\n\n<hr class=\"wp-block-separator has-css-opacity\"\/>\n\n\n\n<p><\/p>\n<\/div><\/div>\n\n\n\n<p><strong><strong><em>M. sablon<\/em><\/strong> c\u00e8de alors la concession \u00e0 la Soci\u00e9t\u00e9 en commandite par actions Charles Vazeille et C<sup>ie<\/sup>.<\/strong> <strong>Les nouveaux propri\u00e9taires foncent un puits non loin de celui de M. sablon<\/strong>. <strong>Cependant ce dernier offre un champ d&#8217;exploitation trop faible, \u00e9tant trop pr\u00e8s des affleurements. Ils se repor\u00adtent \u00e0 environ 200 m \u00e0 l&#8217;ouest, et creusent, le puits Saint Charles. <strong>A la m\u00eame \u00e9poque le pr\u00e9 Chalamel (le Port-Sec), devient  le centre de l&#8217; exploitation. Tout le charbon se transporte \u00e0 dos de mulets, la plus grande partie aux Fonderies de Pontgibaud, et le reste aux Forges de la Cellette (fonderie de fonte) (environ 2 000 t\/an).<\/strong><\/strong><\/p>\n\n\n\n<p><strong>Par p\u00e9tition du 30 d\u00e9cembre 1852, les <em>concessionnaires, demandent que leur conces\u00adsion soit d\u00e9finitivement d\u00e9limit\u00e9e<\/em><\/strong>.<\/p>\n\n\n\n<div class=\"wp-block-media-text alignwide has-media-on-the-right is-stacked-on-mobile\" style=\"grid-template-columns:auto 56%\"><div class=\"wp-block-media-text__content\">\n<p><strong>D&#8217;abord au nord,  la rivi\u00e8re Clidane d\u00e9termine le d\u00e9but de la concession. Ensuite <strong>au sud-est,  la rivi\u00e8re de la Dordogne fixe l&#8217;autre extr\u00e9mit\u00e9.<\/strong> Enfin \u00e0 l&#8217;est, une droite passant  au centre du carrefour des chemins de Fontgrenier \u00e0 Messeix fixe les limites.  La dite droite continue au nord jus\u00adqu&#8217;\u00e0 la Clidane et au sud jusqu&#8217;\u00e0 la Dordogne.<\/strong> <\/p>\n\n\n\n<p><strong> De m\u00eame \u00e0 l&#8217;ouest, deux droites sont trac\u00e9es. La premi\u00e8re d\u00e9bute de la Croix des Vialles  et se prolonge au sud jusqu&#8217;\u00e0 la Dordogne . La seconde part de la Croix des Vialles au pont du mou\u00adlin de la Clidane sur cette rivi\u00e8re.<\/strong><\/p>\n\n\n\n<p> <strong>En dernier lieu le d\u00e9cret imp\u00e9rial du 5 juillet <em>\u00ce854 d\u00e9limite <\/em>donc<\/strong> <strong><em>la nouvelle concession de Messeix. <\/em><\/strong><br><strong><em>L&#8217;adoption de ces limites consacre l&#8217;abandon par les concessionnaires des terrains houillers qu&#8217;ils poss\u00e8\u00addent vers le sud. De m\u00eame sur la rive gauche de la Dordogne, dans les communes d&#8217;Av\u00e8ze et de Singles, l&#8217;abandon des terrains granitiques \u00e0 l&#8217;est et \u00e0 l&#8217;ouest et l&#8217;adjonc\u00adtion des terrains houillers de la commune de Messeix demeur\u00e9s libres jusqu&#8217;\u00e0 ce jour, au nord de la conces\u00adsion, sur la rive gauche de la Clidane<\/em><\/strong>.<\/p>\n\n\n\n<p><strong>Par suite de ces modifications,  la concession  s&#8217;\u00e9tend sur 643 hectares.<\/strong><\/p>\n\n\n\n<h2 class=\"wp-block-heading\"><strong><em>Soci\u00e9t\u00e9 anonyme des Houill\u00e8res de Messeix<\/em><\/strong><\/h2>\n<\/div><figure class=\"wp-block-media-text__media\"><img loading=\"lazy\" decoding=\"async\" width=\"1024\" height=\"810\" src=\"https:\/\/minerail.fr\/wp-content\/uploads\/2020\/11\/mine-de-messeix-partie-sud-concession-scaled-1-1024x810.jpg\" alt=\"concession mine de messeix\" class=\"wp-image-546 size-full\" srcset=\"https:\/\/minerail.fr\/wp-content\/uploads\/2020\/11\/mine-de-messeix-partie-sud-concession-scaled-1-1024x810.jpg 1024w, https:\/\/minerail.fr\/wp-content\/uploads\/2020\/11\/mine-de-messeix-partie-sud-concession-scaled-1-300x237.jpg 300w, https:\/\/minerail.fr\/wp-content\/uploads\/2020\/11\/mine-de-messeix-partie-sud-concession-scaled-1-768x608.jpg 768w, https:\/\/minerail.fr\/wp-content\/uploads\/2020\/11\/mine-de-messeix-partie-sud-concession-scaled-1-1536x1215.jpg 1536w, https:\/\/minerail.fr\/wp-content\/uploads\/2020\/11\/mine-de-messeix-partie-sud-concession-scaled-1-2048x1620.jpg 2048w\" sizes=\"auto, (max-width: 1024px) 100vw, 1024px\" \/><\/figure><\/div>\n\n\n\n<p><strong>En 1878, le g\u00e9rant de la Soci\u00e9t\u00e9 obtient l&#8217;assurance du passage dans la vall\u00e9e de la Clidane de la future ligne de chemin de fer de Clermont-Ferrand \u00e0 Tulle. On fonde alors la Soci\u00e9t\u00e9 anonyme des Houill\u00e8res de Messeix, au capital de 1 200 000 F.<\/strong> <strong>C&#8217;est un \u00e9pisode important de l&#8217;histoire de la mine de Messeix.<\/strong><\/p>\n\n\n\n<div class=\"wp-block-media-text alignwide is-stacked-on-mobile\"><figure class=\"wp-block-media-text__media\"><img loading=\"lazy\" decoding=\"async\" width=\"1024\" height=\"650\" src=\"https:\/\/minerail.fr\/wp-content\/uploads\/2020\/11\/PUITS-SAINTE-SUZANNE-scaled-1-1024x650.jpg\" alt=\"le Puits Sainte -Suzanne\" class=\"wp-image-571 size-full\" srcset=\"https:\/\/minerail.fr\/wp-content\/uploads\/2020\/11\/PUITS-SAINTE-SUZANNE-scaled-1-1024x650.jpg 1024w, https:\/\/minerail.fr\/wp-content\/uploads\/2020\/11\/PUITS-SAINTE-SUZANNE-scaled-1-300x191.jpg 300w, https:\/\/minerail.fr\/wp-content\/uploads\/2020\/11\/PUITS-SAINTE-SUZANNE-scaled-1-768x488.jpg 768w, https:\/\/minerail.fr\/wp-content\/uploads\/2020\/11\/PUITS-SAINTE-SUZANNE-scaled-1-1536x976.jpg 1536w, https:\/\/minerail.fr\/wp-content\/uploads\/2020\/11\/PUITS-SAINTE-SUZANNE-scaled-1-2048x1301.jpg 2048w\" sizes=\"auto, (max-width: 1024px) 100vw, 1024px\" \/><\/figure><div class=\"wp-block-media-text__content\">\n<h2 class=\"wp-block-heading has-medium-font-size\"><strong>On creuse le puits Sainte-Suzanne,<\/strong><\/h2>\n\n\n\n<div class=\"wp-block-group\"><div class=\"wp-block-group__inner-container is-layout-flow wp-block-group-is-layout-flow\">\n<p><strong>A la fin du XIX<sup>\u00e8 <\/sup>si\u00e8cle, des b\u00e2timents seront aussi construits pour loger les familles des mineurs<\/strong><\/p>\n<\/div><\/div>\n\n\n\n<div class=\"wp-block-group\"><div class=\"wp-block-group__inner-container is-layout-flow wp-block-group-is-layout-flow\">\n<p><strong>La Soci\u00e9t\u00e9 traverse alors une p\u00e9riode extr\u00eamement difficile.<\/strong> <strong>D&#8217;abord le puits Sainte-Suzanne, par mal\u00adchance, rencontre une zone failleuse. De plus<\/strong>, <strong>\u00e0 cette \u00e9poque, l&#8217;anthracite ne se vend pas.<\/strong><br><strong>En effet, les d\u00e9bouch\u00e9s sont rares, chez les fabri\u00adcants de chaux grasse en Charente, et de chaux hydraulique \u00e0 Saint-Astier (Dordogne).<\/strong><\/p>\n<\/div><\/div>\n\n\n\n<div class=\"wp-block-group\"><div class=\"wp-block-group__inner-container is-layout-flow wp-block-group-is-layout-flow\">\n<p><strong>Vers 1887, les po\u00eales \u00e0 combustion lente commen\u00adcent \u00e0 se r\u00e9pandre, amenant une client\u00e8le nouvelle.<\/strong><\/p>\n\n\n\n<p><strong>Les finances de la Soci\u00e9t\u00e9 restent cependant pr\u00e9\u00adcaires.<\/strong><br><strong>Le manque de capitaux<\/strong> <strong>annule provisoirement<\/strong> <strong>le projet de creusement d&#8217;un nouveau puits pour atteindre le fond de la cuvette<\/strong><\/p>\n\n\n\n<p class=\"has-black-color has-text-color has-normal-font-size\"><strong>Ensuite  la crise de Fachoda au Soudan arrive en 1898, opposant la France et l&#8217;Angleterre. Dans ces conditions les importations de charbon s&#8217;arr\u00eatent. Ce qui permet une marche r\u00e9mu\u00adn\u00e9ratrice de la mine.<\/strong><br><strong> .<\/strong><\/p>\n<\/div><\/div>\n\n\n\n<p><\/p>\n<\/div><\/div>\n\n\n\n<div class=\"wp-block-media-text alignwide is-stacked-on-mobile\"><figure class=\"wp-block-media-text__media\"><img loading=\"lazy\" decoding=\"async\" width=\"944\" height=\"1024\" src=\"https:\/\/minerail.fr\/wp-content\/uploads\/2021\/01\/N\u00b025-OCTOBRE-1975-10Puits-Teyras-944x1024.jpg\" alt=\"mine de Messeix\" class=\"wp-image-1070 size-full\" srcset=\"https:\/\/minerail.fr\/wp-content\/uploads\/2021\/01\/N\u00b025-OCTOBRE-1975-10Puits-Teyras-944x1024.jpg 944w, https:\/\/minerail.fr\/wp-content\/uploads\/2021\/01\/N\u00b025-OCTOBRE-1975-10Puits-Teyras-277x300.jpg 277w, https:\/\/minerail.fr\/wp-content\/uploads\/2021\/01\/N\u00b025-OCTOBRE-1975-10Puits-Teyras-768x833.jpg 768w, https:\/\/minerail.fr\/wp-content\/uploads\/2021\/01\/N\u00b025-OCTOBRE-1975-10Puits-Teyras-1416x1536.jpg 1416w, https:\/\/minerail.fr\/wp-content\/uploads\/2021\/01\/N\u00b025-OCTOBRE-1975-10Puits-Teyras-1888x2048.jpg 1888w\" sizes=\"auto, (max-width: 944px) 100vw, 944px\" \/><\/figure><div class=\"wp-block-media-text__content\">\n<h2 class=\"wp-block-heading\">Le <strong>puits Teyras de Granval<\/strong><\/h2>\n\n\n\n<p><strong>Les b\u00e9n\u00e9fices sont aussit\u00f4t investis : creusement et \u00e9quipement du puits Teyras de Granval en (1900<\/strong>&#8211;<strong>1902), profond de 327 m.<\/strong><\/p>\n\n\n\n<p><strong> Cette politique  permet la mise en place de<\/strong> <strong>la galerie d&#8217;\u00e9coulement des eaux vers la Dordogne.<strong> <\/strong><\/strong><strong style=\"font-weight: bold;\"> <\/strong><b>De surcro\u00eet  une centrale \u00e0 gaz pauvre<\/b><strong> entre en exploitation<\/strong>.<strong> Donc tous les services b\u00e9n\u00e9ficient de l&#8217;\u00e9lectrisation<\/strong> <strong>et en particulier<\/strong> <strong>le fond (roulage g\u00e9n\u00e9ral par trolley ) <\/strong>.<br><br><strong>De plus , en 1907, le &#8220;Port-Sec moderne devient une r\u00e9alit\u00e9 (pr\u00e9paration des charbons marchands et exp\u00e9\u00additions par fer<\/strong>.<br><a href=\"http:\/\/daniel.learnwordpress.fr\/wp-admin\/post.php?post=643&amp;action=edit\"><strong>Enfin le parc de  logement augmente<\/strong>.<\/a><br><strong>L&#8217;extraction est alors port\u00e9e \u00e0 100 000 t par an.<\/strong><\/p>\n\n\n\n<p><strong>La guerre de 1914, avec ses exigences nouvelles, oblige \u00e0 pousser l&#8217;extraction au-del\u00e0 des limites pr\u00e9\u00advues. On cr\u00e9e la cit\u00e9 des Gannes et d&#8217;autres loge\u00adments<\/strong>.<strong> Le d\u00e9veloppement immobilier se continuera apr\u00e8s la nationalisation (1946).<\/strong><\/p>\n<\/div><\/div>\n\n\n\n<hr class=\"wp-block-separator has-css-opacity\"\/>\n\n\n\n<h3 class=\"wp-block-heading\"><strong>Le PORT SEC, histoire d&#8217;un ensemble industriel <\/strong>de la mine de Messeix<\/h3>\n\n\n\n<div id=\"wp-block-themeisle-blocks-slider-206cbac9\" class=\"wp-block-themeisle-blocks-slider glide\" data-per-view=\"1\" data-gap=\"0\" data-peek=\"0\" data-autoplay=\"4000\" data-height=\"500px\" data-hide-arrows=\"false\"><div class=\"glide__track\" data-glide-el=\"track\"><div class=\"glide__slides\"><div class=\"wp-block-themeisle-blocks-slider-item-wrapper glide__slide\" tabindex=\"0\"><figure><img decoding=\"async\" class=\"wp-block-themeisle-blocks-slider-item\" src=\"https:\/\/minerail.fr\/wp-content\/uploads\/2020\/11\/port-sec-et-tunnel.bmp\" alt=\"histoire du mus\u00e9e de la mine de Messeix-desserte ferroviaire du Port Sec\" title=\"histoire du mus\u00e9e de la mine de Messeix-desserte ferroviaire du Port Sec\" data-id=\"612\"\/><figcaption>Le Port SEC &#8211; Usine de la mine de Messeix -pr\u00e9paration des charbons marchands et exp\u00e9\u00additions par fer.<\/figcaption><\/figure><\/div><div class=\"wp-block-themeisle-blocks-slider-item-wrapper glide__slide\" tabindex=\"0\"><figure><img decoding=\"async\" class=\"wp-block-themeisle-blocks-slider-item\" src=\"https:\/\/minerail.fr\/wp-content\/uploads\/2021\/01\/port-sec-detail-batiments-scaled.jpg\" alt=\"\" title=\"\" data-id=\"1075\"\/><figcaption>Document issus de la collection personnelle de Monsieur Roger Lallement.<\/figcaption><\/figure><\/div><div class=\"wp-block-themeisle-blocks-slider-item-wrapper glide__slide\" tabindex=\"0\"><figure><img decoding=\"async\" class=\"wp-block-themeisle-blocks-slider-item\" src=\"https:\/\/minerail.fr\/wp-content\/uploads\/2020\/11\/Port-sec-Agglomeration1.jpg\" alt=\"histoire du mus\u00e9e de la mine de Messeix-desserte ferroviaire du Port Sec\" title=\"histoire du mus\u00e9e de la mine de Messeix-desserte ferroviaire du Port Sec\" data-id=\"610\"\/><figcaption>Le Port SEC &#8211; Usine de la mine de Messeix -pr\u00e9paration des charbons marchands et exp\u00e9\u00additions par fer.<\/figcaption><\/figure><\/div><div class=\"wp-block-themeisle-blocks-slider-item-wrapper glide__slide\" tabindex=\"0\"><figure><img decoding=\"async\" class=\"wp-block-themeisle-blocks-slider-item\" src=\"https:\/\/minerail.fr\/wp-content\/uploads\/2020\/11\/Port-Sec-Pont.jpg\" alt=\"histoire du mus\u00e9e de la mine de Messeix-Pont sur la Clidane\" title=\"histoire du mus\u00e9e de la mine de Messeix-Pont sur la Clidane\" data-id=\"609\"\/><figcaption>Le Port SEC &#8211; Usine de la mine de Messeix -pr\u00e9paration des charbons marchands et exp\u00e9\u00additions par fer.<\/figcaption><\/figure><\/div><div class=\"wp-block-themeisle-blocks-slider-item-wrapper glide__slide\" tabindex=\"0\"><figure><img decoding=\"async\" class=\"wp-block-themeisle-blocks-slider-item\" src=\"https:\/\/minerail.fr\/wp-content\/uploads\/2020\/11\/Port-Sec-serie2-8-scaled-1.jpg\" alt=\"histoire du mus\u00e9e de la mine de Messeix-face arri\u00e8re des b\u00e2timents\" title=\"histoire du mus\u00e9e de la mine de Messeix-face arri\u00e8re des b\u00e2timents\" data-id=\"608\"\/><figcaption>Le Port SEC &#8211; Usine de la mine de Messeix -pr\u00e9paration des charbons marchands et exp\u00e9\u00additions par fer.<\/figcaption><\/figure><\/div><div class=\"wp-block-themeisle-blocks-slider-item-wrapper glide__slide\" tabindex=\"0\"><figure><img decoding=\"async\" class=\"wp-block-themeisle-blocks-slider-item\" src=\"https:\/\/minerail.fr\/wp-content\/uploads\/2020\/11\/Port-SEc-serie3-2-scaled-1.jpg\" alt=\"histoire du mus\u00e9e de la mine de Messeix-desserte ferroviaire- berlines de minerai\" title=\"histoire du mus\u00e9e de la mine de Messeix-desserte ferroviaire- berlines de minerai\" data-id=\"606\"\/><figcaption>Le Port SEC &#8211; Usine de la mine de Messeix -pr\u00e9paration des charbons marchands et exp\u00e9\u00additions par fer.<\/figcaption><\/figure><\/div><div class=\"wp-block-themeisle-blocks-slider-item-wrapper glide__slide\" tabindex=\"0\"><figure><img decoding=\"async\" class=\"wp-block-themeisle-blocks-slider-item\" src=\"https:\/\/minerail.fr\/wp-content\/uploads\/2020\/11\/Port-SEc-serie3-3-scaled-1.jpg\" alt=\"histoire du mus\u00e9e de la mine de Messeix-convoi de berlines en provenance de la mine\" title=\"histoire du mus\u00e9e de la mine de Messeix-convoi de berlines en provenance de la mine\" data-id=\"607\"\/><figcaption>Le Port SEC &#8211; Usine de la mine de Messeix -pr\u00e9paration des charbons marchands et exp\u00e9\u00additions par fer.<\/figcaption><\/figure><\/div><div class=\"wp-block-themeisle-blocks-slider-item-wrapper glide__slide\" tabindex=\"0\"><figure><img decoding=\"async\" class=\"wp-block-themeisle-blocks-slider-item\" src=\"https:\/\/minerail.fr\/wp-content\/uploads\/2020\/11\/Port-SEc-serie3-1-scaled-1.jpg\" alt=\"histoire du mus\u00e9e de la mine de Messeix-desserte ferroviaire du Port Sec- Les berlines et les chevaux\" title=\"histoire du mus\u00e9e de la mine de Messeix-desserte ferroviaire du Port Sec- Les berlines et les chevaux\" data-id=\"605\"\/><figcaption>Le Port SEC &#8211; Usine de la mine de Messeix -pr\u00e9paration des charbons marchands et exp\u00e9\u00additions par fer.<\/figcaption><\/figure><\/div><div class=\"wp-block-themeisle-blocks-slider-item-wrapper glide__slide\" tabindex=\"0\"><figure><img decoding=\"async\" class=\"wp-block-themeisle-blocks-slider-item\" src=\"https:\/\/minerail.fr\/wp-content\/uploads\/2020\/11\/PORT-SEC-serie1-10-scaled-1.jpg\" alt=\"histoire du mus\u00e9e de la mine de Messeix-les installations\" title=\"histoire du mus\u00e9e de la mine de Messeix-les installations\" data-id=\"604\"\/><figcaption>Le Port SEC &#8211; Usine de la mine de Messeix -pr\u00e9paration des charbons marchands et exp\u00e9\u00additions par fer.<\/figcaption><\/figure><\/div><div class=\"wp-block-themeisle-blocks-slider-item-wrapper glide__slide\" tabindex=\"0\"><figure><img decoding=\"async\" class=\"wp-block-themeisle-blocks-slider-item\" src=\"https:\/\/minerail.fr\/wp-content\/uploads\/2020\/11\/PORT-SEC-serie1-8-scaled-1.jpg\" alt=\"histoire du mus\u00e9e de la mine de Messeix-les presses \u00e0 boulets\" title=\"histoire du mus\u00e9e de la mine de Messeix-les presses \u00e0 boulets\" data-id=\"603\"\/><figcaption>Le Port SEC &#8211; Usine de la mine de Messeix -les presses \u00e0 boulets<\/figcaption><\/figure><\/div><div class=\"wp-block-themeisle-blocks-slider-item-wrapper glide__slide\" tabindex=\"0\"><figure><img decoding=\"async\" class=\"wp-block-themeisle-blocks-slider-item\" src=\"https:\/\/minerail.fr\/wp-content\/uploads\/2020\/11\/PORT-SEC-serie1-5-scaled-1.jpg\" alt=\"histoire du mus\u00e9e de la mine de Messeix-le culbuteur\" title=\"histoire du mus\u00e9e de la mine de Messeix-le culbuteur\" data-id=\"601\"\/><figcaption>Le Port SEC &#8211; Usine de la mine de Messeix -les culbuteurs<\/figcaption><\/figure><\/div><div class=\"wp-block-themeisle-blocks-slider-item-wrapper glide__slide\" tabindex=\"0\"><figure><img decoding=\"async\" class=\"wp-block-themeisle-blocks-slider-item\" src=\"https:\/\/minerail.fr\/wp-content\/uploads\/2020\/11\/PORT-SEC-serie1-4-1-scaled-1.jpg\" alt=\"histoire du mus\u00e9e de la mine de Messeix-vue a\u00e9rienne\" title=\"histoire du mus\u00e9e de la mine de Messeix-vue a\u00e9rienne\" data-id=\"600\"\/><figcaption>Le Port SEC &#8211; Usine de la mine de Messeix -vue a\u00e9rienne<\/figcaption><\/figure><\/div><div class=\"wp-block-themeisle-blocks-slider-item-wrapper glide__slide\" tabindex=\"0\"><figure><img decoding=\"async\" class=\"wp-block-themeisle-blocks-slider-item\" src=\"https:\/\/minerail.fr\/wp-content\/uploads\/2020\/11\/PORT-SEC-serie1-1-scaled-1.jpg\" alt=\"histoire du mus\u00e9e de la mine de Messeix-terril\" title=\"histoire du mus\u00e9e de la mine de Messeix-terril\" data-id=\"599\"\/><figcaption>Le Port SEC &#8211; Usine de la mine de Messeix -environs &#8211; le terril &#8211; la vall\u00e9e de la Clidane<\/figcaption><\/figure><\/div><\/div><div class=\"glide__bullets\" data-glide-el=\"controls[nav]\"><button class=\"glide__bullet\" data-glide-dir=\"=0\"><\/button><button class=\"glide__bullet\" data-glide-dir=\"=1\"><\/button><button class=\"glide__bullet\" data-glide-dir=\"=2\"><\/button><button class=\"glide__bullet\" data-glide-dir=\"=3\"><\/button><button class=\"glide__bullet\" data-glide-dir=\"=4\"><\/button><button class=\"glide__bullet\" data-glide-dir=\"=5\"><\/button><button class=\"glide__bullet\" data-glide-dir=\"=6\"><\/button><button class=\"glide__bullet\" data-glide-dir=\"=7\"><\/button><button class=\"glide__bullet\" data-glide-dir=\"=8\"><\/button><button class=\"glide__bullet\" data-glide-dir=\"=9\"><\/button><button class=\"glide__bullet\" data-glide-dir=\"=10\"><\/button><button class=\"glide__bullet\" data-glide-dir=\"=11\"><\/button><button class=\"glide__bullet\" data-glide-dir=\"=12\"><\/button><\/div><\/div><\/div>\n\n\n\n<hr class=\"wp-block-separator has-css-opacity\"\/>\n\n\n\n<div class=\"wp-block-media-text alignwide is-stacked-on-mobile\"><figure class=\"wp-block-media-text__media\"><img loading=\"lazy\" decoding=\"async\" width=\"1024\" height=\"664\" src=\"https:\/\/minerail.fr\/wp-content\/uploads\/2020\/11\/PUITS-TEYRAS-11-scaled-1-1024x664.jpg\" alt=\"l'histoire de la mine de Messeix va de pair avec la construction de logements ouvriers\" class=\"wp-image-590 size-full\" srcset=\"https:\/\/minerail.fr\/wp-content\/uploads\/2020\/11\/PUITS-TEYRAS-11-scaled-1-1024x664.jpg 1024w, https:\/\/minerail.fr\/wp-content\/uploads\/2020\/11\/PUITS-TEYRAS-11-scaled-1-300x194.jpg 300w, https:\/\/minerail.fr\/wp-content\/uploads\/2020\/11\/PUITS-TEYRAS-11-scaled-1-768x498.jpg 768w, https:\/\/minerail.fr\/wp-content\/uploads\/2020\/11\/PUITS-TEYRAS-11-scaled-1-1536x995.jpg 1536w, https:\/\/minerail.fr\/wp-content\/uploads\/2020\/11\/PUITS-TEYRAS-11-scaled-1-2048x1327.jpg 2048w\" sizes=\"auto, (max-width: 1024px) 100vw, 1024px\" \/><\/figure><div class=\"wp-block-media-text__content\">\n<h2 class=\"wp-block-heading\"><a href=\"http:\/\/daniel.learnwordpress.fr\/wp-admin\/post.php?post=643&amp;action=edit\" target=\"_blank\" rel=\"noreferrer noopener\">logements &#8211; mine de Messeix<\/a><\/h2>\n\n\n\n<p><strong>La cit\u00e9 du Puits Teyras  se trouve \u00e0 proximit\u00e9 du Puits Teyras de Granval.<\/strong><\/p>\n\n\n\n<p><strong>Une centrale \u00e9lectrique fournit l&#8217;\u00e9lectricit\u00e9 n\u00e9cessaire et par la m\u00eame permet de moderniser l&#8217;exploitation .<\/strong><\/p>\n\n\n\n<p><\/p>\n<\/div><\/div>\n\n\n\n<h3 class=\"wp-block-heading\">Histoire : <strong>l<\/strong>es installations<strong> du Puits TEYRAS<\/strong><\/h3>\n\n\n\n<hr class=\"wp-block-separator has-css-opacity\"\/>\n\n\n\n<hr class=\"wp-block-separator has-css-opacity\"\/>\n\n\n\n<div id=\"wp-block-themeisle-blocks-slider-9c08728d\" class=\"wp-block-themeisle-blocks-slider glide\" data-per-view=\"1\" data-gap=\"0\" data-peek=\"0\" data-autoplay=\"3000\" data-height=\"534px\" data-hide-arrows=\"false\"><div class=\"glide__track\" data-glide-el=\"track\"><div class=\"glide__slides\"><div class=\"wp-block-themeisle-blocks-slider-item-wrapper glide__slide\" tabindex=\"0\"><figure><img decoding=\"async\" class=\"wp-block-themeisle-blocks-slider-item\" src=\"https:\/\/minerail.fr\/wp-content\/uploads\/2020\/11\/PUITS-TEYRAS-6-scaled-1.jpg\" alt=\"histoire de la mine de Messeix - Le Puits TEYRAS.\" title=\"histoire de la mine de Messeix - Le Puits TEYRAS.\" data-id=\"595\"\/><figcaption>vue g\u00e9n\u00e9rale dues installations du Puits Teyras<\/figcaption><\/figure><\/div><div class=\"wp-block-themeisle-blocks-slider-item-wrapper glide__slide\" tabindex=\"0\"><figure><img decoding=\"async\" class=\"wp-block-themeisle-blocks-slider-item\" src=\"https:\/\/minerail.fr\/wp-content\/uploads\/2020\/11\/PUITS-TEYRAS-4-scaled-1.jpg\" alt=\"histoire de la mine de Messeix - Le Puits TEYRAS\" title=\"histoire de la mine de Messeix - Le Puits TEYRAS\" data-id=\"594\"\/><figcaption>la mine et ses environs<\/figcaption><\/figure><\/div><div class=\"wp-block-themeisle-blocks-slider-item-wrapper glide__slide\" tabindex=\"0\"><figure><img decoding=\"async\" class=\"wp-block-themeisle-blocks-slider-item\" src=\"https:\/\/minerail.fr\/wp-content\/uploads\/2020\/11\/PUITS-TEYRAS-1-scaled-1.jpg\" alt=\"histoire de la mine de Messeix - Le Puits TEYRAS\" title=\"histoire de la mine de Messeix - Le Puits TEYRAS\" data-id=\"593\"\/><figcaption>Production de l&#8217;\u00e9nergie \u00e9lectrique , sera ensuite install\u00e9e au puits Saint-louis<\/figcaption><\/figure><\/div><div class=\"wp-block-themeisle-blocks-slider-item-wrapper glide__slide\" tabindex=\"0\"><figure><img decoding=\"async\" class=\"wp-block-themeisle-blocks-slider-item\" src=\"https:\/\/minerail.fr\/wp-content\/uploads\/2020\/11\/PUITS-TEYRAS-13-scaled-1.jpg\" alt=\"histoire de la mine de Messeix - Le Puits TEYRAS\" title=\"histoire de la mine de Messeix - Le Puits TEYRAS\" data-id=\"592\"\/><figcaption>PUITS TEYRAS-Centrale \u00e9lectrique<\/figcaption><\/figure><\/div><div class=\"wp-block-themeisle-blocks-slider-item-wrapper glide__slide\" tabindex=\"0\"><figure><img decoding=\"async\" class=\"wp-block-themeisle-blocks-slider-item\" src=\"https:\/\/minerail.fr\/wp-content\/uploads\/2020\/11\/PUITS-TEYRAS-12-scaled-1.jpg\" alt=\"histoire de la mine de Messeix -Centrale \u00e9lectrique - Le Puits TEYRAS\" title=\"histoire de la mine de Messeix -Centrale \u00e9lectrique - Le Puits TEYRAS\" data-id=\"591\"\/><figcaption>PUITS TEYRAS-Centrale \u00e9lectrique<\/figcaption><\/figure><\/div><div class=\"wp-block-themeisle-blocks-slider-item-wrapper glide__slide\" tabindex=\"0\"><figure><img decoding=\"async\" class=\"wp-block-themeisle-blocks-slider-item\" src=\"https:\/\/minerail.fr\/wp-content\/uploads\/2020\/11\/PUITS-TEYRAS-11-scaled-1.jpg\" alt=\"l'histoire de la mine de Messeix va de pair avec la construction de logements ouvriers\" title=\"l'histoire de la mine de Messeix va de pair avec la construction de logements ouvriers\" data-id=\"590\"\/><figcaption>cit\u00e9 mini\u00e8re du Puits TEYRAS<\/figcaption><\/figure><\/div><div class=\"wp-block-themeisle-blocks-slider-item-wrapper glide__slide\" tabindex=\"0\"><figure><img decoding=\"async\" class=\"wp-block-themeisle-blocks-slider-item\" src=\"https:\/\/minerail.fr\/wp-content\/uploads\/2020\/11\/PUITS-TEYRAS-10-scaled-1.jpg\" alt=\"histoire de la mine de Messeix - Le Puits TEYRAS\" title=\"histoire de la mine de Messeix - Le Puits TEYRAS\" data-id=\"589\"\/><figcaption>PUITS TEYRAS-Centrale \u00e9lectrique-b\u00e2timents<\/figcaption><\/figure><\/div><\/div><div class=\"glide__bullets\" data-glide-el=\"controls[nav]\"><button class=\"glide__bullet\" data-glide-dir=\"=0\"><\/button><button class=\"glide__bullet\" data-glide-dir=\"=1\"><\/button><button class=\"glide__bullet\" data-glide-dir=\"=2\"><\/button><button class=\"glide__bullet\" data-glide-dir=\"=3\"><\/button><button class=\"glide__bullet\" data-glide-dir=\"=4\"><\/button><button class=\"glide__bullet\" data-glide-dir=\"=5\"><\/button><button class=\"glide__bullet\" data-glide-dir=\"=6\"><\/button><\/div><\/div><\/div>\n\n\n\n<hr class=\"wp-block-separator has-css-opacity\"\/>\n\n\n\n<hr class=\"wp-block-separator has-css-opacity\"\/>\n\n\n\n<div class=\"wp-block-media-text alignwide is-stacked-on-mobile\"><figure class=\"wp-block-media-text__media\"><img loading=\"lazy\" decoding=\"async\" width=\"1024\" height=\"576\" src=\"https:\/\/minerail.fr\/wp-content\/uploads\/2020\/10\/histoie.jpg\" alt=\"mine de messeix - histoire\" class=\"wp-image-193 size-full\" srcset=\"https:\/\/minerail.fr\/wp-content\/uploads\/2020\/10\/histoie.jpg 1024w, https:\/\/minerail.fr\/wp-content\/uploads\/2020\/10\/histoie-300x169.jpg 300w, https:\/\/minerail.fr\/wp-content\/uploads\/2020\/10\/histoie-768x432.jpg 768w\" sizes=\"auto, (max-width: 1024px) 100vw, 1024px\" \/><\/figure><div class=\"wp-block-media-text__content\">\n<h2 class=\"wp-block-heading\">Le puits Saint-Louis<\/h2>\n\n\n\n<p><strong>En 1923, on entreprend le nouveau Si\u00e8ge Saint-<\/strong><strong>Louis, en dehors de la cuvette houill\u00e8re. Le puits <\/strong><strong>est achev\u00e9 en 1927 et mis en service en 1928. L&#8217;extrac\u00ad<\/strong><strong>tion oscille alors autour de 120 000 tonnes par an.<\/strong><strong><\/strong><\/p>\n\n\n\n<p><strong>Puis, c&#8217;est la deuxi\u00e8me guerre mondiale, suivie de <\/strong><strong>la nationalisation des charbonnages, en 1946. Les Houill\u00e8res de Messeix deviennent alors l&#8217;Exploitation <\/strong><strong>de Messeix des Houill\u00e8res du Bassin d&#8217;Auvergne.<\/strong><\/p>\n<\/div><\/div>\n\n\n\n<hr class=\"wp-block-separator has-css-opacity\"\/>\n","protected":false},"excerpt":{"rendered":"<p>Au d\u00e9but de la mine de Messeix et de son histoire l&#8217;extraction du charbon &#8220;de terre&#8221; se faisait en surface ou \u00e0 faible profondeur. Ensuite l&#8217;exploitation devient industrielle. Enfin les puits modernes d&#8217;extraction apparaissent. Le dernier puits en service est le puits Saint-Louis, si\u00e8ge du mus\u00e9e de la mine de [&hellip;]<\/p>\n","protected":false},"author":2,"featured_media":0,"parent":0,"menu_order":0,"comment_status":"closed","ping_status":"closed","template":"page-templates\/template-fullwidth.php","meta":{"_themeisle_gutenberg_block_has_review":false,"footnotes":""},"class_list":["post-105","page","type-page","status-publish","hentry"],"yoast_head":"<!-- This site is optimized with the Yoast SEO plugin v26.9 - https:\/\/yoast.com\/product\/yoast-seo-wordpress\/ -->\n<title>Histoire de la mine de Messeix - MINERAIL histoire de la mine de Messeix<\/title>\n<meta name=\"description\" content=\"la mine de Messeix, son histoire et son exploitation sont r\u00e9v\u00e9l\u00e9s au mus\u00e9e . Cette aventure humaine et industrielle dure un si\u00e8cle et demi .\" \/>\n<meta name=\"robots\" content=\"index, follow, max-snippet:-1, max-image-preview:large, max-video-preview:-1\" \/>\n<link rel=\"canonical\" href=\"https:\/\/minerail.fr\/index.php\/histoire-de-la-mine-de-messeix\/\" \/>\n<meta property=\"og:locale\" content=\"fr_FR\" \/>\n<meta property=\"og:type\" content=\"article\" \/>\n<meta property=\"og:title\" content=\"Histoire de la mine de Messeix - MINERAIL histoire de la mine de Messeix\" \/>\n<meta property=\"og:description\" content=\"la mine de Messeix, son histoire et son exploitation sont r\u00e9v\u00e9l\u00e9s au mus\u00e9e . Cette aventure humaine et industrielle dure un si\u00e8cle et demi .\" \/>\n<meta property=\"og:url\" content=\"https:\/\/minerail.fr\/index.php\/histoire-de-la-mine-de-messeix\/\" \/>\n<meta property=\"og:site_name\" content=\"MINERAIL\" \/>\n<meta property=\"article:publisher\" content=\"https:\/\/www.facebook.com\/minerail\" \/>\n<meta property=\"article:modified_time\" content=\"2024-03-25T09:57:38+00:00\" \/>\n<meta property=\"og:image\" content=\"https:\/\/minerail.fr\/wp-content\/uploads\/2020\/11\/musee-de-la-mine-Messeix-Puy-de-dome-Minerail-patrimoine-industriel-chevalement-Puits-Saint-Louis.jpg\" \/>\n<meta name=\"twitter:card\" content=\"summary_large_image\" \/>\n<meta name=\"twitter:label1\" content=\"Dur\u00e9e de lecture estim\u00e9e\" \/>\n\t<meta name=\"twitter:data1\" content=\"13 minutes\" \/>\n<script type=\"application\/ld+json\" class=\"yoast-schema-graph\">{\"@context\":\"https:\/\/schema.org\",\"@graph\":[{\"@type\":\"WebPage\",\"@id\":\"https:\/\/minerail.fr\/index.php\/histoire-de-la-mine-de-messeix\/\",\"url\":\"https:\/\/minerail.fr\/index.php\/histoire-de-la-mine-de-messeix\/\",\"name\":\"Histoire de la mine de Messeix - MINERAIL histoire de la mine de Messeix\",\"isPartOf\":{\"@id\":\"https:\/\/minerail.fr\/#website\"},\"primaryImageOfPage\":{\"@id\":\"https:\/\/minerail.fr\/index.php\/histoire-de-la-mine-de-messeix\/#primaryimage\"},\"image\":{\"@id\":\"https:\/\/minerail.fr\/index.php\/histoire-de-la-mine-de-messeix\/#primaryimage\"},\"thumbnailUrl\":\"https:\/\/minerail.fr\/wp-content\/uploads\/2020\/11\/musee-de-la-mine-Messeix-Puy-de-dome-Minerail-patrimoine-industriel-chevalement-Puits-Saint-Louis.jpg\",\"datePublished\":\"2020-10-30T09:39:57+00:00\",\"dateModified\":\"2024-03-25T09:57:38+00:00\",\"description\":\"la mine de Messeix, son histoire et son exploitation sont r\u00e9v\u00e9l\u00e9s au mus\u00e9e . Cette aventure humaine et industrielle dure un si\u00e8cle et demi .\",\"breadcrumb\":{\"@id\":\"https:\/\/minerail.fr\/index.php\/histoire-de-la-mine-de-messeix\/#breadcrumb\"},\"inLanguage\":\"fr-FR\",\"potentialAction\":[{\"@type\":\"ReadAction\",\"target\":[\"https:\/\/minerail.fr\/index.php\/histoire-de-la-mine-de-messeix\/\"]}]},{\"@type\":\"ImageObject\",\"inLanguage\":\"fr-FR\",\"@id\":\"https:\/\/minerail.fr\/index.php\/histoire-de-la-mine-de-messeix\/#primaryimage\",\"url\":\"https:\/\/minerail.fr\/wp-content\/uploads\/2020\/11\/musee-de-la-mine-Messeix-Puy-de-dome-Minerail-patrimoine-industriel-chevalement-Puits-Saint-Louis.jpg\",\"contentUrl\":\"https:\/\/minerail.fr\/wp-content\/uploads\/2020\/11\/musee-de-la-mine-Messeix-Puy-de-dome-Minerail-patrimoine-industriel-chevalement-Puits-Saint-Louis.jpg\",\"width\":1920,\"height\":1080,\"caption\":\"partie sup\u00e9rieure du chevalement\"},{\"@type\":\"BreadcrumbList\",\"@id\":\"https:\/\/minerail.fr\/index.php\/histoire-de-la-mine-de-messeix\/#breadcrumb\",\"itemListElement\":[{\"@type\":\"ListItem\",\"position\":1,\"name\":\"Accueil\",\"item\":\"https:\/\/minerail.fr\/\"},{\"@type\":\"ListItem\",\"position\":2,\"name\":\"Histoire de la mine de Messeix\"}]},{\"@type\":\"WebSite\",\"@id\":\"https:\/\/minerail.fr\/#website\",\"url\":\"https:\/\/minerail.fr\/\",\"name\":\"MINERAIL\",\"description\":\"150 ans d&#039;exploitation mini\u00e8re \u00e0 Messeix\",\"publisher\":{\"@id\":\"https:\/\/minerail.fr\/#organization\"},\"potentialAction\":[{\"@type\":\"SearchAction\",\"target\":{\"@type\":\"EntryPoint\",\"urlTemplate\":\"https:\/\/minerail.fr\/?s={search_term_string}\"},\"query-input\":{\"@type\":\"PropertyValueSpecification\",\"valueRequired\":true,\"valueName\":\"search_term_string\"}}],\"inLanguage\":\"fr-FR\"},{\"@type\":\"Organization\",\"@id\":\"https:\/\/minerail.fr\/#organization\",\"name\":\"MINERAIL\",\"url\":\"https:\/\/minerail.fr\/\",\"logo\":{\"@type\":\"ImageObject\",\"inLanguage\":\"fr-FR\",\"@id\":\"https:\/\/minerail.fr\/#\/schema\/logo\/image\/\",\"url\":\"https:\/\/minerail.fr\/wp-content\/uploads\/2020\/10\/cropped-Minerail_Logo-1.png\",\"contentUrl\":\"https:\/\/minerail.fr\/wp-content\/uploads\/2020\/10\/cropped-Minerail_Logo-1.png\",\"width\":232,\"height\":100,\"caption\":\"MINERAIL\"},\"image\":{\"@id\":\"https:\/\/minerail.fr\/#\/schema\/logo\/image\/\"},\"sameAs\":[\"https:\/\/www.facebook.com\/minerail\",\"https:\/\/www.instagram.com\/explore\/locations\/967279510046135\/minerail-musee-de-la-mine-de-messeix\/\"]}]}<\/script>\n<!-- \/ Yoast SEO plugin. -->","yoast_head_json":{"title":"Histoire de la mine de Messeix - MINERAIL histoire de la mine de Messeix","description":"la mine de Messeix, son histoire et son exploitation sont r\u00e9v\u00e9l\u00e9s au mus\u00e9e . Cette aventure humaine et industrielle dure un si\u00e8cle et demi .","robots":{"index":"index","follow":"follow","max-snippet":"max-snippet:-1","max-image-preview":"max-image-preview:large","max-video-preview":"max-video-preview:-1"},"canonical":"https:\/\/minerail.fr\/index.php\/histoire-de-la-mine-de-messeix\/","og_locale":"fr_FR","og_type":"article","og_title":"Histoire de la mine de Messeix - MINERAIL histoire de la mine de Messeix","og_description":"la mine de Messeix, son histoire et son exploitation sont r\u00e9v\u00e9l\u00e9s au mus\u00e9e . Cette aventure humaine et industrielle dure un si\u00e8cle et demi .","og_url":"https:\/\/minerail.fr\/index.php\/histoire-de-la-mine-de-messeix\/","og_site_name":"MINERAIL","article_publisher":"https:\/\/www.facebook.com\/minerail","article_modified_time":"2024-03-25T09:57:38+00:00","og_image":[{"url":"https:\/\/minerail.fr\/wp-content\/uploads\/2020\/11\/musee-de-la-mine-Messeix-Puy-de-dome-Minerail-patrimoine-industriel-chevalement-Puits-Saint-Louis.jpg","type":"","width":"","height":""}],"twitter_card":"summary_large_image","twitter_misc":{"Dur\u00e9e de lecture estim\u00e9e":"13 minutes"},"schema":{"@context":"https:\/\/schema.org","@graph":[{"@type":"WebPage","@id":"https:\/\/minerail.fr\/index.php\/histoire-de-la-mine-de-messeix\/","url":"https:\/\/minerail.fr\/index.php\/histoire-de-la-mine-de-messeix\/","name":"Histoire de la mine de Messeix - MINERAIL histoire de la mine de Messeix","isPartOf":{"@id":"https:\/\/minerail.fr\/#website"},"primaryImageOfPage":{"@id":"https:\/\/minerail.fr\/index.php\/histoire-de-la-mine-de-messeix\/#primaryimage"},"image":{"@id":"https:\/\/minerail.fr\/index.php\/histoire-de-la-mine-de-messeix\/#primaryimage"},"thumbnailUrl":"https:\/\/minerail.fr\/wp-content\/uploads\/2020\/11\/musee-de-la-mine-Messeix-Puy-de-dome-Minerail-patrimoine-industriel-chevalement-Puits-Saint-Louis.jpg","datePublished":"2020-10-30T09:39:57+00:00","dateModified":"2024-03-25T09:57:38+00:00","description":"la mine de Messeix, son histoire et son exploitation sont r\u00e9v\u00e9l\u00e9s au mus\u00e9e . Cette aventure humaine et industrielle dure un si\u00e8cle et demi .","breadcrumb":{"@id":"https:\/\/minerail.fr\/index.php\/histoire-de-la-mine-de-messeix\/#breadcrumb"},"inLanguage":"fr-FR","potentialAction":[{"@type":"ReadAction","target":["https:\/\/minerail.fr\/index.php\/histoire-de-la-mine-de-messeix\/"]}]},{"@type":"ImageObject","inLanguage":"fr-FR","@id":"https:\/\/minerail.fr\/index.php\/histoire-de-la-mine-de-messeix\/#primaryimage","url":"https:\/\/minerail.fr\/wp-content\/uploads\/2020\/11\/musee-de-la-mine-Messeix-Puy-de-dome-Minerail-patrimoine-industriel-chevalement-Puits-Saint-Louis.jpg","contentUrl":"https:\/\/minerail.fr\/wp-content\/uploads\/2020\/11\/musee-de-la-mine-Messeix-Puy-de-dome-Minerail-patrimoine-industriel-chevalement-Puits-Saint-Louis.jpg","width":1920,"height":1080,"caption":"partie sup\u00e9rieure du chevalement"},{"@type":"BreadcrumbList","@id":"https:\/\/minerail.fr\/index.php\/histoire-de-la-mine-de-messeix\/#breadcrumb","itemListElement":[{"@type":"ListItem","position":1,"name":"Accueil","item":"https:\/\/minerail.fr\/"},{"@type":"ListItem","position":2,"name":"Histoire de la mine de Messeix"}]},{"@type":"WebSite","@id":"https:\/\/minerail.fr\/#website","url":"https:\/\/minerail.fr\/","name":"MINERAIL","description":"150 ans d&#039;exploitation mini\u00e8re \u00e0 Messeix","publisher":{"@id":"https:\/\/minerail.fr\/#organization"},"potentialAction":[{"@type":"SearchAction","target":{"@type":"EntryPoint","urlTemplate":"https:\/\/minerail.fr\/?s={search_term_string}"},"query-input":{"@type":"PropertyValueSpecification","valueRequired":true,"valueName":"search_term_string"}}],"inLanguage":"fr-FR"},{"@type":"Organization","@id":"https:\/\/minerail.fr\/#organization","name":"MINERAIL","url":"https:\/\/minerail.fr\/","logo":{"@type":"ImageObject","inLanguage":"fr-FR","@id":"https:\/\/minerail.fr\/#\/schema\/logo\/image\/","url":"https:\/\/minerail.fr\/wp-content\/uploads\/2020\/10\/cropped-Minerail_Logo-1.png","contentUrl":"https:\/\/minerail.fr\/wp-content\/uploads\/2020\/10\/cropped-Minerail_Logo-1.png","width":232,"height":100,"caption":"MINERAIL"},"image":{"@id":"https:\/\/minerail.fr\/#\/schema\/logo\/image\/"},"sameAs":["https:\/\/www.facebook.com\/minerail","https:\/\/www.instagram.com\/explore\/locations\/967279510046135\/minerail-musee-de-la-mine-de-messeix\/"]}]}},"_links":{"self":[{"href":"https:\/\/minerail.fr\/index.php\/wp-json\/wp\/v2\/pages\/105","targetHints":{"allow":["GET"]}}],"collection":[{"href":"https:\/\/minerail.fr\/index.php\/wp-json\/wp\/v2\/pages"}],"about":[{"href":"https:\/\/minerail.fr\/index.php\/wp-json\/wp\/v2\/types\/page"}],"author":[{"embeddable":true,"href":"https:\/\/minerail.fr\/index.php\/wp-json\/wp\/v2\/users\/2"}],"replies":[{"embeddable":true,"href":"https:\/\/minerail.fr\/index.php\/wp-json\/wp\/v2\/comments?post=105"}],"version-history":[{"count":12,"href":"https:\/\/minerail.fr\/index.php\/wp-json\/wp\/v2\/pages\/105\/revisions"}],"predecessor-version":[{"id":1728,"href":"https:\/\/minerail.fr\/index.php\/wp-json\/wp\/v2\/pages\/105\/revisions\/1728"}],"wp:attachment":[{"href":"https:\/\/minerail.fr\/index.php\/wp-json\/wp\/v2\/media?parent=105"}],"curies":[{"name":"wp","href":"https:\/\/api.w.org\/{rel}","templated":true}]}}