{"id":1050,"date":"2021-07-14T17:32:44","date_gmt":"2021-07-14T15:32:44","guid":{"rendered":"https:\/\/minerail.fr\/?page_id=1050"},"modified":"2021-07-14T18:20:53","modified_gmt":"2021-07-14T16:20:53","slug":"presentation-et-dedicaces-les-ecrivains-de-la-veytizou","status":"publish","type":"page","link":"https:\/\/minerail.fr\/index.php\/presentation-et-dedicaces-les-ecrivains-de-la-veytizou\/","title":{"rendered":"PRESENTATION ET DEDICACES:            LES ECRIVAINS DE LA VEYTIZOU"},"content":{"rendered":"\n<p>R\u00c9CITS ET ROMANS DE NOS TERROIRS &#8211; L\u2019AMOUR, LE PAYSAN ET LA TERRE<\/p>\n\n\n\n<p><strong>le Mus\u00e9e de la Mine re\u00e7oit les \u00e9crivains de LA VEYTIZOU<\/strong><\/p>\n\n\n\n<div class=\"wp-block-themeisle-blocks-advanced-columns alignfull has-2-columns has-desktop-equal-layout has-tablet-equal-layout has-mobile-collapsedRows-layout has-default-gap has-vertical-unset\" id=\"wp-block-themeisle-blocks-advanced-columns-0c7efa68\"><div class=\"wp-block-themeisle-blocks-advanced-columns-overlay\"><\/div><div class=\"innerblocks-wrap\">\n<div class=\"wp-block-themeisle-blocks-advanced-column\" id=\"wp-block-themeisle-blocks-advanced-column-4cacfe96\">\n<p>&nbsp;&nbsp;&nbsp;&nbsp;&nbsp;&nbsp;&nbsp;&nbsp;&nbsp;&nbsp;&nbsp; Dans le cadre des animations estivales, ce Samedi 14 Ao\u00fbt, deux \u00e9crivains de nos terroirs des Editions de LA VEYTIZOU pr\u00e9senteront et d\u00e9dicaceront leurs derni\u00e8res nouveaut\u00e9s aux visiteurs.<\/p>\n\n\n\n<p>\u00a0\u00a0\u00a0\u00a0\u00a0\u00a0\u00a0\u00a0\u00a0\u00a0\u00a0 <strong>Jean-Pierre BR\u00dbL\u00c9<\/strong>, passionn\u00e9 de Musique traditionnelle et de Ruralit\u00e9 raconte la vie \u00e0 la campagne au si\u00e8cle pass\u00e9. Avec <strong><em>Les larmes d\u2019Anna<\/em><\/strong>, ce sont les femmes courageuses durant la Grande Guerre qui se sont substitu\u00e9es aux hommes partis dans les tranch\u00e9es pour tenir les fermes dans la tourmente. Au milieu du XX<sup>e<\/sup> si\u00e8cle, <strong><em>Le dernier laboureur<\/em><\/strong> a r\u00e9sist\u00e9 aux app\u00e9tits gourmands des SAFER et des affairistes de la terre. Enfin avec <strong><em>L\u2019amour, le paysan et la terre<\/em><\/strong>, ce sont les ann\u00e9es 60, celles de la guerre d\u2019Alg\u00e9rie et de toutes les esp\u00e9rances\u2026<\/p>\n<\/div>\n\n\n\n<div class=\"wp-block-themeisle-blocks-advanced-column\" id=\"wp-block-themeisle-blocks-advanced-column-26bc6ca8\">\n<div class=\"wp-block-group\"><div class=\"wp-block-group__inner-container is-layout-flow wp-block-group-is-layout-flow\">\n<figure class=\"wp-block-gallery aligncenter columns-1 is-cropped wp-block-gallery-1 is-layout-flex wp-block-gallery-is-layout-flex\"><ul class=\"blocks-gallery-grid\"><li class=\"blocks-gallery-item\"><figure><img loading=\"lazy\" decoding=\"async\" width=\"757\" height=\"1024\" src=\"https:\/\/minerail.fr\/wp-content\/uploads\/2021\/07\/AFFICHE-Dedicace-Jean-Pierre-BRULE-MESSEIX-14-757x1024.gif\" alt=\"\" data-id=\"1363\" class=\"wp-image-1363\" srcset=\"https:\/\/minerail.fr\/wp-content\/uploads\/2021\/07\/AFFICHE-Dedicace-Jean-Pierre-BRULE-MESSEIX-14-757x1024.gif 757w, https:\/\/minerail.fr\/wp-content\/uploads\/2021\/07\/AFFICHE-Dedicace-Jean-Pierre-BRULE-MESSEIX-14-222x300.gif 222w, https:\/\/minerail.fr\/wp-content\/uploads\/2021\/07\/AFFICHE-Dedicace-Jean-Pierre-BRULE-MESSEIX-14-768x1039.gif 768w, https:\/\/minerail.fr\/wp-content\/uploads\/2021\/07\/AFFICHE-Dedicace-Jean-Pierre-BRULE-MESSEIX-14-1135x1536.gif 1135w, https:\/\/minerail.fr\/wp-content\/uploads\/2021\/07\/AFFICHE-Dedicace-Jean-Pierre-BRULE-MESSEIX-14-1513x2048.gif 1513w\" sizes=\"auto, (max-width: 757px) 100vw, 757px\" \/><\/figure><\/li><\/ul><\/figure>\n<\/div><\/div>\n<\/div>\n<\/div><\/div>\n\n\n\n<div class=\"wp-block-media-text alignwide has-media-on-the-right is-stacked-on-mobile\"><figure class=\"wp-block-media-text__media\"><img loading=\"lazy\" decoding=\"async\" width=\"738\" height=\"1024\" src=\"https:\/\/minerail.fr\/wp-content\/uploads\/2021\/07\/AFFICHE-Dedicace-Pierre-LOUTY-MESSEIX-14-1-738x1024.gif\" alt=\"\" class=\"wp-image-1373 size-full\" srcset=\"https:\/\/minerail.fr\/wp-content\/uploads\/2021\/07\/AFFICHE-Dedicace-Pierre-LOUTY-MESSEIX-14-1-738x1024.gif 738w, https:\/\/minerail.fr\/wp-content\/uploads\/2021\/07\/AFFICHE-Dedicace-Pierre-LOUTY-MESSEIX-14-1-216x300.gif 216w, https:\/\/minerail.fr\/wp-content\/uploads\/2021\/07\/AFFICHE-Dedicace-Pierre-LOUTY-MESSEIX-14-1-768x1066.gif 768w, https:\/\/minerail.fr\/wp-content\/uploads\/2021\/07\/AFFICHE-Dedicace-Pierre-LOUTY-MESSEIX-14-1-1107x1536.gif 1107w, https:\/\/minerail.fr\/wp-content\/uploads\/2021\/07\/AFFICHE-Dedicace-Pierre-LOUTY-MESSEIX-14-1-1476x2048.gif 1476w\" sizes=\"auto, (max-width: 738px) 100vw, 738px\" \/><\/figure><div class=\"wp-block-media-text__content\">\n<p>&nbsp;&nbsp;&nbsp;&nbsp;&nbsp;&nbsp;&nbsp;&nbsp;&nbsp;&nbsp;&nbsp; Bien connu pour ses ouvrages qui ont donn\u00e9 la parole aux Maquisards lib\u00e9rateurs de notre pays, <strong>Pierre LOUTY<\/strong> fondateur des Editions de LA VEYTIZOU vous entra\u00eene sur les pas d\u2019<strong><em>Adrien de la Combe aux Loups<\/em><\/strong> et de <strong><em>La fille de la meuni\u00e8re<\/em><\/strong>. Il vous ouvre les pages des <strong><em>Vendanges de l\u2019Amour<\/em><\/strong>, son dernier roman&nbsp;: une histoire peu ordinaire d\u2019une belle vie au contact de la Nature, des Hommes et des Livres.<\/p>\n\n\n\n<p>Venez rencontrer deux romanciers populaires amoureux de leurs terroirs et de l\u2019Histoire&nbsp;! Une belle journ\u00e9e de partage&nbsp;!<\/p>\n<\/div><\/div>\n\n\n\n<p><\/p>\n","protected":false},"excerpt":{"rendered":"<p>R\u00c9CITS ET ROMANS DE NOS TERROIRS &#8211; L\u2019AMOUR, LE PAYSAN ET LA TERRE le Mus\u00e9e de la Mine re\u00e7oit les \u00e9crivains de LA VEYTIZOU &nbsp;&nbsp;&nbsp;&nbsp;&nbsp;&nbsp;&nbsp;&nbsp;&nbsp;&nbsp;&nbsp; Bien connu pour ses ouvrages qui ont donn\u00e9 la parole aux Maquisards lib\u00e9rateurs de notre pays, Pierre LOUTY fondateur des Editions de LA VEYTIZOU vous [&hellip;]<\/p>\n","protected":false},"author":1,"featured_media":0,"parent":0,"menu_order":0,"comment_status":"closed","ping_status":"closed","template":"","meta":{"_themeisle_gutenberg_block_has_review":false,"footnotes":""},"class_list":["post-1050","page","type-page","status-publish","hentry"],"yoast_head":"<!-- This site is optimized with the Yoast SEO plugin v26.9 - https:\/\/yoast.com\/product\/yoast-seo-wordpress\/ -->\n<title>PRESENTATION ET DEDICACES:      LES ECRIVAINS DE LA VEYTIZOU - MINERAIL<\/title>\n<meta name=\"robots\" content=\"index, follow, max-snippet:-1, max-image-preview:large, max-video-preview:-1\" \/>\n<link rel=\"canonical\" href=\"https:\/\/minerail.fr\/index.php\/presentation-et-dedicaces-les-ecrivains-de-la-veytizou\/\" \/>\n<meta property=\"og:locale\" content=\"fr_FR\" \/>\n<meta property=\"og:type\" content=\"article\" \/>\n<meta property=\"og:title\" content=\"PRESENTATION ET DEDICACES:      LES ECRIVAINS DE LA VEYTIZOU - MINERAIL\" \/>\n<meta property=\"og:description\" content=\"R\u00c9CITS ET ROMANS DE NOS TERROIRS &#8211; L\u2019AMOUR, LE PAYSAN ET LA TERRE le Mus\u00e9e de la Mine re\u00e7oit les \u00e9crivains de LA VEYTIZOU &nbsp;&nbsp;&nbsp;&nbsp;&nbsp;&nbsp;&nbsp;&nbsp;&nbsp;&nbsp;&nbsp; Bien connu pour ses ouvrages qui ont donn\u00e9 la parole aux Maquisards lib\u00e9rateurs de notre pays, Pierre LOUTY fondateur des Editions de LA VEYTIZOU vous [&hellip;]\" \/>\n<meta property=\"og:url\" content=\"https:\/\/minerail.fr\/index.php\/presentation-et-dedicaces-les-ecrivains-de-la-veytizou\/\" \/>\n<meta property=\"og:site_name\" content=\"MINERAIL\" \/>\n<meta property=\"article:publisher\" content=\"https:\/\/www.facebook.com\/minerail\" \/>\n<meta property=\"article:modified_time\" content=\"2021-07-14T16:20:53+00:00\" \/>\n<meta property=\"og:image\" content=\"https:\/\/minerail.fr\/wp-content\/uploads\/2021\/07\/AFFICHE-Dedicace-Jean-Pierre-BRULE-MESSEIX-14-757x1024.gif\" \/>\n<meta name=\"twitter:card\" content=\"summary_large_image\" \/>\n<meta name=\"twitter:label1\" content=\"Dur\u00e9e de lecture estim\u00e9e\" \/>\n\t<meta name=\"twitter:data1\" content=\"2 minutes\" \/>\n<script type=\"application\/ld+json\" class=\"yoast-schema-graph\">{\"@context\":\"https:\/\/schema.org\",\"@graph\":[{\"@type\":\"WebPage\",\"@id\":\"https:\/\/minerail.fr\/index.php\/presentation-et-dedicaces-les-ecrivains-de-la-veytizou\/\",\"url\":\"https:\/\/minerail.fr\/index.php\/presentation-et-dedicaces-les-ecrivains-de-la-veytizou\/\",\"name\":\"PRESENTATION ET DEDICACES: LES ECRIVAINS DE LA VEYTIZOU - MINERAIL\",\"isPartOf\":{\"@id\":\"https:\/\/minerail.fr\/#website\"},\"primaryImageOfPage\":{\"@id\":\"https:\/\/minerail.fr\/index.php\/presentation-et-dedicaces-les-ecrivains-de-la-veytizou\/#primaryimage\"},\"image\":{\"@id\":\"https:\/\/minerail.fr\/index.php\/presentation-et-dedicaces-les-ecrivains-de-la-veytizou\/#primaryimage\"},\"thumbnailUrl\":\"https:\/\/minerail.fr\/wp-content\/uploads\/2021\/07\/AFFICHE-Dedicace-Jean-Pierre-BRULE-MESSEIX-14-757x1024.gif\",\"datePublished\":\"2021-07-14T15:32:44+00:00\",\"dateModified\":\"2021-07-14T16:20:53+00:00\",\"breadcrumb\":{\"@id\":\"https:\/\/minerail.fr\/index.php\/presentation-et-dedicaces-les-ecrivains-de-la-veytizou\/#breadcrumb\"},\"inLanguage\":\"fr-FR\",\"potentialAction\":[{\"@type\":\"ReadAction\",\"target\":[\"https:\/\/minerail.fr\/index.php\/presentation-et-dedicaces-les-ecrivains-de-la-veytizou\/\"]}]},{\"@type\":\"ImageObject\",\"inLanguage\":\"fr-FR\",\"@id\":\"https:\/\/minerail.fr\/index.php\/presentation-et-dedicaces-les-ecrivains-de-la-veytizou\/#primaryimage\",\"url\":\"https:\/\/minerail.fr\/wp-content\/uploads\/2021\/07\/AFFICHE-Dedicace-Jean-Pierre-BRULE-MESSEIX-14-757x1024.gif\",\"contentUrl\":\"https:\/\/minerail.fr\/wp-content\/uploads\/2021\/07\/AFFICHE-Dedicace-Jean-Pierre-BRULE-MESSEIX-14-757x1024.gif\"},{\"@type\":\"BreadcrumbList\",\"@id\":\"https:\/\/minerail.fr\/index.php\/presentation-et-dedicaces-les-ecrivains-de-la-veytizou\/#breadcrumb\",\"itemListElement\":[{\"@type\":\"ListItem\",\"position\":1,\"name\":\"Accueil\",\"item\":\"https:\/\/minerail.fr\/\"},{\"@type\":\"ListItem\",\"position\":2,\"name\":\"PRESENTATION ET DEDICACES: LES ECRIVAINS DE LA VEYTIZOU\"}]},{\"@type\":\"WebSite\",\"@id\":\"https:\/\/minerail.fr\/#website\",\"url\":\"https:\/\/minerail.fr\/\",\"name\":\"MINERAIL\",\"description\":\"150 ans d&#039;exploitation mini\u00e8re \u00e0 Messeix\",\"publisher\":{\"@id\":\"https:\/\/minerail.fr\/#organization\"},\"potentialAction\":[{\"@type\":\"SearchAction\",\"target\":{\"@type\":\"EntryPoint\",\"urlTemplate\":\"https:\/\/minerail.fr\/?s={search_term_string}\"},\"query-input\":{\"@type\":\"PropertyValueSpecification\",\"valueRequired\":true,\"valueName\":\"search_term_string\"}}],\"inLanguage\":\"fr-FR\"},{\"@type\":\"Organization\",\"@id\":\"https:\/\/minerail.fr\/#organization\",\"name\":\"MINERAIL\",\"url\":\"https:\/\/minerail.fr\/\",\"logo\":{\"@type\":\"ImageObject\",\"inLanguage\":\"fr-FR\",\"@id\":\"https:\/\/minerail.fr\/#\/schema\/logo\/image\/\",\"url\":\"https:\/\/minerail.fr\/wp-content\/uploads\/2020\/10\/cropped-Minerail_Logo-1.png\",\"contentUrl\":\"https:\/\/minerail.fr\/wp-content\/uploads\/2020\/10\/cropped-Minerail_Logo-1.png\",\"width\":232,\"height\":100,\"caption\":\"MINERAIL\"},\"image\":{\"@id\":\"https:\/\/minerail.fr\/#\/schema\/logo\/image\/\"},\"sameAs\":[\"https:\/\/www.facebook.com\/minerail\",\"https:\/\/www.instagram.com\/explore\/locations\/967279510046135\/minerail-musee-de-la-mine-de-messeix\/\"]}]}<\/script>\n<!-- \/ Yoast SEO plugin. -->","yoast_head_json":{"title":"PRESENTATION ET DEDICACES:      LES ECRIVAINS DE LA VEYTIZOU - MINERAIL","robots":{"index":"index","follow":"follow","max-snippet":"max-snippet:-1","max-image-preview":"max-image-preview:large","max-video-preview":"max-video-preview:-1"},"canonical":"https:\/\/minerail.fr\/index.php\/presentation-et-dedicaces-les-ecrivains-de-la-veytizou\/","og_locale":"fr_FR","og_type":"article","og_title":"PRESENTATION ET DEDICACES:      LES ECRIVAINS DE LA VEYTIZOU - MINERAIL","og_description":"R\u00c9CITS ET ROMANS DE NOS TERROIRS &#8211; L\u2019AMOUR, LE PAYSAN ET LA TERRE le Mus\u00e9e de la Mine re\u00e7oit les \u00e9crivains de LA VEYTIZOU &nbsp;&nbsp;&nbsp;&nbsp;&nbsp;&nbsp;&nbsp;&nbsp;&nbsp;&nbsp;&nbsp; Bien connu pour ses ouvrages qui ont donn\u00e9 la parole aux Maquisards lib\u00e9rateurs de notre pays, Pierre LOUTY fondateur des Editions de LA VEYTIZOU vous [&hellip;]","og_url":"https:\/\/minerail.fr\/index.php\/presentation-et-dedicaces-les-ecrivains-de-la-veytizou\/","og_site_name":"MINERAIL","article_publisher":"https:\/\/www.facebook.com\/minerail","article_modified_time":"2021-07-14T16:20:53+00:00","og_image":[{"url":"https:\/\/minerail.fr\/wp-content\/uploads\/2021\/07\/AFFICHE-Dedicace-Jean-Pierre-BRULE-MESSEIX-14-757x1024.gif","type":"","width":"","height":""}],"twitter_card":"summary_large_image","twitter_misc":{"Dur\u00e9e de lecture estim\u00e9e":"2 minutes"},"schema":{"@context":"https:\/\/schema.org","@graph":[{"@type":"WebPage","@id":"https:\/\/minerail.fr\/index.php\/presentation-et-dedicaces-les-ecrivains-de-la-veytizou\/","url":"https:\/\/minerail.fr\/index.php\/presentation-et-dedicaces-les-ecrivains-de-la-veytizou\/","name":"PRESENTATION ET DEDICACES: LES ECRIVAINS DE LA VEYTIZOU - MINERAIL","isPartOf":{"@id":"https:\/\/minerail.fr\/#website"},"primaryImageOfPage":{"@id":"https:\/\/minerail.fr\/index.php\/presentation-et-dedicaces-les-ecrivains-de-la-veytizou\/#primaryimage"},"image":{"@id":"https:\/\/minerail.fr\/index.php\/presentation-et-dedicaces-les-ecrivains-de-la-veytizou\/#primaryimage"},"thumbnailUrl":"https:\/\/minerail.fr\/wp-content\/uploads\/2021\/07\/AFFICHE-Dedicace-Jean-Pierre-BRULE-MESSEIX-14-757x1024.gif","datePublished":"2021-07-14T15:32:44+00:00","dateModified":"2021-07-14T16:20:53+00:00","breadcrumb":{"@id":"https:\/\/minerail.fr\/index.php\/presentation-et-dedicaces-les-ecrivains-de-la-veytizou\/#breadcrumb"},"inLanguage":"fr-FR","potentialAction":[{"@type":"ReadAction","target":["https:\/\/minerail.fr\/index.php\/presentation-et-dedicaces-les-ecrivains-de-la-veytizou\/"]}]},{"@type":"ImageObject","inLanguage":"fr-FR","@id":"https:\/\/minerail.fr\/index.php\/presentation-et-dedicaces-les-ecrivains-de-la-veytizou\/#primaryimage","url":"https:\/\/minerail.fr\/wp-content\/uploads\/2021\/07\/AFFICHE-Dedicace-Jean-Pierre-BRULE-MESSEIX-14-757x1024.gif","contentUrl":"https:\/\/minerail.fr\/wp-content\/uploads\/2021\/07\/AFFICHE-Dedicace-Jean-Pierre-BRULE-MESSEIX-14-757x1024.gif"},{"@type":"BreadcrumbList","@id":"https:\/\/minerail.fr\/index.php\/presentation-et-dedicaces-les-ecrivains-de-la-veytizou\/#breadcrumb","itemListElement":[{"@type":"ListItem","position":1,"name":"Accueil","item":"https:\/\/minerail.fr\/"},{"@type":"ListItem","position":2,"name":"PRESENTATION ET DEDICACES: LES ECRIVAINS DE LA VEYTIZOU"}]},{"@type":"WebSite","@id":"https:\/\/minerail.fr\/#website","url":"https:\/\/minerail.fr\/","name":"MINERAIL","description":"150 ans d&#039;exploitation mini\u00e8re \u00e0 Messeix","publisher":{"@id":"https:\/\/minerail.fr\/#organization"},"potentialAction":[{"@type":"SearchAction","target":{"@type":"EntryPoint","urlTemplate":"https:\/\/minerail.fr\/?s={search_term_string}"},"query-input":{"@type":"PropertyValueSpecification","valueRequired":true,"valueName":"search_term_string"}}],"inLanguage":"fr-FR"},{"@type":"Organization","@id":"https:\/\/minerail.fr\/#organization","name":"MINERAIL","url":"https:\/\/minerail.fr\/","logo":{"@type":"ImageObject","inLanguage":"fr-FR","@id":"https:\/\/minerail.fr\/#\/schema\/logo\/image\/","url":"https:\/\/minerail.fr\/wp-content\/uploads\/2020\/10\/cropped-Minerail_Logo-1.png","contentUrl":"https:\/\/minerail.fr\/wp-content\/uploads\/2020\/10\/cropped-Minerail_Logo-1.png","width":232,"height":100,"caption":"MINERAIL"},"image":{"@id":"https:\/\/minerail.fr\/#\/schema\/logo\/image\/"},"sameAs":["https:\/\/www.facebook.com\/minerail","https:\/\/www.instagram.com\/explore\/locations\/967279510046135\/minerail-musee-de-la-mine-de-messeix\/"]}]}},"_links":{"self":[{"href":"https:\/\/minerail.fr\/index.php\/wp-json\/wp\/v2\/pages\/1050","targetHints":{"allow":["GET"]}}],"collection":[{"href":"https:\/\/minerail.fr\/index.php\/wp-json\/wp\/v2\/pages"}],"about":[{"href":"https:\/\/minerail.fr\/index.php\/wp-json\/wp\/v2\/types\/page"}],"author":[{"embeddable":true,"href":"https:\/\/minerail.fr\/index.php\/wp-json\/wp\/v2\/users\/1"}],"replies":[{"embeddable":true,"href":"https:\/\/minerail.fr\/index.php\/wp-json\/wp\/v2\/comments?post=1050"}],"version-history":[{"count":13,"href":"https:\/\/minerail.fr\/index.php\/wp-json\/wp\/v2\/pages\/1050\/revisions"}],"predecessor-version":[{"id":1381,"href":"https:\/\/minerail.fr\/index.php\/wp-json\/wp\/v2\/pages\/1050\/revisions\/1381"}],"wp:attachment":[{"href":"https:\/\/minerail.fr\/index.php\/wp-json\/wp\/v2\/media?parent=1050"}],"curies":[{"name":"wp","href":"https:\/\/api.w.org\/{rel}","templated":true}]}}