{"id":1271,"date":"2021-07-13T19:38:01","date_gmt":"2021-07-13T17:38:01","guid":{"rendered":"https:\/\/minerail.fr\/?page_id=1271"},"modified":"2021-07-13T19:38:02","modified_gmt":"2021-07-13T17:38:02","slug":"les-crimes-de-bourg-lastic","status":"publish","type":"page","link":"https:\/\/minerail.fr\/index.php\/les-crimes-de-bourg-lastic\/","title":{"rendered":"Les crimes de Bourg-Lastic"},"content":{"rendered":"\n<div class=\"wp-block-themeisle-blocks-advanced-columns has-2-columns has-desktop-oneTwo-layout has-tablet-equal-layout has-mobile-collapsedRows-layout has-default-gap has-vertical-unset\" id=\"wp-block-themeisle-blocks-advanced-columns-534af61b\"><div class=\"wp-block-themeisle-blocks-advanced-columns-overlay\"><\/div><div class=\"innerblocks-wrap\">\n<div class=\"wp-block-themeisle-blocks-advanced-column\" id=\"wp-block-themeisle-blocks-advanced-column-42207aef\">\n<figure class=\"wp-block-image size-large\"><img loading=\"lazy\" decoding=\"async\" width=\"724\" height=\"1024\" src=\"https:\/\/minerail.fr\/wp-content\/uploads\/2021\/07\/Conf-Messeix-VDEF-724x1024.jpg\" alt=\"\" class=\"wp-image-1272\" srcset=\"https:\/\/minerail.fr\/wp-content\/uploads\/2021\/07\/Conf-Messeix-VDEF-724x1024.jpg 724w, https:\/\/minerail.fr\/wp-content\/uploads\/2021\/07\/Conf-Messeix-VDEF-212x300.jpg 212w, https:\/\/minerail.fr\/wp-content\/uploads\/2021\/07\/Conf-Messeix-VDEF-768x1086.jpg 768w, https:\/\/minerail.fr\/wp-content\/uploads\/2021\/07\/Conf-Messeix-VDEF-1086x1536.jpg 1086w, https:\/\/minerail.fr\/wp-content\/uploads\/2021\/07\/Conf-Messeix-VDEF.jpg 1241w\" sizes=\"auto, (max-width: 724px) 100vw, 724px\" \/><\/figure>\n<\/div>\n\n\n\n<div class=\"wp-block-themeisle-blocks-advanced-column\" id=\"wp-block-themeisle-blocks-advanced-column-04adf863\">\n<p>Source wikip\u00e9dia:<\/p>\n\n\n\n<p>i<strong>Le\u00a0<a href=\"https:\/\/fr.wikipedia.org\/wiki\/9_juillet\">9 juillet<\/a>, 5 convois de la\u00a0colonne Jesser\u00a0sont envoy\u00e9s en repr\u00e9sailles en\u00a0<a href=\"https:\/\/fr.wikipedia.org\/wiki\/Corr%C3%A8ze_(d%C3%A9partement)\">Corr\u00e8ze<\/a>\u00a0et dans l&#8217;ouest du\u00a0<a href=\"https:\/\/fr.wikipedia.org\/wiki\/Puy-de-D%C3%B4me\">Puy-de-D\u00f4me<\/a>, \u00e0 la suite de l\u2019embuscade du\u00a0<a href=\"https:\/\/fr.wikipedia.org\/wiki\/Chavanon\">Chavanon<\/a>\u00a0le\u00a0<a href=\"https:\/\/fr.wikipedia.org\/wiki\/7_juillet\">7 juillet<\/a>\u00a0o\u00f9 le commandant d\u2019une compagnie du\u00a0<a href=\"https:\/\/fr.wikipedia.org\/wiki\/95e_r%C3%A9giment_de_s%C3%A9curit%C3%A9\">95<sup>e<\/sup>\u00a0r\u00e9giment de s\u00e9curit\u00e9<\/a>\u00a0\u00e0\u00a0<a href=\"https:\/\/fr.wikipedia.org\/wiki\/Ussel_(Corr%C3%A8ze)\">Ussel<\/a>\u00a0et sa colonne furent an\u00e9antis par la R\u00e9sistance (22 &#8211; ou 23 morts &#8211; et quelques prisonniers). Ils installent leur QG \u00e0\u00a0<a href=\"https:\/\/fr.wikipedia.org\/wiki\/Eygurande\">Eygurande<\/a>\u00a0et\u00a0<a href=\"https:\/\/fr.wikipedia.org\/wiki\/Bourg-Lastic\">Bourg-Lastic<\/a>. Un civil est tu\u00e9 le 9 juillet au soir lorsque les premiers \u00e9l\u00e9ments du\u00a0groupement Coqui\u00a0investissent et cernent le village de\u00a0<a href=\"https:\/\/fr.wikipedia.org\/wiki\/Bourg-Lastic\">Bourg-Lastic<\/a>.<br>Il s&#8217;ensuit une &#8220;semaine de terreur&#8221; \u00e0\u00a0<a href=\"https:\/\/fr.wikipedia.org\/wiki\/Bourg-Lastic\">Bourg-Lastic<\/a>, village boucl\u00e9 et occup\u00e9 par le\u00a0groupement Coqui<sup><a href=\"https:\/\/fr.wikipedia.org\/wiki\/Brigade_Jesser#cite_note-10\">10<\/a><\/sup>, au cours de laquelle sont interrog\u00e9s des R\u00e9sistants de\u00a0<a href=\"https:\/\/fr.wikipedia.org\/wiki\/Bourg-Lastic\">Bourg-Lastic<\/a>\u00a0et\u00a0<a href=\"https:\/\/fr.wikipedia.org\/wiki\/Messeix\">Messeix<\/a>\u00a0ainsi que des civils de la r\u00e9gion<\/strong><\/p>\n<\/div>\n<\/div><\/div>\n\n\n\n<ul class=\"wp-block-list\" id=\"block-fe548189-4a4d-47e8-941c-4fd8ccb48539\"><li><strong><a href=\"https:\/\/fr.wikipedia.org\/wiki\/14_juillet\">14 juillet<\/a>&nbsp;: \u00e0&nbsp;<a href=\"https:\/\/fr.wikipedia.org\/wiki\/Bourg-Lastic\">Bourg-Lastic<\/a>&nbsp;: \u00e0 l&#8217;issue des enqu\u00eates et interrogatoires men\u00e9s du 10 au 13 juillet, 25 \u00e0 28 otages partent \u00e0 Clermont-Ferrand. six d&#8217;entre eux seront d\u00e9port\u00e9s avec le statut &#8220;politique&#8221; dont deux femmes. Les autres otages seront envoy\u00e9s au STO en Allemagne.<\/strong><\/li><li><strong><a href=\"https:\/\/fr.wikipedia.org\/wiki\/15_juillet\">15 juillet<\/a>&nbsp;1944&nbsp;: \u00e0&nbsp;<a href=\"https:\/\/fr.wikipedia.org\/wiki\/Bourg-Lastic\">Bourg-Lastic<\/a>&nbsp;23 otages sont fusill\u00e9s au camp militaire. Parmi eux, le maire Pierre Chassagny ainsi que Maurice Piedpremier, instituteur, capitaine des Forces Fran\u00e7aises de l&#8217;Int\u00e9rieur et commandant la&nbsp;2<sup>e<\/sup>&nbsp;compagnie de la zone 3, et ainsi que deux de ses seconds, Henri Dulac et Pierre Beaulaton.<\/strong><\/li><li><strong>15 juillet 1944&nbsp;: de l&#8217;autre c\u00f4t\u00e9 du Chavanon, \u00e0 Feyt (Corr\u00e8ze), les colonnes assassinent 3 r\u00e9sistants (balles dans le dos<\/strong><\/li><\/ul>\n","protected":false},"excerpt":{"rendered":"<p>14 juillet&nbsp;: \u00e0&nbsp;Bourg-Lastic&nbsp;: \u00e0 l&#8217;issue des enqu\u00eates et interrogatoires men\u00e9s du 10 au 13 juillet, 25 \u00e0 28 otages partent \u00e0 Clermont-Ferrand. six d&#8217;entre eux seront d\u00e9port\u00e9s avec le statut &#8220;politique&#8221; dont deux femmes. Les autres otages seront envoy\u00e9s au STO en Allemagne. 15 juillet&nbsp;1944&nbsp;: \u00e0&nbsp;Bourg-Lastic&nbsp;23 otages sont fusill\u00e9s au [&hellip;]<\/p>\n","protected":false},"author":1,"featured_media":0,"parent":0,"menu_order":0,"comment_status":"closed","ping_status":"closed","template":"","meta":{"_themeisle_gutenberg_block_has_review":false,"footnotes":""},"class_list":["post-1271","page","type-page","status-publish","hentry"],"yoast_head":"<!-- This site is optimized with the Yoast SEO plugin v26.9 - https:\/\/yoast.com\/product\/yoast-seo-wordpress\/ -->\n<title>Les crimes de Bourg-Lastic - MINERAIL<\/title>\n<meta name=\"robots\" content=\"index, follow, max-snippet:-1, max-image-preview:large, max-video-preview:-1\" \/>\n<link rel=\"canonical\" href=\"https:\/\/minerail.fr\/index.php\/les-crimes-de-bourg-lastic\/\" \/>\n<meta property=\"og:locale\" content=\"fr_FR\" \/>\n<meta property=\"og:type\" content=\"article\" \/>\n<meta property=\"og:title\" content=\"Les crimes de Bourg-Lastic - MINERAIL\" \/>\n<meta property=\"og:description\" content=\"14 juillet&nbsp;: \u00e0&nbsp;Bourg-Lastic&nbsp;: \u00e0 l&#8217;issue des enqu\u00eates et interrogatoires men\u00e9s du 10 au 13 juillet, 25 \u00e0 28 otages partent \u00e0 Clermont-Ferrand. six d&#8217;entre eux seront d\u00e9port\u00e9s avec le statut &#8220;politique&#8221; dont deux femmes. Les autres otages seront envoy\u00e9s au STO en Allemagne. 15 juillet&nbsp;1944&nbsp;: \u00e0&nbsp;Bourg-Lastic&nbsp;23 otages sont fusill\u00e9s au [&hellip;]\" \/>\n<meta property=\"og:url\" content=\"https:\/\/minerail.fr\/index.php\/les-crimes-de-bourg-lastic\/\" \/>\n<meta property=\"og:site_name\" content=\"MINERAIL\" \/>\n<meta property=\"article:publisher\" content=\"https:\/\/www.facebook.com\/minerail\" \/>\n<meta property=\"article:modified_time\" content=\"2021-07-13T17:38:02+00:00\" \/>\n<meta property=\"og:image\" content=\"https:\/\/minerail.fr\/wp-content\/uploads\/2021\/07\/Conf-Messeix-VDEF-724x1024.jpg\" \/>\n<meta name=\"twitter:card\" content=\"summary_large_image\" \/>\n<meta name=\"twitter:label1\" content=\"Dur\u00e9e de lecture estim\u00e9e\" \/>\n\t<meta name=\"twitter:data1\" content=\"2 minutes\" \/>\n<script type=\"application\/ld+json\" class=\"yoast-schema-graph\">{\"@context\":\"https:\/\/schema.org\",\"@graph\":[{\"@type\":\"WebPage\",\"@id\":\"https:\/\/minerail.fr\/index.php\/les-crimes-de-bourg-lastic\/\",\"url\":\"https:\/\/minerail.fr\/index.php\/les-crimes-de-bourg-lastic\/\",\"name\":\"Les crimes de Bourg-Lastic - MINERAIL\",\"isPartOf\":{\"@id\":\"https:\/\/minerail.fr\/#website\"},\"primaryImageOfPage\":{\"@id\":\"https:\/\/minerail.fr\/index.php\/les-crimes-de-bourg-lastic\/#primaryimage\"},\"image\":{\"@id\":\"https:\/\/minerail.fr\/index.php\/les-crimes-de-bourg-lastic\/#primaryimage\"},\"thumbnailUrl\":\"https:\/\/minerail.fr\/wp-content\/uploads\/2021\/07\/Conf-Messeix-VDEF-724x1024.jpg\",\"datePublished\":\"2021-07-13T17:38:01+00:00\",\"dateModified\":\"2021-07-13T17:38:02+00:00\",\"breadcrumb\":{\"@id\":\"https:\/\/minerail.fr\/index.php\/les-crimes-de-bourg-lastic\/#breadcrumb\"},\"inLanguage\":\"fr-FR\",\"potentialAction\":[{\"@type\":\"ReadAction\",\"target\":[\"https:\/\/minerail.fr\/index.php\/les-crimes-de-bourg-lastic\/\"]}]},{\"@type\":\"ImageObject\",\"inLanguage\":\"fr-FR\",\"@id\":\"https:\/\/minerail.fr\/index.php\/les-crimes-de-bourg-lastic\/#primaryimage\",\"url\":\"https:\/\/minerail.fr\/wp-content\/uploads\/2021\/07\/Conf-Messeix-VDEF.jpg\",\"contentUrl\":\"https:\/\/minerail.fr\/wp-content\/uploads\/2021\/07\/Conf-Messeix-VDEF.jpg\",\"width\":1241,\"height\":1755},{\"@type\":\"BreadcrumbList\",\"@id\":\"https:\/\/minerail.fr\/index.php\/les-crimes-de-bourg-lastic\/#breadcrumb\",\"itemListElement\":[{\"@type\":\"ListItem\",\"position\":1,\"name\":\"Accueil\",\"item\":\"https:\/\/minerail.fr\/\"},{\"@type\":\"ListItem\",\"position\":2,\"name\":\"Les crimes de Bourg-Lastic\"}]},{\"@type\":\"WebSite\",\"@id\":\"https:\/\/minerail.fr\/#website\",\"url\":\"https:\/\/minerail.fr\/\",\"name\":\"MINERAIL\",\"description\":\"150 ans d&#039;exploitation mini\u00e8re \u00e0 Messeix\",\"publisher\":{\"@id\":\"https:\/\/minerail.fr\/#organization\"},\"potentialAction\":[{\"@type\":\"SearchAction\",\"target\":{\"@type\":\"EntryPoint\",\"urlTemplate\":\"https:\/\/minerail.fr\/?s={search_term_string}\"},\"query-input\":{\"@type\":\"PropertyValueSpecification\",\"valueRequired\":true,\"valueName\":\"search_term_string\"}}],\"inLanguage\":\"fr-FR\"},{\"@type\":\"Organization\",\"@id\":\"https:\/\/minerail.fr\/#organization\",\"name\":\"MINERAIL\",\"url\":\"https:\/\/minerail.fr\/\",\"logo\":{\"@type\":\"ImageObject\",\"inLanguage\":\"fr-FR\",\"@id\":\"https:\/\/minerail.fr\/#\/schema\/logo\/image\/\",\"url\":\"https:\/\/minerail.fr\/wp-content\/uploads\/2020\/10\/cropped-Minerail_Logo-1.png\",\"contentUrl\":\"https:\/\/minerail.fr\/wp-content\/uploads\/2020\/10\/cropped-Minerail_Logo-1.png\",\"width\":232,\"height\":100,\"caption\":\"MINERAIL\"},\"image\":{\"@id\":\"https:\/\/minerail.fr\/#\/schema\/logo\/image\/\"},\"sameAs\":[\"https:\/\/www.facebook.com\/minerail\",\"https:\/\/www.instagram.com\/explore\/locations\/967279510046135\/minerail-musee-de-la-mine-de-messeix\/\"]}]}<\/script>\n<!-- \/ Yoast SEO plugin. -->","yoast_head_json":{"title":"Les crimes de Bourg-Lastic - MINERAIL","robots":{"index":"index","follow":"follow","max-snippet":"max-snippet:-1","max-image-preview":"max-image-preview:large","max-video-preview":"max-video-preview:-1"},"canonical":"https:\/\/minerail.fr\/index.php\/les-crimes-de-bourg-lastic\/","og_locale":"fr_FR","og_type":"article","og_title":"Les crimes de Bourg-Lastic - MINERAIL","og_description":"14 juillet&nbsp;: \u00e0&nbsp;Bourg-Lastic&nbsp;: \u00e0 l&#8217;issue des enqu\u00eates et interrogatoires men\u00e9s du 10 au 13 juillet, 25 \u00e0 28 otages partent \u00e0 Clermont-Ferrand. six d&#8217;entre eux seront d\u00e9port\u00e9s avec le statut &#8220;politique&#8221; dont deux femmes. Les autres otages seront envoy\u00e9s au STO en Allemagne. 15 juillet&nbsp;1944&nbsp;: \u00e0&nbsp;Bourg-Lastic&nbsp;23 otages sont fusill\u00e9s au [&hellip;]","og_url":"https:\/\/minerail.fr\/index.php\/les-crimes-de-bourg-lastic\/","og_site_name":"MINERAIL","article_publisher":"https:\/\/www.facebook.com\/minerail","article_modified_time":"2021-07-13T17:38:02+00:00","og_image":[{"url":"https:\/\/minerail.fr\/wp-content\/uploads\/2021\/07\/Conf-Messeix-VDEF-724x1024.jpg","type":"","width":"","height":""}],"twitter_card":"summary_large_image","twitter_misc":{"Dur\u00e9e de lecture estim\u00e9e":"2 minutes"},"schema":{"@context":"https:\/\/schema.org","@graph":[{"@type":"WebPage","@id":"https:\/\/minerail.fr\/index.php\/les-crimes-de-bourg-lastic\/","url":"https:\/\/minerail.fr\/index.php\/les-crimes-de-bourg-lastic\/","name":"Les crimes de Bourg-Lastic - MINERAIL","isPartOf":{"@id":"https:\/\/minerail.fr\/#website"},"primaryImageOfPage":{"@id":"https:\/\/minerail.fr\/index.php\/les-crimes-de-bourg-lastic\/#primaryimage"},"image":{"@id":"https:\/\/minerail.fr\/index.php\/les-crimes-de-bourg-lastic\/#primaryimage"},"thumbnailUrl":"https:\/\/minerail.fr\/wp-content\/uploads\/2021\/07\/Conf-Messeix-VDEF-724x1024.jpg","datePublished":"2021-07-13T17:38:01+00:00","dateModified":"2021-07-13T17:38:02+00:00","breadcrumb":{"@id":"https:\/\/minerail.fr\/index.php\/les-crimes-de-bourg-lastic\/#breadcrumb"},"inLanguage":"fr-FR","potentialAction":[{"@type":"ReadAction","target":["https:\/\/minerail.fr\/index.php\/les-crimes-de-bourg-lastic\/"]}]},{"@type":"ImageObject","inLanguage":"fr-FR","@id":"https:\/\/minerail.fr\/index.php\/les-crimes-de-bourg-lastic\/#primaryimage","url":"https:\/\/minerail.fr\/wp-content\/uploads\/2021\/07\/Conf-Messeix-VDEF.jpg","contentUrl":"https:\/\/minerail.fr\/wp-content\/uploads\/2021\/07\/Conf-Messeix-VDEF.jpg","width":1241,"height":1755},{"@type":"BreadcrumbList","@id":"https:\/\/minerail.fr\/index.php\/les-crimes-de-bourg-lastic\/#breadcrumb","itemListElement":[{"@type":"ListItem","position":1,"name":"Accueil","item":"https:\/\/minerail.fr\/"},{"@type":"ListItem","position":2,"name":"Les crimes de Bourg-Lastic"}]},{"@type":"WebSite","@id":"https:\/\/minerail.fr\/#website","url":"https:\/\/minerail.fr\/","name":"MINERAIL","description":"150 ans d&#039;exploitation mini\u00e8re \u00e0 Messeix","publisher":{"@id":"https:\/\/minerail.fr\/#organization"},"potentialAction":[{"@type":"SearchAction","target":{"@type":"EntryPoint","urlTemplate":"https:\/\/minerail.fr\/?s={search_term_string}"},"query-input":{"@type":"PropertyValueSpecification","valueRequired":true,"valueName":"search_term_string"}}],"inLanguage":"fr-FR"},{"@type":"Organization","@id":"https:\/\/minerail.fr\/#organization","name":"MINERAIL","url":"https:\/\/minerail.fr\/","logo":{"@type":"ImageObject","inLanguage":"fr-FR","@id":"https:\/\/minerail.fr\/#\/schema\/logo\/image\/","url":"https:\/\/minerail.fr\/wp-content\/uploads\/2020\/10\/cropped-Minerail_Logo-1.png","contentUrl":"https:\/\/minerail.fr\/wp-content\/uploads\/2020\/10\/cropped-Minerail_Logo-1.png","width":232,"height":100,"caption":"MINERAIL"},"image":{"@id":"https:\/\/minerail.fr\/#\/schema\/logo\/image\/"},"sameAs":["https:\/\/www.facebook.com\/minerail","https:\/\/www.instagram.com\/explore\/locations\/967279510046135\/minerail-musee-de-la-mine-de-messeix\/"]}]}},"_links":{"self":[{"href":"https:\/\/minerail.fr\/index.php\/wp-json\/wp\/v2\/pages\/1271","targetHints":{"allow":["GET"]}}],"collection":[{"href":"https:\/\/minerail.fr\/index.php\/wp-json\/wp\/v2\/pages"}],"about":[{"href":"https:\/\/minerail.fr\/index.php\/wp-json\/wp\/v2\/types\/page"}],"author":[{"embeddable":true,"href":"https:\/\/minerail.fr\/index.php\/wp-json\/wp\/v2\/users\/1"}],"replies":[{"embeddable":true,"href":"https:\/\/minerail.fr\/index.php\/wp-json\/wp\/v2\/comments?post=1271"}],"version-history":[{"count":4,"href":"https:\/\/minerail.fr\/index.php\/wp-json\/wp\/v2\/pages\/1271\/revisions"}],"predecessor-version":[{"id":1279,"href":"https:\/\/minerail.fr\/index.php\/wp-json\/wp\/v2\/pages\/1271\/revisions\/1279"}],"wp:attachment":[{"href":"https:\/\/minerail.fr\/index.php\/wp-json\/wp\/v2\/media?parent=1271"}],"curies":[{"name":"wp","href":"https:\/\/api.w.org\/{rel}","templated":true}]}}