{"id":1291,"date":"2021-07-14T15:35:37","date_gmt":"2021-07-14T13:35:37","guid":{"rendered":"https:\/\/minerail.fr\/?page_id=1291"},"modified":"2021-08-04T11:54:44","modified_gmt":"2021-08-04T09:54:44","slug":"les-expositions","status":"publish","type":"page","link":"https:\/\/minerail.fr\/index.php\/les-expositions\/","title":{"rendered":"LES EXPOSITIONS"},"content":{"rendered":"\n<div class=\"wp-block-themeisle-blocks-advanced-columns alignfull has-2-columns has-desktop-equal-layout has-tablet-equal-layout has-mobile-collapsedRows-layout has-default-gap has-vertical-unset\" id=\"wp-block-themeisle-blocks-advanced-columns-c38e4669\"><div class=\"wp-block-themeisle-blocks-advanced-columns-overlay\"><\/div><div class=\"innerblocks-wrap\">\n\n<div class=\"wp-block-themeisle-blocks-advanced-column\" id=\"wp-block-themeisle-blocks-advanced-column-8940042b\">\n\n<figure class=\"wp-block-image size-large\"><img loading=\"lazy\" decoding=\"async\" width=\"1024\" height=\"768\" src=\"https:\/\/minerail.fr\/wp-content\/uploads\/2021\/07\/118784868_1837312479740788_3412819778523933304_n-1024x768.jpg\" alt=\"\" class=\"wp-image-1292\" srcset=\"https:\/\/minerail.fr\/wp-content\/uploads\/2021\/07\/118784868_1837312479740788_3412819778523933304_n-1024x768.jpg 1024w, https:\/\/minerail.fr\/wp-content\/uploads\/2021\/07\/118784868_1837312479740788_3412819778523933304_n-300x225.jpg 300w, https:\/\/minerail.fr\/wp-content\/uploads\/2021\/07\/118784868_1837312479740788_3412819778523933304_n-768x576.jpg 768w, https:\/\/minerail.fr\/wp-content\/uploads\/2021\/07\/118784868_1837312479740788_3412819778523933304_n-1536x1152.jpg 1536w, https:\/\/minerail.fr\/wp-content\/uploads\/2021\/07\/118784868_1837312479740788_3412819778523933304_n.jpg 2048w\" sizes=\"auto, (max-width: 1024px) 100vw, 1024px\" \/><\/figure>\n\n<\/div>\n\n\n<div class=\"wp-block-themeisle-blocks-advanced-column\" id=\"wp-block-themeisle-blocks-advanced-column-2394f2dd\">\n\n<h1 class=\"wp-block-heading\">Les mines en combrailles<\/h1>\n\n\n<p style=\"font-size:22px\"><strong>Marius<\/strong>&nbsp;Antonin Annet Francisque&nbsp;<strong>Vazeilles<\/strong><sup><a href=\"https:\/\/fr.wikipedia.org\/wiki\/Marius_Vazeilles#cite_note-an-1\">1<\/a><\/sup>, n\u00e9 le&nbsp;29 juillet 1881&nbsp;\u00e0&nbsp;<a href=\"https:\/\/fr.wikipedia.org\/wiki\/Messeix\">Messeix<\/a>&nbsp;(<a href=\"https:\/\/fr.wikipedia.org\/wiki\/Puy-de-D%C3%B4me\">Puy-de-D\u00f4me<\/a>) et mort le&nbsp;7 juin 1973&nbsp;\u00e0&nbsp;<a href=\"https:\/\/fr.wikipedia.org\/wiki\/Meymac\">Meymac<\/a>&nbsp;(<a href=\"https:\/\/fr.wikipedia.org\/wiki\/Corr%C3%A8ze_(d%C3%A9partement)\">Corr\u00e8ze<\/a>), est un expert&nbsp;<a href=\"https:\/\/fr.wikipedia.org\/wiki\/Forestier\">forestier<\/a>, un&nbsp;<a href=\"https:\/\/fr.wikipedia.org\/wiki\/Syndicaliste\">syndicaliste<\/a>, un&nbsp;<a href=\"https:\/\/fr.wikipedia.org\/wiki\/Personnalit%C3%A9_politique\">homme politique<\/a>&nbsp;et un&nbsp;<a href=\"https:\/\/fr.wikipedia.org\/wiki\/Arch%C3%A9ologie\">arch\u00e9ologue<\/a>&nbsp;fran\u00e7ais.<\/p>\n\n\n<p style=\"font-size:22px\">Le Mus\u00e9e <a href=\"https:\/\/www.meymac.fr\/vie-culturelle\/musee-marius-vazeilles\">Mus\u00e9e d&#8217;arch\u00e9ologie et du patrimoine Marius Vazeilles<\/a> expose les objets collect\u00e9s par Marius Vazeilles, dont certains sont exceptionnels. Ils retracent l&#8217;occupation humaine du Plateau de Millevaches depuis la pr\u00e9histoire. Le dernier \u00e9tage est consacr\u00e9 \u00e0 la vie quotidienne sur le Plateau au XIX\u00e8me et d\u00e9but du XX\u00e8me si\u00e8cles.<\/p>\n\n\n<p style=\"font-size:22px\">Dans le cadre des relations avec le mus\u00e9e Marius Vazeilles une partie des collections de min\u00e9raux sera expos\u00e9e dans une vitrine , Julie De Winter animera la conf\u00e9rence au mus\u00e9e de la mine de Messeix lundi 9 juillet de 16h00 \u00e0 18h00<\/p>\n\n\n<p>ENTREE LIBRE<\/p>\n\n<\/div>\n\n<\/div><\/div>\n\n\n\n<div class=\"wp-block-group\"><div class=\"wp-block-group__inner-container is-layout-flow wp-block-group-is-layout-flow\">\n<h1 class=\"wp-block-heading\">Les pompiers de tulle<\/h1>\n<\/div><\/div>\n\n\n\n<div class=\"wp-block-group alignfull\"><div class=\"wp-block-group__inner-container is-layout-flow wp-block-group-is-layout-flow\">\n<div class=\"wp-block-columns is-layout-flex wp-container-core-columns-is-layout-9d6595d7 wp-block-columns-is-layout-flex\">\n<div class=\"wp-block-column is-layout-flow wp-block-column-is-layout-flow\" style=\"flex-basis:100%\">\n<div class=\"wp-block-columns is-layout-flex wp-container-core-columns-is-layout-9d6595d7 wp-block-columns-is-layout-flex\">\n<div class=\"wp-block-column is-vertically-aligned-center is-layout-flow wp-block-column-is-layout-flow\">\n<figure class=\"wp-block-image size-large\"><img loading=\"lazy\" decoding=\"async\" width=\"738\" height=\"1024\" src=\"https:\/\/minerail.fr\/wp-content\/uploads\/2021\/08\/pompiers-738x1024.jpg\" alt=\"\" class=\"wp-image-1459\" srcset=\"https:\/\/minerail.fr\/wp-content\/uploads\/2021\/08\/pompiers-738x1024.jpg 738w, https:\/\/minerail.fr\/wp-content\/uploads\/2021\/08\/pompiers-216x300.jpg 216w, https:\/\/minerail.fr\/wp-content\/uploads\/2021\/08\/pompiers-768x1065.jpg 768w, https:\/\/minerail.fr\/wp-content\/uploads\/2021\/08\/pompiers.jpg 1011w\" sizes=\"auto, (max-width: 738px) 100vw, 738px\" \/><\/figure>\n<\/div>\n\n\n\n<div class=\"wp-block-column is-layout-flow wp-block-column-is-layout-flow\">\n<figure class=\"wp-block-gallery columns-3 is-cropped wp-block-gallery-1 is-layout-flex wp-block-gallery-is-layout-flex\"><ul class=\"blocks-gallery-grid\"><li class=\"blocks-gallery-item\"><figure><img loading=\"lazy\" decoding=\"async\" width=\"1024\" height=\"768\" src=\"https:\/\/minerail.fr\/wp-content\/uploads\/2021\/07\/42147849_1864237550350322_24417507553050624_o-1024x768.jpg\" alt=\"\" data-id=\"1298\" data-full-url=\"https:\/\/minerail.fr\/wp-content\/uploads\/2021\/07\/42147849_1864237550350322_24417507553050624_o.jpg\" data-link=\"https:\/\/minerail.fr\/?attachment_id=1298\" class=\"wp-image-1298\" srcset=\"https:\/\/minerail.fr\/wp-content\/uploads\/2021\/07\/42147849_1864237550350322_24417507553050624_o-1024x768.jpg 1024w, https:\/\/minerail.fr\/wp-content\/uploads\/2021\/07\/42147849_1864237550350322_24417507553050624_o-300x225.jpg 300w, https:\/\/minerail.fr\/wp-content\/uploads\/2021\/07\/42147849_1864237550350322_24417507553050624_o-768x576.jpg 768w, https:\/\/minerail.fr\/wp-content\/uploads\/2021\/07\/42147849_1864237550350322_24417507553050624_o-1536x1152.jpg 1536w, https:\/\/minerail.fr\/wp-content\/uploads\/2021\/07\/42147849_1864237550350322_24417507553050624_o.jpg 2048w\" sizes=\"auto, (max-width: 1024px) 100vw, 1024px\" \/><\/figure><\/li><li class=\"blocks-gallery-item\"><figure><img loading=\"lazy\" decoding=\"async\" width=\"720\" height=\"960\" src=\"https:\/\/minerail.fr\/wp-content\/uploads\/2021\/07\/42161669_1864234840350593_1126147404333056000_n.jpg\" alt=\"\" data-id=\"1299\" data-full-url=\"https:\/\/minerail.fr\/wp-content\/uploads\/2021\/07\/42161669_1864234840350593_1126147404333056000_n.jpg\" data-link=\"https:\/\/minerail.fr\/?attachment_id=1299\" class=\"wp-image-1299\" srcset=\"https:\/\/minerail.fr\/wp-content\/uploads\/2021\/07\/42161669_1864234840350593_1126147404333056000_n.jpg 720w, https:\/\/minerail.fr\/wp-content\/uploads\/2021\/07\/42161669_1864234840350593_1126147404333056000_n-225x300.jpg 225w\" sizes=\"auto, (max-width: 720px) 100vw, 720px\" \/><\/figure><\/li><li class=\"blocks-gallery-item\"><figure><img loading=\"lazy\" decoding=\"async\" width=\"1024\" height=\"768\" src=\"https:\/\/minerail.fr\/wp-content\/uploads\/2021\/07\/42164554_1864236470350430_8296498736960372736_o-1024x768.jpg\" alt=\"\" data-id=\"1300\" data-full-url=\"https:\/\/minerail.fr\/wp-content\/uploads\/2021\/07\/42164554_1864236470350430_8296498736960372736_o.jpg\" data-link=\"https:\/\/minerail.fr\/?attachment_id=1300\" class=\"wp-image-1300\" srcset=\"https:\/\/minerail.fr\/wp-content\/uploads\/2021\/07\/42164554_1864236470350430_8296498736960372736_o-1024x768.jpg 1024w, https:\/\/minerail.fr\/wp-content\/uploads\/2021\/07\/42164554_1864236470350430_8296498736960372736_o-300x225.jpg 300w, https:\/\/minerail.fr\/wp-content\/uploads\/2021\/07\/42164554_1864236470350430_8296498736960372736_o-768x576.jpg 768w, https:\/\/minerail.fr\/wp-content\/uploads\/2021\/07\/42164554_1864236470350430_8296498736960372736_o-1536x1152.jpg 1536w, https:\/\/minerail.fr\/wp-content\/uploads\/2021\/07\/42164554_1864236470350430_8296498736960372736_o.jpg 2048w\" sizes=\"auto, (max-width: 1024px) 100vw, 1024px\" \/><\/figure><\/li><li class=\"blocks-gallery-item\"><figure><img loading=\"lazy\" decoding=\"async\" width=\"720\" height=\"960\" src=\"https:\/\/minerail.fr\/wp-content\/uploads\/2021\/07\/42173504_1864234857017258_2742849678109310976_n.jpg\" alt=\"\" data-id=\"1301\" data-full-url=\"https:\/\/minerail.fr\/wp-content\/uploads\/2021\/07\/42173504_1864234857017258_2742849678109310976_n.jpg\" data-link=\"https:\/\/minerail.fr\/?attachment_id=1301\" class=\"wp-image-1301\" srcset=\"https:\/\/minerail.fr\/wp-content\/uploads\/2021\/07\/42173504_1864234857017258_2742849678109310976_n.jpg 720w, https:\/\/minerail.fr\/wp-content\/uploads\/2021\/07\/42173504_1864234857017258_2742849678109310976_n-225x300.jpg 225w\" sizes=\"auto, (max-width: 720px) 100vw, 720px\" \/><\/figure><\/li><li class=\"blocks-gallery-item\"><figure><img loading=\"lazy\" decoding=\"async\" width=\"720\" height=\"960\" src=\"https:\/\/minerail.fr\/wp-content\/uploads\/2021\/07\/42221056_1864235303683880_3783905344992837632_n.jpg\" alt=\"\" data-id=\"1302\" data-full-url=\"https:\/\/minerail.fr\/wp-content\/uploads\/2021\/07\/42221056_1864235303683880_3783905344992837632_n.jpg\" data-link=\"https:\/\/minerail.fr\/?attachment_id=1302\" class=\"wp-image-1302\" srcset=\"https:\/\/minerail.fr\/wp-content\/uploads\/2021\/07\/42221056_1864235303683880_3783905344992837632_n.jpg 720w, https:\/\/minerail.fr\/wp-content\/uploads\/2021\/07\/42221056_1864235303683880_3783905344992837632_n-225x300.jpg 225w\" sizes=\"auto, (max-width: 720px) 100vw, 720px\" \/><\/figure><\/li><\/ul><figcaption class=\"blocks-gallery-caption\"><strong><sub><kbd>Des pi\u00e8ces uniques pr\u00e9sent\u00e9es par des b\u00e9n\u00e9voles passionn\u00e9s<\/kbd><\/sub><\/strong><\/figcaption><\/figure>\n\n\n\n<p><\/p>\n<\/div>\n<\/div>\n<\/div>\n<\/div>\n\n\n\n<h1 class=\"wp-block-heading\">Les expositions de MINERAUX  entr\u00e9e libre<\/h1>\n\n\n\n<p class=\"has-drop-cap\"><em>L \u2018Association G\u00e9ologique des Volcans d\u2019Auvergne, vous convie \u00e2 la d\u00e9couverte du monde merveilleux des min\u00e9raux et des fossiles<\/em> avec la pr\u00e9sence de nombreux autres min\u00e9raliers qui pr\u00e9sentent leurs collections priv\u00e9es<\/p>\n\n\n\n<p>Mise en place de l&#8217;exposition sur l&#8217;Am\u00e9thyste en Auvergne ainsi que de vitrines avec des am\u00e9thystes d&#8217;Auvergne par <br><strong>l &#8216;Association G\u00e9ologique des Volcans d&#8217;Auvergne&nbsp;<em>(A.G.VA)<\/em><\/strong><\/p>\n<\/div><\/div>\n\n\n\n<div class=\"wp-block-group alignfull\"><div class=\"wp-block-group__inner-container is-layout-flow wp-block-group-is-layout-flow\">\n<div class=\"wp-block-columns is-layout-flex wp-container-core-columns-is-layout-9d6595d7 wp-block-columns-is-layout-flex\">\n<div class=\"wp-block-column is-layout-flow wp-block-column-is-layout-flow\" style=\"flex-basis:100%\">\n<div class=\"wp-block-columns is-layout-flex wp-container-core-columns-is-layout-9d6595d7 wp-block-columns-is-layout-flex\">\n<div class=\"wp-block-column is-vertically-aligned-center is-layout-flow wp-block-column-is-layout-flow\">\n<figure class=\"wp-block-image size-large\"><img loading=\"lazy\" decoding=\"async\" width=\"1024\" height=\"431\" src=\"https:\/\/minerail.fr\/wp-content\/uploads\/2021\/07\/empreintes-fossiles-1024x431.jpg\" alt=\"\" class=\"wp-image-1310\" srcset=\"https:\/\/minerail.fr\/wp-content\/uploads\/2021\/07\/empreintes-fossiles-1024x431.jpg 1024w, https:\/\/minerail.fr\/wp-content\/uploads\/2021\/07\/empreintes-fossiles-300x126.jpg 300w, https:\/\/minerail.fr\/wp-content\/uploads\/2021\/07\/empreintes-fossiles-768x323.jpg 768w, https:\/\/minerail.fr\/wp-content\/uploads\/2021\/07\/empreintes-fossiles.jpg 1286w\" sizes=\"auto, (max-width: 1024px) 100vw, 1024px\" \/><\/figure>\n\n\n\n<figure class=\"wp-block-image size-large\"><img loading=\"lazy\" decoding=\"async\" width=\"869\" height=\"707\" src=\"https:\/\/minerail.fr\/wp-content\/uploads\/2021\/07\/carte-gisement-de-messeix.jpg\" alt=\"\" class=\"wp-image-1313\" srcset=\"https:\/\/minerail.fr\/wp-content\/uploads\/2021\/07\/carte-gisement-de-messeix.jpg 869w, https:\/\/minerail.fr\/wp-content\/uploads\/2021\/07\/carte-gisement-de-messeix-300x244.jpg 300w, https:\/\/minerail.fr\/wp-content\/uploads\/2021\/07\/carte-gisement-de-messeix-768x625.jpg 768w\" sizes=\"auto, (max-width: 869px) 100vw, 869px\" \/><\/figure>\n\n\n\n<figure class=\"wp-block-image size-large\"><img loading=\"lazy\" decoding=\"async\" width=\"915\" height=\"578\" src=\"https:\/\/minerail.fr\/wp-content\/uploads\/2021\/07\/empreintes-de-fougeres.jpg\" alt=\"\" class=\"wp-image-1319\" srcset=\"https:\/\/minerail.fr\/wp-content\/uploads\/2021\/07\/empreintes-de-fougeres.jpg 915w, https:\/\/minerail.fr\/wp-content\/uploads\/2021\/07\/empreintes-de-fougeres-300x190.jpg 300w, https:\/\/minerail.fr\/wp-content\/uploads\/2021\/07\/empreintes-de-fougeres-768x485.jpg 768w\" sizes=\"auto, (max-width: 915px) 100vw, 915px\" \/><\/figure>\n<\/div>\n\n\n\n<div class=\"wp-block-column is-layout-flow wp-block-column-is-layout-flow\">\n<p><strong>Empreintes carbonif\u00e8res des anciennes mines de Messeix<\/strong><strong><\/strong><\/p>\n\n\n\n<p>1 \u2013&nbsp;<strong>Une g\u00e9ologie propice \u00e0 l\u2019exploitation mini\u00e8re<\/strong>&nbsp;<\/p>\n\n\n\n<p>La formation du gisement de Messeix remonte au carbonif\u00e8re, et plus particuli\u00e8rement au St\u00e9phanien (-303,9 \u00e0 &#8211; 299 mA) d\u2019apr\u00e8s son \u00e9tude floristique. Ce gisement appartient au grand sillon houiller du Massif Central, et s\u2019\u00e9tend localement sur 4 kilom\u00e8tres de long et 700 m de large. Il se repose sur un socle cristallophyllien et une partie \u00e0 \u00e9t\u00e9 recouverte par une coul\u00e9e de labradorite (hawaiite) durant l\u2019activit\u00e9 volcanique du Mont Dore (Plioc\u00e8ne).<\/p>\n\n\n\n<p>La houille est une roche s\u00e9dimentaire riche en carbone qui provient de la carbonisation d\u2019organismes v\u00e9g\u00e9taux. Elle correspond \u00e0 une qualit\u00e9 sp\u00e9cifique de charbon contenant entre 80 et 90 % de carbone. Son utilisation en tant que combustible fossile existe depuis le XIe si\u00e8cle, mais son extraction industrielle fleurit au XIXe si\u00e8cle au cours de la r\u00e9volution industrielle.<\/p>\n\n\n\n<figure class=\"wp-block-table\"><table><tbody><tr><td>Produits<\/td><td>teneur en carbone (%)<\/td><\/tr><tr><td>Anthracite<\/td><td>93-97<\/td><\/tr><tr><td>Charbon maigre et houille anthraciteuse<\/td><td>90 &#8211; 93<\/td><\/tr><tr><td>Charbon demi-gras ou semi-bitumineux<\/td><td>80 &#8211; 90<\/td><\/tr><tr><td>Charbon gras ou bitumineux \u00e0&nbsp;coke\/<\/td><td>75 &#8211; 90<\/td><\/tr><tr><td>Flambant<\/td><td>70 &#8211; 80<\/td><\/tr><tr><td>Lignite<\/td><td>50 &#8211; 60<\/td><\/tr><tr><td>Tourbe<\/td><td>&lt; 50<\/td><\/tr><\/tbody><\/table><\/figure>\n\n\n\n<p>2 \u2013&nbsp;<strong>&nbsp;Le Terril Ste Suzanne &nbsp;<\/strong><\/p>\n\n\n\n<p>Le gisement de Messeix est exploit\u00e9 entre novembre 1831 et juillet 1989. Les charbons sont contenus dans neuf niveaux s\u00e9par\u00e9s par des schistes, micaschistes et des gr\u00e8s. Lors de l\u2019exploitation mini\u00e8re, couches interm\u00e9diaires et r\u00e9sidus de l\u2019extraction du charbon sont stock\u00e9s sous forme de terrils. Les schistes houillers sont constitu\u00e9s en grande partie de schistes, de gr\u00e8s et d\u2019autres r\u00e9sidus charbonneux ou non (blocs de pyrite). Tous ces \u00e9l\u00e9ments sont visibles sur le Terril Sainte Suzanne.<\/p>\n\n\n\n<p><br>3 \u2013&nbsp;<strong>&nbsp;Des schistes fossilif\u00e8res<\/strong>&nbsp;<\/p>\n\n\n\n<p>&nbsp;Les schistes houillers ont l\u2019avantage de pouvoir pr\u00e9server les parties \u201cmolles\u201d des v\u00e9g\u00e9taux et d\u2019en conserver l\u2019empreinte durant des millions d\u2019ann\u00e9es en formant un moule argileux autour du v\u00e9g\u00e9tal emprisonn\u00e9. Ces roches ont un aspect feuillet\u00e9 et se d\u00e9bitent en plaques fines (\u00e0 l\u2019aide d\u2019un petit marteau ou d\u2019une pierre) qui permettent de d\u00e9voiler des \u201cn\u00e9gatifs\u201d bien entretenus.<\/p>\n\n\n\n<p>Sur place, les empreintes de foug\u00e8res abondent dans ces schistes. Les P\u00e9copt\u00e9rid\u00e9s constituent l\u2019essentiel de la flore d\u00e9couverte \u00e0 Messeix. A cette \u00e9poque, seule une population v\u00e9g\u00e9tale archa\u00efque se d\u00e9veloppe : il n\u2019y avait pas ni angiospermes ni gymnospermes. Nous sommes en pr\u00e9sence des gigantesques anc\u00eatres de nos cryptogames actuels (foug\u00e8res, pr\u00eales, lycopodes, s\u00e9laginelles).<\/p>\n\n\n\n<p>Parmi les objectifs de L&#8217;<strong>Association G\u00e9ologique des Volcans d&#8217;Auvergne&nbsp;<em>(A.G.VA)<\/em><\/strong> figurent ceux-ci:<br> &#8211;&nbsp;organiser les recherches sur le terrain dans le respect de l\u2019Environnement,<br>&#8211;&nbsp;coop\u00e9rer avec les scientifiques et les mus\u00e9es.<\/p>\n\n\n\n<p class=\"has-text-color\" style=\"color:#ec094d\">Venez profiter de leur pr\u00e9sence !<\/p>\n\n\n\n<p class=\"has-text-color\" style=\"color:#42f316\"><strong>MERCREDI 11 ao\u00fbt et JEUDI 12 ao\u00fbt : &nbsp;\u00e0 partir de 14h00: animation sur le Terril avec recherche de fossiles <\/strong>.<\/p>\n<\/div>\n<\/div>\n<\/div>\n<\/div>\n<\/div><\/div>\n\n\n\n<h2 class=\"wp-block-heading\">EXPOSITION permanente : histoire de la mine<\/h2>\n\n\n\n<p><\/p>\n\n\n\n<div class=\"wp-block-group alignfull\"><div class=\"wp-block-group__inner-container is-layout-flow wp-block-group-is-layout-flow\">\n<div class=\"wp-block-columns is-layout-flex wp-container-core-columns-is-layout-9d6595d7 wp-block-columns-is-layout-flex\">\n<div class=\"wp-block-column is-layout-flow wp-block-column-is-layout-flow\" style=\"flex-basis:100%\">\n<div class=\"wp-block-columns is-layout-flex wp-container-core-columns-is-layout-9d6595d7 wp-block-columns-is-layout-flex\">\n<div class=\"wp-block-column is-vertically-aligned-center is-layout-flow wp-block-column-is-layout-flow\">\n<figure class=\"wp-block-image size-large\"><img loading=\"lazy\" decoding=\"async\" width=\"800\" height=\"600\" src=\"https:\/\/minerail.fr\/wp-content\/uploads\/2021\/07\/9_3_dscn1674.jpg\" alt=\"\" class=\"wp-image-1337\" srcset=\"https:\/\/minerail.fr\/wp-content\/uploads\/2021\/07\/9_3_dscn1674.jpg 800w, https:\/\/minerail.fr\/wp-content\/uploads\/2021\/07\/9_3_dscn1674-300x225.jpg 300w, https:\/\/minerail.fr\/wp-content\/uploads\/2021\/07\/9_3_dscn1674-768x576.jpg 768w\" sizes=\"auto, (max-width: 800px) 100vw, 800px\" \/><\/figure>\n\n\n\n<figure class=\"wp-block-image size-large\"><img loading=\"lazy\" decoding=\"async\" width=\"800\" height=\"600\" src=\"https:\/\/minerail.fr\/wp-content\/uploads\/2021\/07\/10_3_dscn1675.jpg\" alt=\"\" class=\"wp-image-1338\" srcset=\"https:\/\/minerail.fr\/wp-content\/uploads\/2021\/07\/10_3_dscn1675.jpg 800w, https:\/\/minerail.fr\/wp-content\/uploads\/2021\/07\/10_3_dscn1675-300x225.jpg 300w, https:\/\/minerail.fr\/wp-content\/uploads\/2021\/07\/10_3_dscn1675-768x576.jpg 768w\" sizes=\"auto, (max-width: 800px) 100vw, 800px\" \/><\/figure>\n<\/div>\n\n\n\n<div class=\"wp-block-column is-layout-flow wp-block-column-is-layout-flow\">\n<figure class=\"wp-block-gallery columns-2 is-cropped wp-block-gallery-2 is-layout-flex wp-block-gallery-is-layout-flex\"><ul class=\"blocks-gallery-grid\"><li class=\"blocks-gallery-item\"><figure><img loading=\"lazy\" decoding=\"async\" width=\"200\" height=\"150\" src=\"https:\/\/minerail.fr\/wp-content\/uploads\/2021\/07\/11_2_dscn1676.jpg\" alt=\"\" data-id=\"1339\" data-link=\"https:\/\/minerail.fr\/index.php\/les-expositions\/11_2_dscn1676\/\" class=\"wp-image-1339\"\/><\/figure><\/li><li class=\"blocks-gallery-item\"><figure><img loading=\"lazy\" decoding=\"async\" width=\"1024\" height=\"768\" src=\"https:\/\/minerail.fr\/wp-content\/uploads\/2021\/07\/DSCN1678-1024x768.jpg\" alt=\"\" data-id=\"1340\" data-link=\"https:\/\/minerail.fr\/index.php\/les-expositions\/dscn1678\/\" class=\"wp-image-1340\" srcset=\"https:\/\/minerail.fr\/wp-content\/uploads\/2021\/07\/DSCN1678-1024x768.jpg 1024w, https:\/\/minerail.fr\/wp-content\/uploads\/2021\/07\/DSCN1678-300x225.jpg 300w, https:\/\/minerail.fr\/wp-content\/uploads\/2021\/07\/DSCN1678-768x576.jpg 768w, https:\/\/minerail.fr\/wp-content\/uploads\/2021\/07\/DSCN1678-1536x1152.jpg 1536w, https:\/\/minerail.fr\/wp-content\/uploads\/2021\/07\/DSCN1678.jpg 2048w\" sizes=\"auto, (max-width: 1024px) 100vw, 1024px\" \/><\/figure><\/li><\/ul><\/figure>\n\n\n\n<figure class=\"wp-block-image size-large\"><img loading=\"lazy\" decoding=\"async\" width=\"1024\" height=\"768\" src=\"https:\/\/minerail.fr\/wp-content\/uploads\/2021\/07\/visite-au-fond-part2-1024x768.jpg\" alt=\"\" class=\"wp-image-1342\" srcset=\"https:\/\/minerail.fr\/wp-content\/uploads\/2021\/07\/visite-au-fond-part2-1024x768.jpg 1024w, https:\/\/minerail.fr\/wp-content\/uploads\/2021\/07\/visite-au-fond-part2-300x225.jpg 300w, https:\/\/minerail.fr\/wp-content\/uploads\/2021\/07\/visite-au-fond-part2-768x576.jpg 768w, https:\/\/minerail.fr\/wp-content\/uploads\/2021\/07\/visite-au-fond-part2-1536x1152.jpg 1536w, https:\/\/minerail.fr\/wp-content\/uploads\/2021\/07\/visite-au-fond-part2.jpg 1852w\" sizes=\"auto, (max-width: 1024px) 100vw, 1024px\" \/><\/figure>\n\n\n\n<figure class=\"wp-block-image size-large\"><img loading=\"lazy\" decoding=\"async\" width=\"1024\" height=\"768\" src=\"https:\/\/minerail.fr\/wp-content\/uploads\/2021\/07\/visite-au-fond-part3-forex-copie-1024x768.jpg\" alt=\"\" class=\"wp-image-1343\" srcset=\"https:\/\/minerail.fr\/wp-content\/uploads\/2021\/07\/visite-au-fond-part3-forex-copie-1024x768.jpg 1024w, https:\/\/minerail.fr\/wp-content\/uploads\/2021\/07\/visite-au-fond-part3-forex-copie-300x225.jpg 300w, https:\/\/minerail.fr\/wp-content\/uploads\/2021\/07\/visite-au-fond-part3-forex-copie-768x576.jpg 768w, https:\/\/minerail.fr\/wp-content\/uploads\/2021\/07\/visite-au-fond-part3-forex-copie-1536x1152.jpg 1536w, https:\/\/minerail.fr\/wp-content\/uploads\/2021\/07\/visite-au-fond-part3-forex-copie-2048x1536.jpg 2048w\" sizes=\"auto, (max-width: 1024px) 100vw, 1024px\" \/><\/figure>\n<\/div>\n<\/div>\n\n\n\n<h2 class=\"wp-block-heading\">EXPOSITION DE TABLEAUX visible pendant les visites guid\u00e9es<\/h2>\n\n\n\n<div class=\"wp-block-columns is-layout-flex wp-container-core-columns-is-layout-9d6595d7 wp-block-columns-is-layout-flex\">\n<div class=\"wp-block-column is-vertically-aligned-center is-layout-flow wp-block-column-is-layout-flow\">\n<figure class=\"wp-block-image size-large\"><img loading=\"lazy\" decoding=\"async\" width=\"562\" height=\"1024\" src=\"https:\/\/minerail.fr\/wp-content\/uploads\/2021\/07\/melanie3-562x1024.jpg\" alt=\"\" class=\"wp-image-1328\" srcset=\"https:\/\/minerail.fr\/wp-content\/uploads\/2021\/07\/melanie3-562x1024.jpg 562w, https:\/\/minerail.fr\/wp-content\/uploads\/2021\/07\/melanie3-165x300.jpg 165w, https:\/\/minerail.fr\/wp-content\/uploads\/2021\/07\/melanie3-768x1399.jpg 768w, https:\/\/minerail.fr\/wp-content\/uploads\/2021\/07\/melanie3-843x1536.jpg 843w, https:\/\/minerail.fr\/wp-content\/uploads\/2021\/07\/melanie3.jpg 865w\" sizes=\"auto, (max-width: 562px) 100vw, 562px\" \/><\/figure>\n<\/div>\n\n\n\n<div class=\"wp-block-column is-layout-flow wp-block-column-is-layout-flow\">\n<figure class=\"wp-block-gallery columns-3 is-cropped wp-block-gallery-3 is-layout-flex wp-block-gallery-is-layout-flex\"><ul class=\"blocks-gallery-grid\"><li class=\"blocks-gallery-item\"><figure><img loading=\"lazy\" decoding=\"async\" width=\"366\" height=\"348\" src=\"https:\/\/minerail.fr\/wp-content\/uploads\/2021\/07\/melanie2.jpg\" alt=\"\" data-id=\"1330\" data-full-url=\"https:\/\/minerail.fr\/wp-content\/uploads\/2021\/07\/melanie2.jpg\" data-link=\"https:\/\/minerail.fr\/index.php\/les-expositions\/melanie2\/\" class=\"wp-image-1330\" srcset=\"https:\/\/minerail.fr\/wp-content\/uploads\/2021\/07\/melanie2.jpg 366w, https:\/\/minerail.fr\/wp-content\/uploads\/2021\/07\/melanie2-300x285.jpg 300w\" sizes=\"auto, (max-width: 366px) 100vw, 366px\" \/><\/figure><\/li><li class=\"blocks-gallery-item\"><figure><img loading=\"lazy\" decoding=\"async\" width=\"1005\" height=\"1013\" src=\"https:\/\/minerail.fr\/wp-content\/uploads\/2021\/07\/melanie4.jpg\" alt=\"\" data-id=\"1331\" data-full-url=\"https:\/\/minerail.fr\/wp-content\/uploads\/2021\/07\/melanie4.jpg\" data-link=\"https:\/\/minerail.fr\/index.php\/les-expositions\/melanie4\/\" class=\"wp-image-1331\" srcset=\"https:\/\/minerail.fr\/wp-content\/uploads\/2021\/07\/melanie4.jpg 1005w, https:\/\/minerail.fr\/wp-content\/uploads\/2021\/07\/melanie4-298x300.jpg 298w, https:\/\/minerail.fr\/wp-content\/uploads\/2021\/07\/melanie4-150x150.jpg 150w, https:\/\/minerail.fr\/wp-content\/uploads\/2021\/07\/melanie4-768x774.jpg 768w\" sizes=\"auto, (max-width: 1005px) 100vw, 1005px\" \/><\/figure><\/li><li class=\"blocks-gallery-item\"><figure><img loading=\"lazy\" decoding=\"async\" width=\"672\" height=\"1024\" src=\"https:\/\/minerail.fr\/wp-content\/uploads\/2021\/07\/melanie6-672x1024.jpg\" alt=\"\" data-id=\"1332\" data-full-url=\"https:\/\/minerail.fr\/wp-content\/uploads\/2021\/07\/melanie6.jpg\" data-link=\"https:\/\/minerail.fr\/index.php\/les-expositions\/melanie6\/\" class=\"wp-image-1332\" srcset=\"https:\/\/minerail.fr\/wp-content\/uploads\/2021\/07\/melanie6-672x1024.jpg 672w, https:\/\/minerail.fr\/wp-content\/uploads\/2021\/07\/melanie6-197x300.jpg 197w, https:\/\/minerail.fr\/wp-content\/uploads\/2021\/07\/melanie6-768x1170.jpg 768w, https:\/\/minerail.fr\/wp-content\/uploads\/2021\/07\/melanie6.jpg 941w\" sizes=\"auto, (max-width: 672px) 100vw, 672px\" \/><\/figure><\/li><li class=\"blocks-gallery-item\"><figure><img loading=\"lazy\" decoding=\"async\" width=\"547\" height=\"1024\" src=\"https:\/\/minerail.fr\/wp-content\/uploads\/2021\/07\/melanie7-547x1024.jpg\" alt=\"\" data-id=\"1333\" data-full-url=\"https:\/\/minerail.fr\/wp-content\/uploads\/2021\/07\/melanie7.jpg\" data-link=\"https:\/\/minerail.fr\/index.php\/les-expositions\/melanie7\/\" class=\"wp-image-1333\" srcset=\"https:\/\/minerail.fr\/wp-content\/uploads\/2021\/07\/melanie7-547x1024.jpg 547w, https:\/\/minerail.fr\/wp-content\/uploads\/2021\/07\/melanie7-160x300.jpg 160w, https:\/\/minerail.fr\/wp-content\/uploads\/2021\/07\/melanie7-768x1438.jpg 768w, https:\/\/minerail.fr\/wp-content\/uploads\/2021\/07\/melanie7-820x1536.jpg 820w, https:\/\/minerail.fr\/wp-content\/uploads\/2021\/07\/melanie7.jpg 827w\" sizes=\"auto, (max-width: 547px) 100vw, 547px\" \/><\/figure><\/li><li class=\"blocks-gallery-item\"><figure><img loading=\"lazy\" decoding=\"async\" width=\"668\" height=\"1024\" src=\"https:\/\/minerail.fr\/wp-content\/uploads\/2021\/07\/melanie8-668x1024.jpg\" alt=\"\" data-id=\"1334\" data-full-url=\"https:\/\/minerail.fr\/wp-content\/uploads\/2021\/07\/melanie8.jpg\" data-link=\"https:\/\/minerail.fr\/index.php\/les-expositions\/melanie8\/\" class=\"wp-image-1334\" srcset=\"https:\/\/minerail.fr\/wp-content\/uploads\/2021\/07\/melanie8-668x1024.jpg 668w, https:\/\/minerail.fr\/wp-content\/uploads\/2021\/07\/melanie8-196x300.jpg 196w, https:\/\/minerail.fr\/wp-content\/uploads\/2021\/07\/melanie8-768x1178.jpg 768w, https:\/\/minerail.fr\/wp-content\/uploads\/2021\/07\/melanie8.jpg 962w\" sizes=\"auto, (max-width: 668px) 100vw, 668px\" \/><\/figure><\/li><\/ul><figcaption class=\"blocks-gallery-caption\"><strong><sub><kbd>Des pi\u00e8ces uniques pr\u00e9sent\u00e9es <\/kbd><\/sub><\/strong>par une jeune artiste<\/figcaption><\/figure>\n\n\n\n<figure class=\"wp-block-image size-large\"><img loading=\"lazy\" decoding=\"async\" width=\"1024\" height=\"328\" src=\"https:\/\/minerail.fr\/wp-content\/uploads\/2021\/07\/melanie5-1024x328.jpg\" alt=\"\" class=\"wp-image-1329\" srcset=\"https:\/\/minerail.fr\/wp-content\/uploads\/2021\/07\/melanie5-1024x328.jpg 1024w, https:\/\/minerail.fr\/wp-content\/uploads\/2021\/07\/melanie5-300x96.jpg 300w, https:\/\/minerail.fr\/wp-content\/uploads\/2021\/07\/melanie5-768x246.jpg 768w, https:\/\/minerail.fr\/wp-content\/uploads\/2021\/07\/melanie5-1536x493.jpg 1536w, https:\/\/minerail.fr\/wp-content\/uploads\/2021\/07\/melanie5.jpg 1631w\" sizes=\"auto, (max-width: 1024px) 100vw, 1024px\" \/><\/figure>\n<\/div>\n<\/div>\n<\/div>\n<\/div>\n\n\n\n<h1 class=\"wp-block-heading\" style=\"font-size:22px\">Exposition de  photos (lundi 9 ao\u00fbt apr\u00e8s-midi )  entr\u00e9e libre<\/h1>\n<\/div><\/div>\n\n\n\n<p><\/p>\n","protected":false},"excerpt":{"rendered":"<p>Les pompiers de tulle Les expositions de MINERAUX entr\u00e9e libre L \u2018Association G\u00e9ologique des Volcans d\u2019Auvergne, vous convie \u00e2 la d\u00e9couverte du monde merveilleux des min\u00e9raux et des fossiles avec la pr\u00e9sence de nombreux autres min\u00e9raliers qui pr\u00e9sentent leurs collections priv\u00e9es Mise en place de l&#8217;exposition sur l&#8217;Am\u00e9thyste en Auvergne [&hellip;]<\/p>\n","protected":false},"author":1,"featured_media":0,"parent":0,"menu_order":0,"comment_status":"closed","ping_status":"closed","template":"","meta":{"_themeisle_gutenberg_block_has_review":false,"footnotes":""},"class_list":["post-1291","page","type-page","status-publish","hentry"],"yoast_head":"<!-- This site is optimized with the Yoast SEO plugin v26.9 - https:\/\/yoast.com\/product\/yoast-seo-wordpress\/ -->\n<title>LES EXPOSITIONS - MINERAIL<\/title>\n<meta name=\"robots\" content=\"index, follow, max-snippet:-1, max-image-preview:large, max-video-preview:-1\" \/>\n<link rel=\"canonical\" href=\"https:\/\/minerail.fr\/index.php\/les-expositions\/\" \/>\n<meta property=\"og:locale\" content=\"fr_FR\" \/>\n<meta property=\"og:type\" content=\"article\" \/>\n<meta property=\"og:title\" content=\"LES EXPOSITIONS - MINERAIL\" \/>\n<meta property=\"og:description\" content=\"Les pompiers de tulle Les expositions de MINERAUX entr\u00e9e libre L \u2018Association G\u00e9ologique des Volcans d\u2019Auvergne, vous convie \u00e2 la d\u00e9couverte du monde merveilleux des min\u00e9raux et des fossiles avec la pr\u00e9sence de nombreux autres min\u00e9raliers qui pr\u00e9sentent leurs collections priv\u00e9es Mise en place de l&#8217;exposition sur l&#8217;Am\u00e9thyste en Auvergne [&hellip;]\" \/>\n<meta property=\"og:url\" content=\"https:\/\/minerail.fr\/index.php\/les-expositions\/\" \/>\n<meta property=\"og:site_name\" content=\"MINERAIL\" \/>\n<meta property=\"article:publisher\" content=\"https:\/\/www.facebook.com\/minerail\" \/>\n<meta property=\"article:modified_time\" content=\"2021-08-04T09:54:44+00:00\" \/>\n<meta property=\"og:image\" content=\"https:\/\/minerail.fr\/wp-content\/uploads\/2021\/07\/118784868_1837312479740788_3412819778523933304_n-1024x768.jpg\" \/>\n<meta name=\"twitter:card\" content=\"summary_large_image\" \/>\n<meta name=\"twitter:label1\" content=\"Dur\u00e9e de lecture estim\u00e9e\" \/>\n\t<meta name=\"twitter:data1\" content=\"8 minutes\" \/>\n<script type=\"application\/ld+json\" class=\"yoast-schema-graph\">{\"@context\":\"https:\/\/schema.org\",\"@graph\":[{\"@type\":\"WebPage\",\"@id\":\"https:\/\/minerail.fr\/index.php\/les-expositions\/\",\"url\":\"https:\/\/minerail.fr\/index.php\/les-expositions\/\",\"name\":\"LES EXPOSITIONS - MINERAIL\",\"isPartOf\":{\"@id\":\"https:\/\/minerail.fr\/#website\"},\"primaryImageOfPage\":{\"@id\":\"https:\/\/minerail.fr\/index.php\/les-expositions\/#primaryimage\"},\"image\":{\"@id\":\"https:\/\/minerail.fr\/index.php\/les-expositions\/#primaryimage\"},\"thumbnailUrl\":\"https:\/\/minerail.fr\/wp-content\/uploads\/2021\/07\/118784868_1837312479740788_3412819778523933304_n-1024x768.jpg\",\"datePublished\":\"2021-07-14T13:35:37+00:00\",\"dateModified\":\"2021-08-04T09:54:44+00:00\",\"breadcrumb\":{\"@id\":\"https:\/\/minerail.fr\/index.php\/les-expositions\/#breadcrumb\"},\"inLanguage\":\"fr-FR\",\"potentialAction\":[{\"@type\":\"ReadAction\",\"target\":[\"https:\/\/minerail.fr\/index.php\/les-expositions\/\"]}]},{\"@type\":\"ImageObject\",\"inLanguage\":\"fr-FR\",\"@id\":\"https:\/\/minerail.fr\/index.php\/les-expositions\/#primaryimage\",\"url\":\"https:\/\/minerail.fr\/wp-content\/uploads\/2021\/07\/118784868_1837312479740788_3412819778523933304_n.jpg\",\"contentUrl\":\"https:\/\/minerail.fr\/wp-content\/uploads\/2021\/07\/118784868_1837312479740788_3412819778523933304_n.jpg\",\"width\":2048,\"height\":1536},{\"@type\":\"BreadcrumbList\",\"@id\":\"https:\/\/minerail.fr\/index.php\/les-expositions\/#breadcrumb\",\"itemListElement\":[{\"@type\":\"ListItem\",\"position\":1,\"name\":\"Accueil\",\"item\":\"https:\/\/minerail.fr\/\"},{\"@type\":\"ListItem\",\"position\":2,\"name\":\"LES EXPOSITIONS\"}]},{\"@type\":\"WebSite\",\"@id\":\"https:\/\/minerail.fr\/#website\",\"url\":\"https:\/\/minerail.fr\/\",\"name\":\"MINERAIL\",\"description\":\"150 ans d&#039;exploitation mini\u00e8re \u00e0 Messeix\",\"publisher\":{\"@id\":\"https:\/\/minerail.fr\/#organization\"},\"potentialAction\":[{\"@type\":\"SearchAction\",\"target\":{\"@type\":\"EntryPoint\",\"urlTemplate\":\"https:\/\/minerail.fr\/?s={search_term_string}\"},\"query-input\":{\"@type\":\"PropertyValueSpecification\",\"valueRequired\":true,\"valueName\":\"search_term_string\"}}],\"inLanguage\":\"fr-FR\"},{\"@type\":\"Organization\",\"@id\":\"https:\/\/minerail.fr\/#organization\",\"name\":\"MINERAIL\",\"url\":\"https:\/\/minerail.fr\/\",\"logo\":{\"@type\":\"ImageObject\",\"inLanguage\":\"fr-FR\",\"@id\":\"https:\/\/minerail.fr\/#\/schema\/logo\/image\/\",\"url\":\"https:\/\/minerail.fr\/wp-content\/uploads\/2020\/10\/cropped-Minerail_Logo-1.png\",\"contentUrl\":\"https:\/\/minerail.fr\/wp-content\/uploads\/2020\/10\/cropped-Minerail_Logo-1.png\",\"width\":232,\"height\":100,\"caption\":\"MINERAIL\"},\"image\":{\"@id\":\"https:\/\/minerail.fr\/#\/schema\/logo\/image\/\"},\"sameAs\":[\"https:\/\/www.facebook.com\/minerail\",\"https:\/\/www.instagram.com\/explore\/locations\/967279510046135\/minerail-musee-de-la-mine-de-messeix\/\"]}]}<\/script>\n<!-- \/ Yoast SEO plugin. -->","yoast_head_json":{"title":"LES EXPOSITIONS - MINERAIL","robots":{"index":"index","follow":"follow","max-snippet":"max-snippet:-1","max-image-preview":"max-image-preview:large","max-video-preview":"max-video-preview:-1"},"canonical":"https:\/\/minerail.fr\/index.php\/les-expositions\/","og_locale":"fr_FR","og_type":"article","og_title":"LES EXPOSITIONS - MINERAIL","og_description":"Les pompiers de tulle Les expositions de MINERAUX entr\u00e9e libre L \u2018Association G\u00e9ologique des Volcans d\u2019Auvergne, vous convie \u00e2 la d\u00e9couverte du monde merveilleux des min\u00e9raux et des fossiles avec la pr\u00e9sence de nombreux autres min\u00e9raliers qui pr\u00e9sentent leurs collections priv\u00e9es Mise en place de l&#8217;exposition sur l&#8217;Am\u00e9thyste en Auvergne [&hellip;]","og_url":"https:\/\/minerail.fr\/index.php\/les-expositions\/","og_site_name":"MINERAIL","article_publisher":"https:\/\/www.facebook.com\/minerail","article_modified_time":"2021-08-04T09:54:44+00:00","og_image":[{"url":"https:\/\/minerail.fr\/wp-content\/uploads\/2021\/07\/118784868_1837312479740788_3412819778523933304_n-1024x768.jpg","type":"","width":"","height":""}],"twitter_card":"summary_large_image","twitter_misc":{"Dur\u00e9e de lecture estim\u00e9e":"8 minutes"},"schema":{"@context":"https:\/\/schema.org","@graph":[{"@type":"WebPage","@id":"https:\/\/minerail.fr\/index.php\/les-expositions\/","url":"https:\/\/minerail.fr\/index.php\/les-expositions\/","name":"LES EXPOSITIONS - MINERAIL","isPartOf":{"@id":"https:\/\/minerail.fr\/#website"},"primaryImageOfPage":{"@id":"https:\/\/minerail.fr\/index.php\/les-expositions\/#primaryimage"},"image":{"@id":"https:\/\/minerail.fr\/index.php\/les-expositions\/#primaryimage"},"thumbnailUrl":"https:\/\/minerail.fr\/wp-content\/uploads\/2021\/07\/118784868_1837312479740788_3412819778523933304_n-1024x768.jpg","datePublished":"2021-07-14T13:35:37+00:00","dateModified":"2021-08-04T09:54:44+00:00","breadcrumb":{"@id":"https:\/\/minerail.fr\/index.php\/les-expositions\/#breadcrumb"},"inLanguage":"fr-FR","potentialAction":[{"@type":"ReadAction","target":["https:\/\/minerail.fr\/index.php\/les-expositions\/"]}]},{"@type":"ImageObject","inLanguage":"fr-FR","@id":"https:\/\/minerail.fr\/index.php\/les-expositions\/#primaryimage","url":"https:\/\/minerail.fr\/wp-content\/uploads\/2021\/07\/118784868_1837312479740788_3412819778523933304_n.jpg","contentUrl":"https:\/\/minerail.fr\/wp-content\/uploads\/2021\/07\/118784868_1837312479740788_3412819778523933304_n.jpg","width":2048,"height":1536},{"@type":"BreadcrumbList","@id":"https:\/\/minerail.fr\/index.php\/les-expositions\/#breadcrumb","itemListElement":[{"@type":"ListItem","position":1,"name":"Accueil","item":"https:\/\/minerail.fr\/"},{"@type":"ListItem","position":2,"name":"LES EXPOSITIONS"}]},{"@type":"WebSite","@id":"https:\/\/minerail.fr\/#website","url":"https:\/\/minerail.fr\/","name":"MINERAIL","description":"150 ans d&#039;exploitation mini\u00e8re \u00e0 Messeix","publisher":{"@id":"https:\/\/minerail.fr\/#organization"},"potentialAction":[{"@type":"SearchAction","target":{"@type":"EntryPoint","urlTemplate":"https:\/\/minerail.fr\/?s={search_term_string}"},"query-input":{"@type":"PropertyValueSpecification","valueRequired":true,"valueName":"search_term_string"}}],"inLanguage":"fr-FR"},{"@type":"Organization","@id":"https:\/\/minerail.fr\/#organization","name":"MINERAIL","url":"https:\/\/minerail.fr\/","logo":{"@type":"ImageObject","inLanguage":"fr-FR","@id":"https:\/\/minerail.fr\/#\/schema\/logo\/image\/","url":"https:\/\/minerail.fr\/wp-content\/uploads\/2020\/10\/cropped-Minerail_Logo-1.png","contentUrl":"https:\/\/minerail.fr\/wp-content\/uploads\/2020\/10\/cropped-Minerail_Logo-1.png","width":232,"height":100,"caption":"MINERAIL"},"image":{"@id":"https:\/\/minerail.fr\/#\/schema\/logo\/image\/"},"sameAs":["https:\/\/www.facebook.com\/minerail","https:\/\/www.instagram.com\/explore\/locations\/967279510046135\/minerail-musee-de-la-mine-de-messeix\/"]}]}},"_links":{"self":[{"href":"https:\/\/minerail.fr\/index.php\/wp-json\/wp\/v2\/pages\/1291","targetHints":{"allow":["GET"]}}],"collection":[{"href":"https:\/\/minerail.fr\/index.php\/wp-json\/wp\/v2\/pages"}],"about":[{"href":"https:\/\/minerail.fr\/index.php\/wp-json\/wp\/v2\/types\/page"}],"author":[{"embeddable":true,"href":"https:\/\/minerail.fr\/index.php\/wp-json\/wp\/v2\/users\/1"}],"replies":[{"embeddable":true,"href":"https:\/\/minerail.fr\/index.php\/wp-json\/wp\/v2\/comments?post=1291"}],"version-history":[{"count":18,"href":"https:\/\/minerail.fr\/index.php\/wp-json\/wp\/v2\/pages\/1291\/revisions"}],"predecessor-version":[{"id":1460,"href":"https:\/\/minerail.fr\/index.php\/wp-json\/wp\/v2\/pages\/1291\/revisions\/1460"}],"wp:attachment":[{"href":"https:\/\/minerail.fr\/index.php\/wp-json\/wp\/v2\/media?parent=1291"}],"curies":[{"name":"wp","href":"https:\/\/api.w.org\/{rel}","templated":true}]}}