{"id":1790,"date":"2025-02-06T13:16:22","date_gmt":"2025-02-06T12:16:22","guid":{"rendered":"https:\/\/minerail.fr\/?page_id=1790"},"modified":"2025-02-06T13:16:24","modified_gmt":"2025-02-06T12:16:24","slug":"journee-dinitiation-au-tir-sportif","status":"publish","type":"page","link":"https:\/\/minerail.fr\/index.php\/journee-dinitiation-au-tir-sportif\/","title":{"rendered":"Journ\u00e9e d&#8217;Initiation au Tir Sportif"},"content":{"rendered":"\n<p class=\"has-navbar-text-color-hover-color has-text-color has-link-color wp-elements-591e4088af5a7e11d53bd0729a717082\"><br><strong>le samedi 14 juin 2025  MINERAIL vous propose dans nos locaux la d\u00e9couverte de cette activit\u00e9<\/strong><\/p>\n\n\n\n<div class=\"wp-block-columns is-layout-flex wp-container-core-columns-is-layout-9d6595d7 wp-block-columns-is-layout-flex\">\n<div class=\"wp-block-column is-layout-flow wp-block-column-is-layout-flow\">\n<p><strong>de 9H00 \u00e0 12H00 et de 14H00 \u00e0 18H00<\/strong>  <\/p>\n\n\n\n<p class=\"has-accent-color has-text-color has-link-color wp-elements-08660185dcd5ef18aeb7e6fba3e72529\"><strong>Visez , c&#8217;est gagn\u00e9 <\/strong>!<\/p>\n\n\n\n<p class=\"has-accent-color has-text-color has-link-color wp-elements-775f49e4278744601f425abf853bf161\"><strong>D\u00e9roulement de l\u2019activit\u00e9&nbsp;:<br>Chaque tireur recevra 2 cartons<br>&nbsp; 1 pour prise en main et 1 pour la performance<br><br>ENTREE LIBRE !!!<\/strong><\/p>\n<\/div>\n\n\n\n<div class=\"wp-block-column is-layout-flow wp-block-column-is-layout-flow\">\n<figure class=\"wp-block-gallery has-nested-images columns-default is-cropped wp-block-gallery-1 is-layout-flex wp-block-gallery-is-layout-flex\">\n<figure class=\"wp-block-image size-large\"><img loading=\"lazy\" decoding=\"async\" width=\"504\" height=\"496\" data-id=\"1697\" src=\"https:\/\/minerail.fr\/wp-content\/uploads\/2024\/02\/Cible.-removebg-preview-1.png\" alt=\"\" class=\"wp-image-1697\" srcset=\"https:\/\/minerail.fr\/wp-content\/uploads\/2024\/02\/Cible.-removebg-preview-1.png 504w, https:\/\/minerail.fr\/wp-content\/uploads\/2024\/02\/Cible.-removebg-preview-1-300x295.png 300w\" sizes=\"auto, (max-width: 504px) 100vw, 504px\" \/><\/figure>\n<\/figure>\n<\/div>\n<\/div>\n\n\n\n<p class=\"has-text-color has-link-color wp-elements-d501c8c5c747d64d4155d3020817c3c2\" style=\"color:#160bf3\"> <strong>L\u2019association de tir sportif Amicale de Tir Usselloise  nous aide \u00e0 organiser cette journ\u00e9e uniquement avec leurs armes \u00e0 air comprim\u00e9. Le pas de tir sera conforme aux directives de la FFT. Les tirs seront r\u00e9alis\u00e9s uniquement avec les moyens fournis par l\u2019ATU et sous le contr\u00f4le de plusieurs de leurs cadres. Les armes utilis\u00e9es seront exclusivement \u00e0 air comprim\u00e9 : carabines de pr\u00e9cision !<\/strong><\/p>\n\n\n\n<div class=\"wp-block-columns is-layout-flex wp-container-core-columns-is-layout-9d6595d7 wp-block-columns-is-layout-flex\">\n<div class=\"wp-block-column is-layout-flow wp-block-column-is-layout-flow\">\n<ul class=\"wp-block-list\">\n<li><strong>Acc\u00e8s au pas de tir: Interdit aux non tireur de la s\u00e9rie en cours. <br>Pas de tir:4 tireurs par s\u00e9rie encadr\u00e9s par au moins deux membres de l\u2019\u00e9cole de tir usselloise pour garantir la s\u00e9curit\u00e9<\/strong><\/li>\n\n\n\n<li><strong>seront tir\u00e9es par s\u00e9rie:5 plombs pour adaptation \u00e0 l\u2019arme&nbsp; <br>5 plombs comptabilis\u00e9s<\/strong><\/li>\n\n\n\n<li><strong>Personnes \u00e9ligibles<br>Age minimum:12 ans (\u00e0 partir de cadets)<\/strong><\/li>\n\n\n\n<li>&nbsp; <strong>Si l\u2019affluence le permet, chaque tireur pourra effectuer plusieurs s\u00e9ries.&nbsp; Chaque carton portera au dos le cachet MINERAIL<\/strong><\/li>\n<\/ul>\n<\/div>\n\n\n\n<div class=\"wp-block-column is-layout-flow wp-block-column-is-layout-flow\">\n<figure class=\"wp-block-gallery has-nested-images columns-default is-cropped wp-block-gallery-2 is-layout-flex wp-block-gallery-is-layout-flex\">\n<figure class=\"wp-block-image size-large\"><img loading=\"lazy\" decoding=\"async\" width=\"1024\" height=\"819\" data-id=\"1693\" src=\"https:\/\/minerail.fr\/wp-content\/uploads\/2024\/02\/initiation-au-tir-V4-1-1024x819.jpg\" alt=\"\" class=\"wp-image-1693\" srcset=\"https:\/\/minerail.fr\/wp-content\/uploads\/2024\/02\/initiation-au-tir-V4-1-1024x819.jpg 1024w, https:\/\/minerail.fr\/wp-content\/uploads\/2024\/02\/initiation-au-tir-V4-1-300x240.jpg 300w, https:\/\/minerail.fr\/wp-content\/uploads\/2024\/02\/initiation-au-tir-V4-1-768x614.jpg 768w, https:\/\/minerail.fr\/wp-content\/uploads\/2024\/02\/initiation-au-tir-V4-1-1536x1228.jpg 1536w, https:\/\/minerail.fr\/wp-content\/uploads\/2024\/02\/initiation-au-tir-V4-1.jpg 1577w\" sizes=\"auto, (max-width: 1024px) 100vw, 1024px\" \/><\/figure>\n<\/figure>\n<\/div>\n<\/div>\n\n\n\n<figure class=\"wp-block-image size-large\"><img loading=\"lazy\" decoding=\"async\" width=\"724\" height=\"1024\" src=\"https:\/\/minerail.fr\/wp-content\/uploads\/2025\/02\/Maquette-affiche-initiation-au-tir-15-juin-2024-V6-724x1024.png\" alt=\"\" class=\"wp-image-1788\" srcset=\"https:\/\/minerail.fr\/wp-content\/uploads\/2025\/02\/Maquette-affiche-initiation-au-tir-15-juin-2024-V6-724x1024.png 724w, https:\/\/minerail.fr\/wp-content\/uploads\/2025\/02\/Maquette-affiche-initiation-au-tir-15-juin-2024-V6-212x300.png 212w, https:\/\/minerail.fr\/wp-content\/uploads\/2025\/02\/Maquette-affiche-initiation-au-tir-15-juin-2024-V6-768x1086.png 768w, https:\/\/minerail.fr\/wp-content\/uploads\/2025\/02\/Maquette-affiche-initiation-au-tir-15-juin-2024-V6-1086x1536.png 1086w, https:\/\/minerail.fr\/wp-content\/uploads\/2025\/02\/Maquette-affiche-initiation-au-tir-15-juin-2024-V6-1448x2048.png 1448w, https:\/\/minerail.fr\/wp-content\/uploads\/2025\/02\/Maquette-affiche-initiation-au-tir-15-juin-2024-V6.png 1638w\" sizes=\"auto, (max-width: 724px) 100vw, 724px\" \/><\/figure>\n\n\n\n<p><\/p>\n","protected":false},"excerpt":{"rendered":"<p>le samedi 14 juin 2025 MINERAIL vous propose dans nos locaux la d\u00e9couverte de cette activit\u00e9 de 9H00 \u00e0 12H00 et de 14H00 \u00e0 18H00 Visez , c&#8217;est gagn\u00e9 ! D\u00e9roulement de l\u2019activit\u00e9&nbsp;:Chaque tireur recevra 2 cartons&nbsp; 1 pour prise en main et 1 pour la performance ENTREE LIBRE !!! [&hellip;]<\/p>\n","protected":false},"author":1,"featured_media":0,"parent":0,"menu_order":0,"comment_status":"closed","ping_status":"closed","template":"","meta":{"_themeisle_gutenberg_block_has_review":false,"footnotes":""},"class_list":["post-1790","page","type-page","status-publish","hentry"],"yoast_head":"<!-- This site is optimized with the Yoast SEO plugin v26.9 - https:\/\/yoast.com\/product\/yoast-seo-wordpress\/ -->\n<title>Journ\u00e9e d&#039;Initiation au Tir Sportif - MINERAIL<\/title>\n<meta name=\"robots\" content=\"index, follow, max-snippet:-1, max-image-preview:large, max-video-preview:-1\" \/>\n<link rel=\"canonical\" href=\"https:\/\/minerail.fr\/index.php\/journee-dinitiation-au-tir-sportif\/\" \/>\n<meta property=\"og:locale\" content=\"fr_FR\" \/>\n<meta property=\"og:type\" content=\"article\" \/>\n<meta property=\"og:title\" content=\"Journ\u00e9e d&#039;Initiation au Tir Sportif - MINERAIL\" \/>\n<meta property=\"og:description\" content=\"le samedi 14 juin 2025 MINERAIL vous propose dans nos locaux la d\u00e9couverte de cette activit\u00e9 de 9H00 \u00e0 12H00 et de 14H00 \u00e0 18H00 Visez , c&#8217;est gagn\u00e9 ! D\u00e9roulement de l\u2019activit\u00e9&nbsp;:Chaque tireur recevra 2 cartons&nbsp; 1 pour prise en main et 1 pour la performance ENTREE LIBRE !!! [&hellip;]\" \/>\n<meta property=\"og:url\" content=\"https:\/\/minerail.fr\/index.php\/journee-dinitiation-au-tir-sportif\/\" \/>\n<meta property=\"og:site_name\" content=\"MINERAIL\" \/>\n<meta property=\"article:publisher\" content=\"https:\/\/www.facebook.com\/minerail\" \/>\n<meta property=\"article:modified_time\" content=\"2025-02-06T12:16:24+00:00\" \/>\n<meta property=\"og:image\" content=\"https:\/\/minerail.fr\/wp-content\/uploads\/2024\/02\/Cible.-removebg-preview-1.png\" \/>\n\t<meta property=\"og:image:width\" content=\"504\" \/>\n\t<meta property=\"og:image:height\" content=\"496\" \/>\n\t<meta property=\"og:image:type\" content=\"image\/png\" \/>\n<meta name=\"twitter:card\" content=\"summary_large_image\" \/>\n<meta name=\"twitter:label1\" content=\"Dur\u00e9e de lecture estim\u00e9e\" \/>\n\t<meta name=\"twitter:data1\" content=\"2 minutes\" \/>\n<script type=\"application\/ld+json\" class=\"yoast-schema-graph\">{\"@context\":\"https:\/\/schema.org\",\"@graph\":[{\"@type\":\"WebPage\",\"@id\":\"https:\/\/minerail.fr\/index.php\/journee-dinitiation-au-tir-sportif\/\",\"url\":\"https:\/\/minerail.fr\/index.php\/journee-dinitiation-au-tir-sportif\/\",\"name\":\"Journ\u00e9e d'Initiation au Tir Sportif - MINERAIL\",\"isPartOf\":{\"@id\":\"https:\/\/minerail.fr\/#website\"},\"primaryImageOfPage\":{\"@id\":\"https:\/\/minerail.fr\/index.php\/journee-dinitiation-au-tir-sportif\/#primaryimage\"},\"image\":{\"@id\":\"https:\/\/minerail.fr\/index.php\/journee-dinitiation-au-tir-sportif\/#primaryimage\"},\"thumbnailUrl\":\"https:\/\/minerail.fr\/wp-content\/uploads\/2024\/02\/Cible.-removebg-preview-1.png\",\"datePublished\":\"2025-02-06T12:16:22+00:00\",\"dateModified\":\"2025-02-06T12:16:24+00:00\",\"breadcrumb\":{\"@id\":\"https:\/\/minerail.fr\/index.php\/journee-dinitiation-au-tir-sportif\/#breadcrumb\"},\"inLanguage\":\"fr-FR\",\"potentialAction\":[{\"@type\":\"ReadAction\",\"target\":[\"https:\/\/minerail.fr\/index.php\/journee-dinitiation-au-tir-sportif\/\"]}]},{\"@type\":\"ImageObject\",\"inLanguage\":\"fr-FR\",\"@id\":\"https:\/\/minerail.fr\/index.php\/journee-dinitiation-au-tir-sportif\/#primaryimage\",\"url\":\"https:\/\/minerail.fr\/wp-content\/uploads\/2024\/02\/Cible.-removebg-preview-1.png\",\"contentUrl\":\"https:\/\/minerail.fr\/wp-content\/uploads\/2024\/02\/Cible.-removebg-preview-1.png\",\"width\":504,\"height\":496},{\"@type\":\"BreadcrumbList\",\"@id\":\"https:\/\/minerail.fr\/index.php\/journee-dinitiation-au-tir-sportif\/#breadcrumb\",\"itemListElement\":[{\"@type\":\"ListItem\",\"position\":1,\"name\":\"Accueil\",\"item\":\"https:\/\/minerail.fr\/\"},{\"@type\":\"ListItem\",\"position\":2,\"name\":\"Journ\u00e9e d&#8217;Initiation au Tir Sportif\"}]},{\"@type\":\"WebSite\",\"@id\":\"https:\/\/minerail.fr\/#website\",\"url\":\"https:\/\/minerail.fr\/\",\"name\":\"MINERAIL\",\"description\":\"150 ans d&#039;exploitation mini\u00e8re \u00e0 Messeix\",\"publisher\":{\"@id\":\"https:\/\/minerail.fr\/#organization\"},\"potentialAction\":[{\"@type\":\"SearchAction\",\"target\":{\"@type\":\"EntryPoint\",\"urlTemplate\":\"https:\/\/minerail.fr\/?s={search_term_string}\"},\"query-input\":{\"@type\":\"PropertyValueSpecification\",\"valueRequired\":true,\"valueName\":\"search_term_string\"}}],\"inLanguage\":\"fr-FR\"},{\"@type\":\"Organization\",\"@id\":\"https:\/\/minerail.fr\/#organization\",\"name\":\"MINERAIL\",\"url\":\"https:\/\/minerail.fr\/\",\"logo\":{\"@type\":\"ImageObject\",\"inLanguage\":\"fr-FR\",\"@id\":\"https:\/\/minerail.fr\/#\/schema\/logo\/image\/\",\"url\":\"https:\/\/minerail.fr\/wp-content\/uploads\/2020\/10\/cropped-Minerail_Logo-1.png\",\"contentUrl\":\"https:\/\/minerail.fr\/wp-content\/uploads\/2020\/10\/cropped-Minerail_Logo-1.png\",\"width\":232,\"height\":100,\"caption\":\"MINERAIL\"},\"image\":{\"@id\":\"https:\/\/minerail.fr\/#\/schema\/logo\/image\/\"},\"sameAs\":[\"https:\/\/www.facebook.com\/minerail\",\"https:\/\/www.instagram.com\/explore\/locations\/967279510046135\/minerail-musee-de-la-mine-de-messeix\/\"]}]}<\/script>\n<!-- \/ Yoast SEO plugin. -->","yoast_head_json":{"title":"Journ\u00e9e d'Initiation au Tir Sportif - MINERAIL","robots":{"index":"index","follow":"follow","max-snippet":"max-snippet:-1","max-image-preview":"max-image-preview:large","max-video-preview":"max-video-preview:-1"},"canonical":"https:\/\/minerail.fr\/index.php\/journee-dinitiation-au-tir-sportif\/","og_locale":"fr_FR","og_type":"article","og_title":"Journ\u00e9e d'Initiation au Tir Sportif - MINERAIL","og_description":"le samedi 14 juin 2025 MINERAIL vous propose dans nos locaux la d\u00e9couverte de cette activit\u00e9 de 9H00 \u00e0 12H00 et de 14H00 \u00e0 18H00 Visez , c&#8217;est gagn\u00e9 ! D\u00e9roulement de l\u2019activit\u00e9&nbsp;:Chaque tireur recevra 2 cartons&nbsp; 1 pour prise en main et 1 pour la performance ENTREE LIBRE !!! [&hellip;]","og_url":"https:\/\/minerail.fr\/index.php\/journee-dinitiation-au-tir-sportif\/","og_site_name":"MINERAIL","article_publisher":"https:\/\/www.facebook.com\/minerail","article_modified_time":"2025-02-06T12:16:24+00:00","og_image":[{"width":504,"height":496,"url":"https:\/\/minerail.fr\/wp-content\/uploads\/2024\/02\/Cible.-removebg-preview-1.png","type":"image\/png"}],"twitter_card":"summary_large_image","twitter_misc":{"Dur\u00e9e de lecture estim\u00e9e":"2 minutes"},"schema":{"@context":"https:\/\/schema.org","@graph":[{"@type":"WebPage","@id":"https:\/\/minerail.fr\/index.php\/journee-dinitiation-au-tir-sportif\/","url":"https:\/\/minerail.fr\/index.php\/journee-dinitiation-au-tir-sportif\/","name":"Journ\u00e9e d'Initiation au Tir Sportif - MINERAIL","isPartOf":{"@id":"https:\/\/minerail.fr\/#website"},"primaryImageOfPage":{"@id":"https:\/\/minerail.fr\/index.php\/journee-dinitiation-au-tir-sportif\/#primaryimage"},"image":{"@id":"https:\/\/minerail.fr\/index.php\/journee-dinitiation-au-tir-sportif\/#primaryimage"},"thumbnailUrl":"https:\/\/minerail.fr\/wp-content\/uploads\/2024\/02\/Cible.-removebg-preview-1.png","datePublished":"2025-02-06T12:16:22+00:00","dateModified":"2025-02-06T12:16:24+00:00","breadcrumb":{"@id":"https:\/\/minerail.fr\/index.php\/journee-dinitiation-au-tir-sportif\/#breadcrumb"},"inLanguage":"fr-FR","potentialAction":[{"@type":"ReadAction","target":["https:\/\/minerail.fr\/index.php\/journee-dinitiation-au-tir-sportif\/"]}]},{"@type":"ImageObject","inLanguage":"fr-FR","@id":"https:\/\/minerail.fr\/index.php\/journee-dinitiation-au-tir-sportif\/#primaryimage","url":"https:\/\/minerail.fr\/wp-content\/uploads\/2024\/02\/Cible.-removebg-preview-1.png","contentUrl":"https:\/\/minerail.fr\/wp-content\/uploads\/2024\/02\/Cible.-removebg-preview-1.png","width":504,"height":496},{"@type":"BreadcrumbList","@id":"https:\/\/minerail.fr\/index.php\/journee-dinitiation-au-tir-sportif\/#breadcrumb","itemListElement":[{"@type":"ListItem","position":1,"name":"Accueil","item":"https:\/\/minerail.fr\/"},{"@type":"ListItem","position":2,"name":"Journ\u00e9e d&#8217;Initiation au Tir Sportif"}]},{"@type":"WebSite","@id":"https:\/\/minerail.fr\/#website","url":"https:\/\/minerail.fr\/","name":"MINERAIL","description":"150 ans d&#039;exploitation mini\u00e8re \u00e0 Messeix","publisher":{"@id":"https:\/\/minerail.fr\/#organization"},"potentialAction":[{"@type":"SearchAction","target":{"@type":"EntryPoint","urlTemplate":"https:\/\/minerail.fr\/?s={search_term_string}"},"query-input":{"@type":"PropertyValueSpecification","valueRequired":true,"valueName":"search_term_string"}}],"inLanguage":"fr-FR"},{"@type":"Organization","@id":"https:\/\/minerail.fr\/#organization","name":"MINERAIL","url":"https:\/\/minerail.fr\/","logo":{"@type":"ImageObject","inLanguage":"fr-FR","@id":"https:\/\/minerail.fr\/#\/schema\/logo\/image\/","url":"https:\/\/minerail.fr\/wp-content\/uploads\/2020\/10\/cropped-Minerail_Logo-1.png","contentUrl":"https:\/\/minerail.fr\/wp-content\/uploads\/2020\/10\/cropped-Minerail_Logo-1.png","width":232,"height":100,"caption":"MINERAIL"},"image":{"@id":"https:\/\/minerail.fr\/#\/schema\/logo\/image\/"},"sameAs":["https:\/\/www.facebook.com\/minerail","https:\/\/www.instagram.com\/explore\/locations\/967279510046135\/minerail-musee-de-la-mine-de-messeix\/"]}]}},"_links":{"self":[{"href":"https:\/\/minerail.fr\/index.php\/wp-json\/wp\/v2\/pages\/1790","targetHints":{"allow":["GET"]}}],"collection":[{"href":"https:\/\/minerail.fr\/index.php\/wp-json\/wp\/v2\/pages"}],"about":[{"href":"https:\/\/minerail.fr\/index.php\/wp-json\/wp\/v2\/types\/page"}],"author":[{"embeddable":true,"href":"https:\/\/minerail.fr\/index.php\/wp-json\/wp\/v2\/users\/1"}],"replies":[{"embeddable":true,"href":"https:\/\/minerail.fr\/index.php\/wp-json\/wp\/v2\/comments?post=1790"}],"version-history":[{"count":1,"href":"https:\/\/minerail.fr\/index.php\/wp-json\/wp\/v2\/pages\/1790\/revisions"}],"predecessor-version":[{"id":1799,"href":"https:\/\/minerail.fr\/index.php\/wp-json\/wp\/v2\/pages\/1790\/revisions\/1799"}],"wp:attachment":[{"href":"https:\/\/minerail.fr\/index.php\/wp-json\/wp\/v2\/media?parent=1790"}],"curies":[{"name":"wp","href":"https:\/\/api.w.org\/{rel}","templated":true}]}}