{"id":197,"date":"2020-10-30T11:29:21","date_gmt":"2020-10-30T11:29:21","guid":{"rendered":"http:\/\/daniel.learnwordpress.fr\/?page_id=197"},"modified":"2026-04-01T10:57:13","modified_gmt":"2026-04-01T08:57:13","slug":"horaires-douverture-tarifs","status":"publish","type":"page","link":"https:\/\/minerail.fr\/index.php\/horaires-douverture-tarifs\/","title":{"rendered":"Horaires d&#039;ouverture &#8211; tarifs"},"content":{"rendered":"\n<h1 class=\"wp-block-heading o-typing-fast o-typing-delay-100ms\"><o-anim-typing>   <\/o-anim-typing><\/h1>\n\n\n\n<hr class=\"wp-block-separator has-css-opacity\"\/>\n\n\n\n<div class=\"wp-block-group\"><div class=\"wp-block-group__inner-container is-layout-flow wp-block-group-is-layout-flow\">\n<p class=\"has-normal-font-size\"><strong>Les guides du mus\u00e9e de la mine de Messeix  accueillent les visiteurs tous les jours l&#8217; apr\u00e8s-midi, du 1er avril au 30 septembre<\/strong> et sur la plage horaire  de <strong>14H00 \u00e0 18H00<\/strong>.<\/p>\n<\/div><\/div>\n\n\n\n<p>Dur\u00e9e des visites 1h30 environ   &#8211;  Les visites se d\u00e9roulent en continu quelle que soit l&#8217;heure d&#8217;arriv\u00e9e (au maximum 17h00)<\/p>\n\n\n\n<div class=\"wp-block-group\"><div class=\"wp-block-group__inner-container is-layout-flow wp-block-group-is-layout-flow\">\n<p class=\"has-accent-color has-text-color\"><\/p>\n\n\n\n<p class=\"has-text-color\" style=\"color:#af3c1d\">La fermeture hebdomadaire est le mardi.<\/p>\n\n\n\n<p>Les groupes peuvent r\u00e9server&nbsp;<strong>tous les jours<\/strong>, matin et apr\u00e8s-midi, pendant la p\u00e9riode d&#8217;ouverture, y compris le mardi sur r\u00e9servation<\/p>\n<\/div><\/div>\n\n\n\n<p><\/p>\n\n\n\n<div class=\"wp-block-themeisle-blocks-pricing\">\n<div id=\"wp-block-themeisle-blocks-button-group-19946b9d\" class=\"wp-block-themeisle-blocks-button-group wp-block-buttons align-center\">\n<div id=\"wp-block-themeisle-blocks-button-a865fd6e\" class=\"wp-block-themeisle-blocks-button wp-block-button\"><a target=\"_self\" rel=\"noopener noreferrer\" class=\"wp-block-button__link\"><span><\/span><\/a><\/div>\n<\/div>\n<\/div>\n\n\n\n<hr class=\"wp-block-separator has-css-opacity\"\/>\n\n\n\n<div class=\"wp-block-media-text alignwide is-stacked-on-mobile\"><figure class=\"wp-block-media-text__media\"><img loading=\"lazy\" decoding=\"async\" width=\"1024\" height=\"439\" src=\"http:\/\/daniel.learnwordpress.fr\/wp-content\/uploads\/2020\/11\/IMG_20150919_160917-1400x600-1-1024x439.jpg\" alt=\"Locomotive DECAUVILLE entrainant le train des mineurs-groupe adulte\" class=\"wp-image-308 size-full\" srcset=\"https:\/\/minerail.fr\/wp-content\/uploads\/2020\/11\/IMG_20150919_160917-1400x600-1-1024x439.jpg 1024w, https:\/\/minerail.fr\/wp-content\/uploads\/2020\/11\/IMG_20150919_160917-1400x600-1-300x129.jpg 300w, https:\/\/minerail.fr\/wp-content\/uploads\/2020\/11\/IMG_20150919_160917-1400x600-1-768x329.jpg 768w, https:\/\/minerail.fr\/wp-content\/uploads\/2020\/11\/IMG_20150919_160917-1400x600-1.jpg 1400w\" sizes=\"auto, (max-width: 1024px) 100vw, 1024px\" \/><\/figure><div class=\"wp-block-media-text__content\">\n<p class=\"has-large-font-size\">tarifs individuels<\/p>\n\n\n\n<p>adulte :  7,00 \u20ac<br>enfant : 4,00 \u20ac   &#8230;&#8230;&#8230;&#8230;.. tarif enfant de 3 ans \u00e0 12 ans<\/p>\n\n\n\n<p> visite en continu toute l&#8217;apr\u00e8s-midi sans r\u00e9servation<br>d\u00e9part derni\u00e8re visite 17H00<\/p>\n<\/div><\/div>\n\n\n\n<div class=\"wp-block-media-text alignwide is-stacked-on-mobile\"><figure class=\"wp-block-media-text__media\"><img loading=\"lazy\" decoding=\"async\" width=\"1024\" height=\"768\" src=\"http:\/\/daniel.learnwordpress.fr\/wp-content\/uploads\/2020\/11\/IMG_20171020_155331-1-1024x768.jpg\" alt=\"\" class=\"wp-image-303 size-full\" srcset=\"https:\/\/minerail.fr\/wp-content\/uploads\/2020\/11\/IMG_20171020_155331-1-1024x768.jpg 1024w, https:\/\/minerail.fr\/wp-content\/uploads\/2020\/11\/IMG_20171020_155331-1-300x225.jpg 300w, https:\/\/minerail.fr\/wp-content\/uploads\/2020\/11\/IMG_20171020_155331-1-768x576.jpg 768w, https:\/\/minerail.fr\/wp-content\/uploads\/2020\/11\/IMG_20171020_155331-1-1536x1152.jpg 1536w, https:\/\/minerail.fr\/wp-content\/uploads\/2020\/11\/IMG_20171020_155331-1.jpg 2048w\" sizes=\"auto, (max-width: 1024px) 100vw, 1024px\" \/><\/figure><div class=\"wp-block-media-text__content\">\n<p class=\"has-large-font-size\">tarifs Groupes &#8211; <\/p>\n\n\n\n<p><strong>adulte <\/strong>: 6,00 \u20ac \u00e0 partir de 10 personnes (<strong> <em>r\u00e9glement unique pour b\u00e9n\u00e9ficier du tarif groupe<\/em><\/strong> )<br> <strong>r\u00e9servation n\u00e9cessaire<\/strong>&#8211; visites tous les jours matin et apr\u00e8s-midi<br><br><strong>enfant <\/strong>: 4,00 \u20ac visites adapt\u00e9es pour les scolaires en<br> fonction de l&#8217;age <br><br>Chauffeur, accompagnateurs &#8211; en fonction du groupe la visite est offerte &#8211; nous contacter au pr\u00e9alable .<\/p>\n\n\n\n<p> Possibilit\u00e9 de visiter  les 2 mus\u00e9es la m\u00eame journ\u00e9e en alternant les groupes la matin et l&#8217;Apr\u00e8s-midi , r\u00e9servation obligatoire. Concerne tous les groupes importants: g\u00e9n\u00e9ralement scolaires et comit\u00e9 d&#8217;entreprise <\/p>\n<\/div><\/div>\n\n\n\n<hr class=\"wp-block-separator has-css-opacity\"\/>\n\n\n\n<h2 class=\"wp-block-heading\">2 mus\u00e9es authentiques \u00e0 d\u00e9couvrir \u00e0 Messeix :<\/h2>\n\n\n\n<p>Le <a rel=\"noreferrer noopener\" href=\"https:\/\/www.musecole1930messeix.fr\/nos-tarifs-et-horaires-d-ouverture\/\" target=\"_blank\">mus\u00e9e de l&#8217;\u00e9cole rurale<\/a> et le&nbsp;mus\u00e9e de la mine _ offre pour les particuliers !<\/p>\n\n\n\n<p>Sur pr\u00e9sentation du ticket individuel d&#8217;entr\u00e9e de l&#8217;un des deux mus\u00e9es, une r\u00e9duction tarifaire sera automatiquement appliqu\u00e9e lors de la visite du 2\u00e8me mus\u00e9e.<\/p>\n\n\n\n<p><em><strong>Cette offre est valable du 1er avril au 30 septembre.<\/strong><\/em><\/p>\n","protected":false},"excerpt":{"rendered":"<p>Les guides du mus\u00e9e de la mine de Messeix accueillent les visiteurs tous les jours l&#8217; apr\u00e8s-midi, du 1er avril au 30 septembre et sur la plage horaire de 14H00 \u00e0 18H00. Dur\u00e9e des visites 1h30 environ &#8211; Les visites se d\u00e9roulent en continu quelle que soit l&#8217;heure d&#8217;arriv\u00e9e (au [&hellip;]<\/p>\n","protected":false},"author":2,"featured_media":0,"parent":0,"menu_order":0,"comment_status":"closed","ping_status":"closed","template":"","meta":{"_themeisle_gutenberg_block_has_review":false,"footnotes":""},"class_list":["post-197","page","type-page","status-publish","hentry"],"yoast_head":"<!-- This site is optimized with the Yoast SEO plugin v26.9 - https:\/\/yoast.com\/product\/yoast-seo-wordpress\/ -->\n<title>MINERAIL Horaires d&#039;ouverture - tarifs MINERAIL -<\/title>\n<meta name=\"description\" content=\"Le mus\u00e9e de la mine de Messeix vous accueille tous les apr\u00e8s-midi, de 14H00 \u00e0 18HOO - sauf le mardi. P\u00e9riode 1 avril au 30 septembre -\" \/>\n<meta name=\"robots\" content=\"index, follow, max-snippet:-1, max-image-preview:large, max-video-preview:-1\" \/>\n<link rel=\"canonical\" href=\"https:\/\/minerail.fr\/index.php\/horaires-douverture-tarifs\/\" \/>\n<meta property=\"og:locale\" content=\"fr_FR\" \/>\n<meta property=\"og:type\" content=\"article\" \/>\n<meta property=\"og:title\" content=\"MINERAIL Horaires d&#039;ouverture - tarifs MINERAIL -\" \/>\n<meta property=\"og:description\" content=\"Le mus\u00e9e de la mine de Messeix vous accueille tous les apr\u00e8s-midi, de 14H00 \u00e0 18HOO - sauf le mardi. P\u00e9riode 1 avril au 30 septembre -\" \/>\n<meta property=\"og:url\" content=\"https:\/\/minerail.fr\/index.php\/horaires-douverture-tarifs\/\" \/>\n<meta property=\"og:site_name\" content=\"MINERAIL\" \/>\n<meta property=\"article:publisher\" content=\"https:\/\/www.facebook.com\/minerail\" \/>\n<meta property=\"article:modified_time\" content=\"2026-04-01T08:57:13+00:00\" \/>\n<meta property=\"og:image\" content=\"https:\/\/minerail.fr\/wp-content\/uploads\/2020\/11\/IMG_20150919_160917-1400x600-1.jpg\" \/>\n\t<meta property=\"og:image:width\" content=\"1400\" \/>\n\t<meta property=\"og:image:height\" content=\"600\" \/>\n\t<meta property=\"og:image:type\" content=\"image\/jpeg\" \/>\n<meta name=\"twitter:card\" content=\"summary_large_image\" \/>\n<meta name=\"twitter:label1\" content=\"Dur\u00e9e de lecture estim\u00e9e\" \/>\n\t<meta name=\"twitter:data1\" content=\"2 minutes\" \/>\n<script type=\"application\/ld+json\" class=\"yoast-schema-graph\">{\"@context\":\"https:\/\/schema.org\",\"@graph\":[{\"@type\":\"WebPage\",\"@id\":\"https:\/\/minerail.fr\/index.php\/horaires-douverture-tarifs\/\",\"url\":\"https:\/\/minerail.fr\/index.php\/horaires-douverture-tarifs\/\",\"name\":\"MINERAIL Horaires d&#039;ouverture - tarifs MINERAIL -\",\"isPartOf\":{\"@id\":\"https:\/\/minerail.fr\/#website\"},\"primaryImageOfPage\":{\"@id\":\"https:\/\/minerail.fr\/index.php\/horaires-douverture-tarifs\/#primaryimage\"},\"image\":{\"@id\":\"https:\/\/minerail.fr\/index.php\/horaires-douverture-tarifs\/#primaryimage\"},\"thumbnailUrl\":\"http:\/\/daniel.learnwordpress.fr\/wp-content\/uploads\/2020\/11\/IMG_20150919_160917-1400x600-1-1024x439.jpg\",\"datePublished\":\"2020-10-30T11:29:21+00:00\",\"dateModified\":\"2026-04-01T08:57:13+00:00\",\"description\":\"Le mus\u00e9e de la mine de Messeix vous accueille tous les apr\u00e8s-midi, de 14H00 \u00e0 18HOO - sauf le mardi. P\u00e9riode 1 avril au 30 septembre -\",\"breadcrumb\":{\"@id\":\"https:\/\/minerail.fr\/index.php\/horaires-douverture-tarifs\/#breadcrumb\"},\"inLanguage\":\"fr-FR\",\"potentialAction\":[{\"@type\":\"ReadAction\",\"target\":[\"https:\/\/minerail.fr\/index.php\/horaires-douverture-tarifs\/\"]}]},{\"@type\":\"ImageObject\",\"inLanguage\":\"fr-FR\",\"@id\":\"https:\/\/minerail.fr\/index.php\/horaires-douverture-tarifs\/#primaryimage\",\"url\":\"http:\/\/daniel.learnwordpress.fr\/wp-content\/uploads\/2020\/11\/IMG_20150919_160917-1400x600-1-1024x439.jpg\",\"contentUrl\":\"http:\/\/daniel.learnwordpress.fr\/wp-content\/uploads\/2020\/11\/IMG_20150919_160917-1400x600-1-1024x439.jpg\"},{\"@type\":\"BreadcrumbList\",\"@id\":\"https:\/\/minerail.fr\/index.php\/horaires-douverture-tarifs\/#breadcrumb\",\"itemListElement\":[{\"@type\":\"ListItem\",\"position\":1,\"name\":\"Accueil\",\"item\":\"https:\/\/minerail.fr\/\"},{\"@type\":\"ListItem\",\"position\":2,\"name\":\"Horaires d&#039;ouverture &#8211; tarifs\"}]},{\"@type\":\"WebSite\",\"@id\":\"https:\/\/minerail.fr\/#website\",\"url\":\"https:\/\/minerail.fr\/\",\"name\":\"MINERAIL\",\"description\":\"150 ans d&#039;exploitation mini\u00e8re \u00e0 Messeix\",\"publisher\":{\"@id\":\"https:\/\/minerail.fr\/#organization\"},\"potentialAction\":[{\"@type\":\"SearchAction\",\"target\":{\"@type\":\"EntryPoint\",\"urlTemplate\":\"https:\/\/minerail.fr\/?s={search_term_string}\"},\"query-input\":{\"@type\":\"PropertyValueSpecification\",\"valueRequired\":true,\"valueName\":\"search_term_string\"}}],\"inLanguage\":\"fr-FR\"},{\"@type\":\"Organization\",\"@id\":\"https:\/\/minerail.fr\/#organization\",\"name\":\"MINERAIL\",\"url\":\"https:\/\/minerail.fr\/\",\"logo\":{\"@type\":\"ImageObject\",\"inLanguage\":\"fr-FR\",\"@id\":\"https:\/\/minerail.fr\/#\/schema\/logo\/image\/\",\"url\":\"https:\/\/minerail.fr\/wp-content\/uploads\/2020\/10\/cropped-Minerail_Logo-1.png\",\"contentUrl\":\"https:\/\/minerail.fr\/wp-content\/uploads\/2020\/10\/cropped-Minerail_Logo-1.png\",\"width\":232,\"height\":100,\"caption\":\"MINERAIL\"},\"image\":{\"@id\":\"https:\/\/minerail.fr\/#\/schema\/logo\/image\/\"},\"sameAs\":[\"https:\/\/www.facebook.com\/minerail\",\"https:\/\/www.instagram.com\/explore\/locations\/967279510046135\/minerail-musee-de-la-mine-de-messeix\/\"]}]}<\/script>\n<!-- \/ Yoast SEO plugin. -->","yoast_head_json":{"title":"MINERAIL Horaires d&#039;ouverture - tarifs MINERAIL -","description":"Le mus\u00e9e de la mine de Messeix vous accueille tous les apr\u00e8s-midi, de 14H00 \u00e0 18HOO - sauf le mardi. P\u00e9riode 1 avril au 30 septembre -","robots":{"index":"index","follow":"follow","max-snippet":"max-snippet:-1","max-image-preview":"max-image-preview:large","max-video-preview":"max-video-preview:-1"},"canonical":"https:\/\/minerail.fr\/index.php\/horaires-douverture-tarifs\/","og_locale":"fr_FR","og_type":"article","og_title":"MINERAIL Horaires d&#039;ouverture - tarifs MINERAIL -","og_description":"Le mus\u00e9e de la mine de Messeix vous accueille tous les apr\u00e8s-midi, de 14H00 \u00e0 18HOO - sauf le mardi. P\u00e9riode 1 avril au 30 septembre -","og_url":"https:\/\/minerail.fr\/index.php\/horaires-douverture-tarifs\/","og_site_name":"MINERAIL","article_publisher":"https:\/\/www.facebook.com\/minerail","article_modified_time":"2026-04-01T08:57:13+00:00","og_image":[{"width":1400,"height":600,"url":"https:\/\/minerail.fr\/wp-content\/uploads\/2020\/11\/IMG_20150919_160917-1400x600-1.jpg","type":"image\/jpeg"}],"twitter_card":"summary_large_image","twitter_misc":{"Dur\u00e9e de lecture estim\u00e9e":"2 minutes"},"schema":{"@context":"https:\/\/schema.org","@graph":[{"@type":"WebPage","@id":"https:\/\/minerail.fr\/index.php\/horaires-douverture-tarifs\/","url":"https:\/\/minerail.fr\/index.php\/horaires-douverture-tarifs\/","name":"MINERAIL Horaires d&#039;ouverture - tarifs MINERAIL -","isPartOf":{"@id":"https:\/\/minerail.fr\/#website"},"primaryImageOfPage":{"@id":"https:\/\/minerail.fr\/index.php\/horaires-douverture-tarifs\/#primaryimage"},"image":{"@id":"https:\/\/minerail.fr\/index.php\/horaires-douverture-tarifs\/#primaryimage"},"thumbnailUrl":"http:\/\/daniel.learnwordpress.fr\/wp-content\/uploads\/2020\/11\/IMG_20150919_160917-1400x600-1-1024x439.jpg","datePublished":"2020-10-30T11:29:21+00:00","dateModified":"2026-04-01T08:57:13+00:00","description":"Le mus\u00e9e de la mine de Messeix vous accueille tous les apr\u00e8s-midi, de 14H00 \u00e0 18HOO - sauf le mardi. P\u00e9riode 1 avril au 30 septembre -","breadcrumb":{"@id":"https:\/\/minerail.fr\/index.php\/horaires-douverture-tarifs\/#breadcrumb"},"inLanguage":"fr-FR","potentialAction":[{"@type":"ReadAction","target":["https:\/\/minerail.fr\/index.php\/horaires-douverture-tarifs\/"]}]},{"@type":"ImageObject","inLanguage":"fr-FR","@id":"https:\/\/minerail.fr\/index.php\/horaires-douverture-tarifs\/#primaryimage","url":"http:\/\/daniel.learnwordpress.fr\/wp-content\/uploads\/2020\/11\/IMG_20150919_160917-1400x600-1-1024x439.jpg","contentUrl":"http:\/\/daniel.learnwordpress.fr\/wp-content\/uploads\/2020\/11\/IMG_20150919_160917-1400x600-1-1024x439.jpg"},{"@type":"BreadcrumbList","@id":"https:\/\/minerail.fr\/index.php\/horaires-douverture-tarifs\/#breadcrumb","itemListElement":[{"@type":"ListItem","position":1,"name":"Accueil","item":"https:\/\/minerail.fr\/"},{"@type":"ListItem","position":2,"name":"Horaires d&#039;ouverture &#8211; tarifs"}]},{"@type":"WebSite","@id":"https:\/\/minerail.fr\/#website","url":"https:\/\/minerail.fr\/","name":"MINERAIL","description":"150 ans d&#039;exploitation mini\u00e8re \u00e0 Messeix","publisher":{"@id":"https:\/\/minerail.fr\/#organization"},"potentialAction":[{"@type":"SearchAction","target":{"@type":"EntryPoint","urlTemplate":"https:\/\/minerail.fr\/?s={search_term_string}"},"query-input":{"@type":"PropertyValueSpecification","valueRequired":true,"valueName":"search_term_string"}}],"inLanguage":"fr-FR"},{"@type":"Organization","@id":"https:\/\/minerail.fr\/#organization","name":"MINERAIL","url":"https:\/\/minerail.fr\/","logo":{"@type":"ImageObject","inLanguage":"fr-FR","@id":"https:\/\/minerail.fr\/#\/schema\/logo\/image\/","url":"https:\/\/minerail.fr\/wp-content\/uploads\/2020\/10\/cropped-Minerail_Logo-1.png","contentUrl":"https:\/\/minerail.fr\/wp-content\/uploads\/2020\/10\/cropped-Minerail_Logo-1.png","width":232,"height":100,"caption":"MINERAIL"},"image":{"@id":"https:\/\/minerail.fr\/#\/schema\/logo\/image\/"},"sameAs":["https:\/\/www.facebook.com\/minerail","https:\/\/www.instagram.com\/explore\/locations\/967279510046135\/minerail-musee-de-la-mine-de-messeix\/"]}]}},"_links":{"self":[{"href":"https:\/\/minerail.fr\/index.php\/wp-json\/wp\/v2\/pages\/197","targetHints":{"allow":["GET"]}}],"collection":[{"href":"https:\/\/minerail.fr\/index.php\/wp-json\/wp\/v2\/pages"}],"about":[{"href":"https:\/\/minerail.fr\/index.php\/wp-json\/wp\/v2\/types\/page"}],"author":[{"embeddable":true,"href":"https:\/\/minerail.fr\/index.php\/wp-json\/wp\/v2\/users\/2"}],"replies":[{"embeddable":true,"href":"https:\/\/minerail.fr\/index.php\/wp-json\/wp\/v2\/comments?post=197"}],"version-history":[{"count":28,"href":"https:\/\/minerail.fr\/index.php\/wp-json\/wp\/v2\/pages\/197\/revisions"}],"predecessor-version":[{"id":1962,"href":"https:\/\/minerail.fr\/index.php\/wp-json\/wp\/v2\/pages\/197\/revisions\/1962"}],"wp:attachment":[{"href":"https:\/\/minerail.fr\/index.php\/wp-json\/wp\/v2\/media?parent=197"}],"curies":[{"name":"wp","href":"https:\/\/api.w.org\/{rel}","templated":true}]}}